{"id":10536,"date":"2023-11-22T15:23:36","date_gmt":"2023-11-22T14:23:36","guid":{"rendered":"http:\/\/lelalano.fr\/?page_id=10536"},"modified":"2023-11-22T15:37:48","modified_gmt":"2023-11-22T14:37:48","slug":"semaine-du-mer-29-novembre-au-mar-05-decembre-2023","status":"publish","type":"page","link":"https:\/\/lelalano.fr\/index.php\/semaine-du-mer-29-novembre-au-mar-05-decembre-2023\/","title":{"rendered":"Semaine du Mer. 29 novembre au Mar. 05 decembre 2023"},"content":{"rendered":"<h4>Petit R\u00e9cap&#8217; de la semaine<\/h4>\n<p>\t\t\t\t\t\t\t\t\t\t\t\tmercredi 29 novembre\t\t\t\t\t<\/p>\n<ul>\n<li><a href=\"#leg\">Le Gar\u00e7on et le H\u00e9ron<\/a> \u00e0 16h<\/li>\n<li><a href=\"#flo\">Flo<\/a> \u00e0 20h45<\/li>\n<\/ul>\n<p>\t\t\t\t\t\t\t\t\t\t\t\tsamedi 02 d\u00e9cembre\t\t\t\t\t<\/p>\n<ul>\n<li><a href=\"#lab\">L&#8217;Abb\u00e9 Pierre &#8211; Une vie de combats<\/a> \u00e0 20h45<\/li>\n<\/ul>\n<p>\t\t\t\t\t\t\t\t\t\t\t\tdimanche 03 d\u00e9cembre\t\t\t\t\t<\/p>\n<ul>\n<li><a href=\"#sec\">Second Tour<\/a> \u00e0 20h45<\/li>\n<\/ul>\n<p>\t\t\t\t\t\t\t\t\t\t\t\tmardi 05 d\u00e9cembre\t\t\t\t\t<\/p>\n<ul>\n<li><a href=\"#lab\">L&#8217;Abb\u00e9 Pierre &#8211; Une vie de combats<\/a> \u00e0 20h45<\/li>\n<\/ul>\n<h4>Le Gar\u00e7on et le H\u00e9ron<br \/>\n<\/h4>\n<p>\t\t\t\t\t\t\t\t\t\t<img loading=\"lazy\" decoding=\"async\" width=\"730\" height=\"973\" src=\"http:\/\/lelalano.fr\/wp-content\/uploads\/2023\/11\/le-garcon-et-le-heron-768x1024.jpg\" alt=\"\" srcset=\"http:\/\/lelalano.fr\/wp-content\/uploads\/2023\/11\/le-garcon-et-le-heron-768x1024.jpg 768w, http:\/\/lelalano.fr\/wp-content\/uploads\/2023\/11\/le-garcon-et-le-heron-225x300.jpg 225w, http:\/\/lelalano.fr\/wp-content\/uploads\/2023\/11\/le-garcon-et-le-heron.jpg 810w\" sizes=\"(max-width: 730px) 100vw, 730px\" \/>\t\t\t\t\t\t\t\t\t\t\t<\/p>\n<h2>Synopsis<\/h2>\n<p>Apr\u00e8s la disparition de sa m\u00e8re dans un incendie, Mahito, un jeune gar\u00e7on de 11 ans, doit quitter Tokyo pour partir vivre \u00e0 la campagne dans le village o\u00f9 elle a grandi. Il s\u2019installe avec son p\u00e8re dans un vieux manoir situ\u00e9 sur un immense domaine o\u00f9 il rencontre un h\u00e9ron cendr\u00e9 qui devient petit \u00e0 petit son guide et l\u2019aide au fil de ses d\u00e9couvertes et questionnements \u00e0 comprendre le monde qui l&#8217;entoure et percer les myst\u00e8res de la vie.\t\t<\/p>\n<h4>S\u00c9ANCES<\/h4>\n<ul>\n<li >\n\t\t\t\t\t\t\t\t\t\tmercredi 29 novembre 16h\n\t\t\t\t\t\t\t\t\t<\/li>\n<\/ul>\n<h4>INFOS SUR LE FILM<\/h4>\n<p>\t\t<a href=\"https:\/\/www.allocine.fr\/film\/agenda\/sem-2023-11-01\/\"> 1 novembre 2023 <\/a> <strong> en salle <\/strong> \/ 2h 03min \/ <a href=\"https:\/\/www.allocine.fr\/films\/genre-13026\/\">Animation<\/a>, <a href=\"https:\/\/www.allocine.fr\/films\/genre-13008\/\">Drame<\/a>, <a href=\"https:\/\/www.allocine.fr\/films\/genre-13001\/\">Aventure<\/a>De <a href=\"https:\/\/www.allocine.fr\/personne\/fichepersonne_gen_cpersonne=18793.html\">Hayao Miyazaki<\/a>Par <a href=\"https:\/\/www.allocine.fr\/personne\/fichepersonne_gen_cpersonne=18793.html\">Hayao Miyazaki<\/a>Avec <a href=\"https:\/\/www.allocine.fr\/personne\/fichepersonne_gen_cpersonne=802698.html\">Gavril Dartevelle<\/a>, <a href=\"https:\/\/www.allocine.fr\/personne\/fichepersonne_gen_cpersonne=1004557.html\">Soma Santoki<\/a>, <a href=\"https:\/\/www.allocine.fr\/personne\/fichepersonne_gen_cpersonne=531497.html\">Padrig Vion<\/a>Titre original  Kimi-tachi wa D\u014d Ikiru ka\u00e0 partir de 10 ans<br \/>\n\t\t\t<a href=\"https:\/\/www.youtube.com\/watch?v=aO6Dn81Tn5A\" target=\"_blank\" role=\"button\"><br \/>\n\t\t\t\t\t\tbande annonce<br \/>\n\t\t\t\t\t<\/a><br \/>\n\t\t\t<a href=\"#top\" role=\"button\"><br \/>\n\t\t\t\t\t\thaut de la page<br \/>\n\t\t\t\t\t<\/a><\/p>\n<h4>Flo<\/h4>\n<p>\t\t\t\t\t\t\t\t\t\t<img loading=\"lazy\" decoding=\"async\" width=\"730\" height=\"973\" src=\"http:\/\/lelalano.fr\/wp-content\/uploads\/2023\/10\/Flo-768x1024.jpg\" alt=\"\" srcset=\"http:\/\/lelalano.fr\/wp-content\/uploads\/2023\/10\/Flo-768x1024.jpg 768w, http:\/\/lelalano.fr\/wp-content\/uploads\/2023\/10\/Flo-225x300.jpg 225w, http:\/\/lelalano.fr\/wp-content\/uploads\/2023\/10\/Flo.jpg 810w\" sizes=\"(max-width: 730px) 100vw, 730px\" \/>\t\t\t\t\t\t\t\t\t\t\t<\/p>\n<h2>Synopsis<\/h2>\n<p>Connue comme &#8220;la petite fianc\u00e9e de l\u2019Atlantique&#8221;, Florence Arthaud fut surtout une grande navigatrice. Son palmar\u00e8s exceptionnel, et unique dans cet univers masculin, connut son apog\u00e9e avec sa victoire de la Route du Rhum en 1990.<\/p>\n<p>Au-del\u00e0 de ces exploits, FLO raconte l\u2019incroyable destin d\u2019une femme farouchement libre qui &#8211; apr\u00e8s un accident de la route ayant failli lui co\u00fbter la vie &#8211; d\u00e9cide de rejeter son milieu bourgeois et la vie qui lui avait \u00e9t\u00e9 trac\u00e9e, pour vivre pleinement ses r\u00eaves.<\/p>\n<h4>S\u00c9ANCES<\/h4>\n<ul>\n<li >\n\t\t\t\t\t\t\t\t\t\tmercredi 29 novembre 20h45\n\t\t\t\t\t\t\t\t\t<\/li>\n<\/ul>\n<h4>INFOS SUR LE FILM<\/h4>\n<p>\t\t<a href=\"https:\/\/www.allocine.fr\/film\/agenda\/sem-2023-11-01\/\"> 1 novembre 2023 <\/a> <strong> en salle <\/strong> \/ 2h 05min \/ <a href=\"https:\/\/www.allocine.fr\/films\/genre-13027\/\">Biopic<\/a>, <a href=\"https:\/\/www.allocine.fr\/films\/genre-13008\/\">Drame<\/a>De <a href=\"https:\/\/www.allocine.fr\/personne\/fichepersonne_gen_cpersonne=35937.html\">G\u00e9raldine Danon<\/a>Par <a href=\"https:\/\/www.allocine.fr\/personne\/fichepersonne_gen_cpersonne=35937.html\">G\u00e9raldine Danon<\/a>, <a href=\"https:\/\/www.allocine.fr\/personne\/fichepersonne_gen_cpersonne=35711.html\">Yann Queff\u00e9lec<\/a>Avec <a href=\"https:\/\/www.allocine.fr\/personne\/fichepersonne_gen_cpersonne=161108.html\">St\u00e9phane Caillard<\/a>, <a href=\"https:\/\/www.allocine.fr\/personne\/fichepersonne_gen_cpersonne=467381.html\">Alison Wheeler<\/a>, <a href=\"https:\/\/www.allocine.fr\/personne\/fichepersonne_gen_cpersonne=142809.html\">Alexis Michalik<\/a><br \/>\n\t\t\t<a href=\"https:\/\/www.youtube.com\/watch?v=eWlH33wwY4c\" target=\"_blank\" role=\"button\"><br \/>\n\t\t\t\t\t\tVOIR LA BANDE ANNONCE<br \/>\n\t\t\t\t\t<\/a><br \/>\n\t\t\t<a href=\"#top\" role=\"button\"><br \/>\n\t\t\t\t\t\thaut de la page<br \/>\n\t\t\t\t\t<\/a><\/p>\n<h4>L&#8217;Abb\u00e9 Pierre &#8211; Une vie de combats<\/h4>\n<p>\t\t\t\t\t\t\t\t\t\t<img loading=\"lazy\" decoding=\"async\" width=\"730\" height=\"973\" src=\"http:\/\/lelalano.fr\/wp-content\/uploads\/2023\/11\/abb\u00e9-pierre-768x1024.jpg\" alt=\"\" srcset=\"http:\/\/lelalano.fr\/wp-content\/uploads\/2023\/11\/abb\u00e9-pierre-768x1024.jpg 768w, http:\/\/lelalano.fr\/wp-content\/uploads\/2023\/11\/abb\u00e9-pierre-225x300.jpg 225w, http:\/\/lelalano.fr\/wp-content\/uploads\/2023\/11\/abb\u00e9-pierre.jpg 810w\" sizes=\"(max-width: 730px) 100vw, 730px\" \/>\t\t\t\t\t\t\t\t\t\t\t<\/p>\n<h2>Synopsis<\/h2>\n<p>N\u00e9 dans une famille ais\u00e9e, Henri Grou\u00e8s a \u00e9t\u00e9 \u00e0 la fois r\u00e9sistant, d\u00e9put\u00e9, d\u00e9fenseur des sans-abris, r\u00e9volutionnaire et iconoclaste. Des bancs de l\u2019Assembl\u00e9e Nationale aux bidonvilles de la banlieue parisienne, son engagement aupr\u00e8s des plus faibles lui a valu une renomm\u00e9e internationale. La cr\u00e9ation d\u2019Emma\u00fcs et le raz de mar\u00e9e de son inoubliable appel de l\u2019hiver 54 ont fait de lui une ic\u00f4ne. Pourtant, chaque jour, il a dout\u00e9 de son action. Ses fragilit\u00e9s, ses souffrances, sa vie intime \u00e0 peine cr\u00e9dibles sont rest\u00e9es inconnues du grand public. R\u00e9volt\u00e9 par la mis\u00e8re et les injustices, souvent critiqu\u00e9, parfois trahi, Henri Grou\u00e8s a eu mille vies et a men\u00e9 mille combats. Il a marqu\u00e9 l\u2019Histoire sous le nom qu\u2019il s\u2019\u00e9tait choisi : l\u2019Abb\u00e9 Pierre.\t\t<\/p>\n<h4>S\u00c9ANCES<\/h4>\n<ul>\n<li >\n\t\t\t\t\t\t\t\t\t\tsamedi 02 d\u00e9cembre 20h45\n\t\t\t\t\t\t\t\t\t<\/li>\n<li >\n\t\t\t\t\t\t\t\t\t\tmardi 05 d\u00e9cembre 20h45\n\t\t\t\t\t\t\t\t\t<\/li>\n<\/ul>\n<h4>INFOS SUR LE FILM<\/h4>\n<p>\t\t<a href=\"https:\/\/www.allocine.fr\/film\/agenda\/sem-2023-11-08\/\"> 8 novembre 2023 <\/a> <strong> en salle <\/strong> \/ 2h 18min \/ <a href=\"https:\/\/www.allocine.fr\/films\/genre-13027\/\">Biopic<\/a>, <a href=\"https:\/\/www.allocine.fr\/films\/genre-13008\/\">Drame<\/a>De <a href=\"https:\/\/www.allocine.fr\/personne\/fichepersonne_gen_cpersonne=168822.html\">Fr\u00e9d\u00e9ric Tellier<\/a>Par <a href=\"https:\/\/www.allocine.fr\/personne\/fichepersonne_gen_cpersonne=168822.html\">Fr\u00e9d\u00e9ric Tellier<\/a>, <a href=\"https:\/\/www.allocine.fr\/personne\/fichepersonne_gen_cpersonne=94906.html\">Olivier Gorce<\/a>Avec <a href=\"https:\/\/www.allocine.fr\/personne\/fichepersonne_gen_cpersonne=253064.html\">Benjamin Lavernhe<\/a>, <a href=\"https:\/\/www.allocine.fr\/personne\/fichepersonne_gen_cpersonne=20277.html\">Emmanuelle Bercot<\/a>, <a href=\"https:\/\/www.allocine.fr\/personne\/fichepersonne_gen_cpersonne=2080.html\">Michel Vuillermoz<\/a><br \/>\n\t\t\t<a href=\"https:\/\/www.youtube.com\/watch?v=BzSEzNr8Chs\" target=\"_blank\" role=\"button\"><br \/>\n\t\t\t\t\t\tVoir la bande annonce<br \/>\n\t\t\t\t\t<\/a><br \/>\n\t\t\t<a href=\"#top\" role=\"button\"><br \/>\n\t\t\t\t\t\thaut de la page<br \/>\n\t\t\t\t\t<\/a><\/p>\n<h4>Second tour<\/h4>\n<p>\t\t\t\t\t\t\t\t\t\t<img loading=\"lazy\" decoding=\"async\" width=\"730\" height=\"994\" src=\"http:\/\/lelalano.fr\/wp-content\/uploads\/2023\/10\/Second-tour-752x1024.jpg\" alt=\"\" srcset=\"http:\/\/lelalano.fr\/wp-content\/uploads\/2023\/10\/Second-tour-752x1024.jpg 752w, http:\/\/lelalano.fr\/wp-content\/uploads\/2023\/10\/Second-tour-220x300.jpg 220w, http:\/\/lelalano.fr\/wp-content\/uploads\/2023\/10\/Second-tour-768x1046.jpg 768w, http:\/\/lelalano.fr\/wp-content\/uploads\/2023\/10\/Second-tour.jpg 793w\" sizes=\"(max-width: 730px) 100vw, 730px\" \/>\t\t\t\t\t\t\t\t\t\t\t<\/p>\n<h2>Synopsis<\/h2>\n<p>Journaliste politique en disgr\u00e2ce plac\u00e9e \u00e0 la rubrique football, Mlle Pove est sollicit\u00e9e pour suivre l\u2019entre-deux tours de la campagne pr\u00e9sidentielle. Le favori est Pierre-Henry Mercier, h\u00e9ritier d&#8217;une puissante famille fran\u00e7aise et novice en politique. Troubl\u00e9e par ce candidat qu&#8217;elle a connu moins lisse, Mlle Pove se lance dans une enqu\u00eate aussi \u00e9tonnante que jubilatoire.\t\t<\/p>\n<h4>S\u00c9ANCES<\/h4>\n<ul>\n<li >\n\t\t\t\t\t\t\t\t\t\tdimanche 03 d\u00e9cembre 20h45\n\t\t\t\t\t\t\t\t\t<\/li>\n<\/ul>\n<h4>INFOS SUR LE FILM<\/h4>\n<p>\t\t<a href=\"https:\/\/www.allocine.fr\/film\/agenda\/sem-2023-10-25\/\"> 25 octobre 2023 <\/a> <strong> en salle <\/strong> \/ 1h 37min \/ <a href=\"https:\/\/www.allocine.fr\/films\/genre-13002\/\">Com\u00e9die dramatique<\/a>, <a href=\"https:\/\/www.allocine.fr\/films\/genre-13008\/\">Drame<\/a>, <a href=\"https:\/\/www.allocine.fr\/films\/genre-13005\/\">Com\u00e9die<\/a>De <a href=\"https:\/\/www.allocine.fr\/personne\/fichepersonne_gen_cpersonne=12194.html\">Albert Dupontel<\/a>Par <a href=\"https:\/\/www.allocine.fr\/personne\/fichepersonne_gen_cpersonne=12194.html\">Albert Dupontel<\/a>Avec <a href=\"https:\/\/www.allocine.fr\/personne\/fichepersonne_gen_cpersonne=40179.html\">C\u00e9cile de France<\/a>, <a href=\"https:\/\/www.allocine.fr\/personne\/fichepersonne_gen_cpersonne=12194.html\">Albert Dupontel<\/a>, <a href=\"https:\/\/www.allocine.fr\/personne\/fichepersonne_gen_cpersonne=28708.html\">Nicolas Mari\u00e9<\/a><br \/>\n\t\t\t<a href=\"https:\/\/www.youtube.com\/watch?v=78IsqTUJRiM&amp;t=2s\" target=\"_blank\" role=\"button\"><br \/>\n\t\t\t\t\t\tVOIR LA BANDE ANNONCE<br \/>\n\t\t\t\t\t<\/a><br \/>\n\t\t\t<a href=\"#top\" role=\"button\"><br \/>\n\t\t\t\t\t\thaut de la page<br \/>\n\t\t\t\t\t<\/a><\/p>\n","protected":false},"excerpt":{"rendered":"<p>Petit R\u00e9cap&#8217; de la semaine mercredi 29 novembre Le Gar\u00e7on et le H\u00e9ron \u00e0 16h Flo \u00e0 20h45 samedi 02 d\u00e9cembre L&#8217;Abb\u00e9 Pierre &#8211; Une vie de combats \u00e0 20h45 dimanche 03 d\u00e9cembre Second Tour \u00e0 20h45 mardi 05 d\u00e9cembre L&#8217;Abb\u00e9 Pierre &#8211; Une vie de combats \u00e0 20h45 Le Gar\u00e7on et le H\u00e9ron Synopsis<span class=\"read-more-wrap\"><a class=\"moretag\" href=\"https:\/\/lelalano.fr\/index.php\/semaine-du-mer-29-novembre-au-mar-05-decembre-2023\/\">Lire la suite<span class=\"screen-reader-text\">Semaine du Mer. 29 novembre au Mar. 05 decembre 2023<\/span><\/a><\/span><\/p>\n","protected":false},"author":1,"featured_media":0,"parent":0,"menu_order":0,"comment_status":"closed","ping_status":"closed","template":"","meta":{"footnotes":""},"_links":{"self":[{"href":"https:\/\/lelalano.fr\/index.php\/wp-json\/wp\/v2\/pages\/10536"}],"collection":[{"href":"https:\/\/lelalano.fr\/index.php\/wp-json\/wp\/v2\/pages"}],"about":[{"href":"https:\/\/lelalano.fr\/index.php\/wp-json\/wp\/v2\/types\/page"}],"author":[{"embeddable":true,"href":"https:\/\/lelalano.fr\/index.php\/wp-json\/wp\/v2\/users\/1"}],"replies":[{"embeddable":true,"href":"https:\/\/lelalano.fr\/index.php\/wp-json\/wp\/v2\/comments?post=10536"}],"version-history":[{"count":18,"href":"https:\/\/lelalano.fr\/index.php\/wp-json\/wp\/v2\/pages\/10536\/revisions"}],"predecessor-version":[{"id":10559,"href":"https:\/\/lelalano.fr\/index.php\/wp-json\/wp\/v2\/pages\/10536\/revisions\/10559"}],"wp:attachment":[{"href":"https:\/\/lelalano.fr\/index.php\/wp-json\/wp\/v2\/media?parent=10536"}],"curies":[{"name":"wp","href":"https:\/\/api.w.org\/{rel}","templated":true}]}}