{"id":11518,"date":"2024-07-02T10:08:38","date_gmt":"2024-07-02T08:08:38","guid":{"rendered":"http:\/\/lelalano.fr\/?page_id=11518"},"modified":"2025-12-16T09:42:14","modified_gmt":"2025-12-16T08:42:14","slug":"spectacles-scolaire-jmf-2025-2026","status":"publish","type":"page","link":"https:\/\/lelalano.fr\/index.php\/spectacles-scolaire-jmf-2025-2026\/","title":{"rendered":"Spectacles scolaires : JMF (Jeunesse Musicale de France) 2025-2026"},"content":{"rendered":"<h2>Spectacles propos\u00e9s par les Jeunesses Musicales de France D\u00e9l\u00e9gation des Hautes-Pyr\u00e9n\u00e9es.<\/h2>\n<p>\t\t\t\t\t\t\t\t\t\t\t\tJeudi 22 janvier \t\t\t\t\t<\/p>\n<h4><a href=\"#pet\">Petit bout d&#8217;pomme<\/a><\/h4>\n<p>\t\t\t\t\t\t\t\t\t\t\t\tvendredi 20 f\u00e9vrier\t\t\t\t\t<\/p>\n<h4><a href=\"#har\">Harmattan Brothers<\/a><\/h4>\n<p>\t\t\t\t\t\t\t\t\t\t\t\tmardi 17 mars\t\t\t\t\t<\/p>\n<h4><a href=\"#pie\">Pierre blanche Chat Noir<\/a><\/h4>\n<h2>Jeudi 22 janvier 2026 &#8211; 9h30 et 10h45<\/h2>\n<figure class='gallery-item'>\n\t\t\t\t<a data-elementor-open-lightbox=\"default\" data-elementor-lightbox-slideshow=\"d0dbfd3\" href='http:\/\/lelalano.fr\/wp-content\/uploads\/2025\/07\/AFFICHE_A3_Petit_bout_d_pomme_\u00a9JGuillemWEB.jpg'><img width=\"150\" height=\"150\" src=\"http:\/\/lelalano.fr\/wp-content\/uploads\/2025\/07\/AFFICHE_A3_Petit_bout_d_pomme_\u00a9JGuillemWEB-150x150.jpg\" alt=\"\" decoding=\"async\" loading=\"lazy\" \/><\/a><br \/>\n\t\t\t<\/figure>\n<figure class='gallery-item'>\n\t\t\t\t<a data-elementor-open-lightbox=\"default\" data-elementor-lightbox-slideshow=\"d0dbfd3\" href='http:\/\/lelalano.fr\/wp-content\/uploads\/2025\/07\/2024-PDS-JM-France-135-scaled.jpg'><img width=\"150\" height=\"150\" src=\"http:\/\/lelalano.fr\/wp-content\/uploads\/2025\/07\/2024-PDS-JM-France-135-150x150.jpg\" alt=\"\" decoding=\"async\" loading=\"lazy\" \/><\/a><br \/>\n\t\t\t<\/figure>\n<h2>Petit bout d&#8217;pomme<\/h2>\n<h2>Public<\/h2>\n<p>Petite enfance \u2022 Maternelle \u2022 Familiale \u00e0 partir de 1 an<\/p>\n<h2>Pi\u00e8ce vocale et po\u00e9tique pour deux musiciennes<\/h2>\n<p>Sur ce petit chemin qui sent la tendresse, \u00ab \u00e7a croustille, \u00e7a cr\u00e9pite, \u00e7a gr\u00e9sille \u00bb ! Au milieu d\u2019un d\u00e9cor tout en balles, boules et rondeurs, deux musiciennes-chanteuses apparaissent et se frayent un passage jonch\u00e9 de gracieux chants po\u00e9tiques et d\u2019\u00e9l\u00e9gantes surprises visuelles, de doux refrains originaux et d\u2019harmonies raffin\u00e9es.<\/p>\n<p>Accompagnant leurs voix de guitare, de vibraphone, de papiers que l\u2019on froisse, de cailloux que l\u2019on s\u00e8me ou de morceaux de bois que l\u2019on tape, les deux artistes attentives, sourire aux l\u00e8vres et coups d\u2019\u0153il complices, \u00e9voluent avec d\u00e9licatesse, ouvrent de po\u00e9tiques parapluies ou offrent quelques chor\u00e9graphies de gestes. Et il n\u2019est plus besoin de mots.<\/p>\n<p>Parfois on y cueille m\u00eame quelques inattendues \u00ab colchiques dans les pr\u00e9s \u00bb au suave parfum jazzy. Le ciel est clair, l\u2019horizon d\u00e9gag\u00e9 et le plaisir de regarder, d\u2019\u00e9couter, de respirer, de ressentir le monde, palpable sur sc\u00e8ne et tout autour de nous.<\/p>\n<p>Et sur ce chemin de vie, le message clair et joyeux : \u00ab Ce monde attend que tu r\u00e9sonnes \u00bb.\u00a0<\/p>\n<h2>Musique<\/h2>\n<p>Chansons originales de Marie-Aude Lacombe et r\u00e9arrangements de chansons enfantines (H\u00e9l\u00e8ne Bohy, Francine Cockenpot, M\u00e9lim\u00f4me\u2026)<\/p>\n<h2>Distribution<\/h2>\n<p><strong>Compagnie Lugana <\/strong>(Occitanie)<br \/><strong>Sarah Amiel<\/strong> voix, fl\u00fbte traversi\u00e8re, guitare, xylophone, m\u00e9tallophone et petits objets<br \/><strong>Marie-Aude Lacombe <\/strong>voix, guitare, xylophone et petits objets<\/p>\n<p><strong>Cr\u00e9ation lumi\u00e8re<\/strong> Luc Souche<\/p>\n<h3><strong>Tarif et r\u00e9servation<\/strong><\/h3>\n<p>Tarif scolaire : 5 \u20ac par \u00e9l\u00e8ve.<\/p>\n<p>R\u00e9servations par mail : lelalano@yahoo.fr<\/p>\n<p><em>Merci de pr\u00e9ciser la s\u00e9ance souhait\u00e9e <strong>(10h ou 14h30)<\/strong> le nom de l&#8217;\u00e9cole, celui de l&#8217;enseignant, le nombre d&#8217;\u00e9l\u00e8ves ainsi qu&#8217;un num\u00e9ro de t\u00e9l\u00e9phone. (Toutes les donn\u00e9es que vous nous transmettrez, ne seront utilis\u00e9es qu&#8217;\u00e0 la seule fin de l&#8217;organisation de l&#8217;\u00e9v\u00e8nement concern\u00e9.)<br \/><\/em><\/p>\n<p>Nous vous confirmerons le plus rapidement possible par mail, votre r\u00e9servation.<\/p>\n<p>\t\t\t<a href=\"#chrono\"><br \/>\n\t\t\t<\/a><\/p>\n<h2>Vendredi 20 f\u00e9vrier &#8211; 10h et 14h30<\/h2>\n<figure class='gallery-item'>\n\t\t\t\t<a data-elementor-open-lightbox=\"default\" data-elementor-lightbox-slideshow=\"91a8676\" href='http:\/\/lelalano.fr\/wp-content\/uploads\/2025\/07\/IMG_1785-scaled.jpg'><img width=\"150\" height=\"150\" src=\"http:\/\/lelalano.fr\/wp-content\/uploads\/2025\/07\/IMG_1785-150x150.jpg\" alt=\"\" decoding=\"async\" loading=\"lazy\" \/><\/a><br \/>\n\t\t\t<\/figure>\n<figure class='gallery-item'>\n\t\t\t\t<a data-elementor-open-lightbox=\"default\" data-elementor-lightbox-slideshow=\"91a8676\" href='http:\/\/lelalano.fr\/wp-content\/uploads\/2025\/07\/2023-PDS-JM-FRANCE-93-scaled.jpg'><img width=\"150\" height=\"150\" src=\"http:\/\/lelalano.fr\/wp-content\/uploads\/2025\/07\/2023-PDS-JM-FRANCE-93-150x150.jpg\" alt=\"\" decoding=\"async\" loading=\"lazy\" \/><\/a><br \/>\n\t\t\t<\/figure>\n<figure class='gallery-item'>\n\t\t\t\t<a data-elementor-open-lightbox=\"default\" data-elementor-lightbox-slideshow=\"91a8676\" href='http:\/\/lelalano.fr\/wp-content\/uploads\/2025\/07\/AFFICHE_A3_HarmattanBrothers_\u00a9JulieGuillem.jpg'><img width=\"150\" height=\"150\" src=\"http:\/\/lelalano.fr\/wp-content\/uploads\/2025\/07\/AFFICHE_A3_HarmattanBrothers_\u00a9JulieGuillem-150x150.jpg\" alt=\"\" decoding=\"async\" loading=\"lazy\" \/><\/a><br \/>\n\t\t\t<\/figure>\n<h2>Harmattan Brothers<\/h2>\n<h2>Concert de souffles et de cordes<\/h2>\n<p>\u00c9l\u00e9mentaire \u2022 6e \u2022 5e \u2022 Familiale \u00e0 partir de 6 ans<\/p>\n<p>L\u2019harmattan, vent de sable chaud et fertile, part de l\u2019Ouest africain, survole les oc\u00e9ans et nourrit l\u2019Amazonie. Tel cet aliz\u00e9 continental, les Harmattan Brothers traversent les fronti\u00e8res, voguent entre les styles et inventent une musique libre qui puise sa cr\u00e9ativit\u00e9 dans les traditions qui les inspirent\u00a0: le jazz, la musique mandingue et la folk.\u00a0Aux confluences de leurs sensibilit\u00e9s musicales sont n\u00e9es des compositions riches et \u00e9l\u00e9gantes qui laissent toute la place \u00e0 de fougueuses improvisations.<\/p>\n<p>Les riffs de guitare chaloup\u00e9s, les notes a\u00e9riennes de la trompette et les m\u00e9lodies c\u00e9lestes de la <em>kora <\/em>nous font voyager dans des paysages sonores envo\u00fbtants. On se prend alors \u00e0 contempler un vieil \u00e9tang, \u00e0 s\u2019\u00e9merveiller devant le lever du soleil ou \u00e0 cavaler dans un pr\u00e9 au milieu des vaches.<\/p>\n<p>Gr\u00e2ce \u00e0 leur complicit\u00e9 et leurs talents d\u2019improvisateurs, ces trois aventuriers embarquent leur public, le faisant tour \u00e0 tour chanter, rire et r\u00e9pondre aux rythmes de la percussion tout en transmettant le plaisir de jouer ensemble.<\/p>\n<p><\/p>\n<h2>Musique<\/h2>\n<p>Compositions originales<\/p>\n<h2>Distribution<\/h2>\n<p><strong>Harmattan Brothers <\/strong>(Hauts-de-France)<br \/><strong>Drissa Kini<\/strong> <em>kora<\/em>, voix, percussion<br \/><strong>L\u00e9o Rathier <\/strong>guitare, voix<br \/><strong>Dorian Baste<\/strong> trompette, voix<\/p>\n<p><strong>Photo <\/strong>\u00a9 Poulby<\/p>\n<h3><strong>Tarif et r\u00e9servation<\/strong><\/h3>\n<p>Tarif scolaire : 5 \u20ac par \u00e9l\u00e8ve.<\/p>\n<p>R\u00e9servations par mail : lelalano@yahoo.fr<\/p>\n<p><em>Merci de pr\u00e9ciser la s\u00e9ance souhait\u00e9e (10h ou 14h30) le nom de l&#8217;\u00e9cole, celui de l&#8217;enseignant, le nombre d&#8217;\u00e9l\u00e8ves ainsi qu&#8217;un num\u00e9ro de t\u00e9l\u00e9phone. (Toutes les donn\u00e9es que vous nous transmettrez, ne seront utilis\u00e9es qu&#8217;\u00e0 la seule fin de l&#8217;organisation de l&#8217;\u00e9v\u00e8nement concern\u00e9.)<br \/><\/em><\/p>\n<p>Nous vous confirmerons le plus rapidement possible par mail, votre r\u00e9servation.<\/p>\n<p><em>\u00a0<\/em><\/p>\n<p>\t\t\t<a href=\"#chrono\"><br \/>\n\t\t\t<\/a><\/p>\n<h2>Mardi 17 mars &#8211; 10h et 14h30<\/h2>\n<figure class='gallery-item'>\n\t\t\t\t<a data-elementor-open-lightbox=\"default\" data-elementor-lightbox-slideshow=\"6d27948\" href='http:\/\/lelalano.fr\/wp-content\/uploads\/2025\/07\/2023-PDS-JM-FRANCE-390-scaled.jpg'><img width=\"150\" height=\"150\" src=\"http:\/\/lelalano.fr\/wp-content\/uploads\/2025\/07\/2023-PDS-JM-FRANCE-390-150x150.jpg\" alt=\"\" decoding=\"async\" loading=\"lazy\" \/><\/a><br \/>\n\t\t\t<\/figure>\n<figure class='gallery-item'>\n\t\t\t\t<a data-elementor-open-lightbox=\"default\" data-elementor-lightbox-slideshow=\"6d27948\" href='http:\/\/lelalano.fr\/wp-content\/uploads\/2025\/07\/2023-PDS-JM-FRANCE-371-scaled.jpg'><img width=\"150\" height=\"150\" src=\"http:\/\/lelalano.fr\/wp-content\/uploads\/2025\/07\/2023-PDS-JM-FRANCE-371-150x150.jpg\" alt=\"\" decoding=\"async\" loading=\"lazy\" \/><\/a><br \/>\n\t\t\t<\/figure>\n<figure class='gallery-item'>\n\t\t\t\t<a data-elementor-open-lightbox=\"default\" data-elementor-lightbox-slideshow=\"6d27948\" href='http:\/\/lelalano.fr\/wp-content\/uploads\/2025\/07\/AFFICHE_A3_PierreBlancheChatNoir_\u00a9JulieGuillem.jpg'><img width=\"150\" height=\"150\" src=\"http:\/\/lelalano.fr\/wp-content\/uploads\/2025\/07\/AFFICHE_A3_PierreBlancheChatNoir_\u00a9JulieGuillem-150x150.jpg\" alt=\"\" decoding=\"async\" loading=\"lazy\" \/><\/a><br \/>\n\t\t\t<\/figure>\n<h2>Pierre Blanche, Chat Noir<\/h2>\n<h2>Une histoire d&#8217;humour \u00e0 contretemps<\/h2>\n<p>\u00c9l\u00e9mentaire \u2022 Coll\u00e8ge \u2022 Familiale \u00e0 partir de 6 ans<\/p>\n<p>Si le conte <em>Pierre Blanche, Chat Noir<\/em> commence par la c\u00e9l\u00e8bre formule \u00ab Il \u00e9tait une fois \u00bb, ce qui suit est tout sauf classique ! Oui, il sera bien question d\u2019une histoire d\u2019amour impossible entre une princesse et un jeune berger, mais l\u00e0 n\u2019est pas l\u2019essentiel. Cette ruse initiale trompe le spectateur et attise sa curiosit\u00e9, l\u2019amenant \u00e0 prendre la distance n\u00e9cessaire pour mieux interroger au fil des p\u00e9rip\u00e9ties sa fa\u00e7on d\u2019\u00eatre au monde, sa part d\u2019animalit\u00e9 et le chemin \u00e0 suivre pour devenir lui-m\u00eame\u2026<\/p>\n<p>Pour donner vie \u00e0 ce r\u00e9cit insolite, nous retrouvons trois compagnons de longue route des JM France : Luigi Rignanese au conte, Julien Baudry et Cyril Cianciolo pour la musique. Les nombreux instruments sur sc\u00e8ne donnent un rythme \u00e9nergique \u00e0 l\u2019histoire gr\u00e2ce \u00e0 la batterie, aux percussions \u00e9lectroniques et \u00e0 la guitare \u00e9lectrique ou nous plongent dans des ambiances plus douces au son d\u2019une fl\u00fbte ou d\u2019un ukul\u00e9l\u00e9, tandis que les compositions musicales s\u2019entrem\u00ealent si bien avec le r\u00e9cit qu\u2019il suffit de fermer les yeux\u2026 et de laisser libre cours \u00e0 son imagination !<\/p>\n<h2>Musique<\/h2>\n<p>Compositions originales de Julien Baudry et Cyril Canciolo<\/p>\n<h2>Distribution<\/h2>\n<p><strong>La Compagnie d\u2019A\u2026 ! <\/strong>(Provence-Alpes-C\u00f4te d\u2019Azur)<br \/><strong>Julien Baudry<\/strong> voix, batterie, trompette de poche, bugle, ukul\u00e9l\u00e9<br \/><strong>Cyril Cianciolo <\/strong>guitare \u00e9lectrique, fl\u00fbtes traversi\u00e8res, voix et percussions \u00e9lectroniques, looper<br \/><strong>Luigi Rignanese<\/strong> r\u00e9cit<\/p>\n<p><strong>Mise en sc\u00e8ne et texte<\/strong> Luigi Rignanese<\/p>\n<p><strong>Photo <\/strong>\u00a9 L\u00e9o Vuoso<\/p>\n<h3><strong>Tarif et r\u00e9servation<\/strong><\/h3>\n<p>Tarif scolaire : 5 \u20ac par \u00e9l\u00e8ve.<\/p>\n<p>R\u00e9servations par mail : lelalano@yahoo.fr<\/p>\n<p><em>Merci de pr\u00e9ciser la s\u00e9ance souhait\u00e9e (10h ou 14h30) le nom de l&#8217;\u00e9cole, celui de l&#8217;enseignant, le nombre d&#8217;\u00e9l\u00e8ves ainsi qu&#8217;un num\u00e9ro de t\u00e9l\u00e9phone. (Toutes les donn\u00e9es que vous nous transmettrez, ne seront utilis\u00e9es qu&#8217;\u00e0 la seule fin de l&#8217;organisation de l&#8217;\u00e9v\u00e8nement concern\u00e9.)<br \/><\/em><\/p>\n<p>Nous vous confirmerons le plus rapidement possible par mail, votre r\u00e9servation.<\/p>\n<p><em>\u00a0<\/em><\/p>\n<p>\t\t\t<a href=\"#chrono\"><br \/>\n\t\t\t<\/a><\/p>\n<h2>Nos partenaires :<\/h2>\n<p>\t\t\t\t\t\t\t\t\t\t<img width=\"200\" height=\"200\" src=\"http:\/\/lelalano.fr\/wp-content\/uploads\/2018\/03\/cd65-new.jpg\" alt=\"\" decoding=\"async\" loading=\"lazy\" srcset=\"https:\/\/lelalano.fr\/wp-content\/uploads\/2018\/03\/cd65-new.jpg 200w, https:\/\/lelalano.fr\/wp-content\/uploads\/2018\/03\/cd65-new-150x150.jpg 150w, https:\/\/lelalano.fr\/wp-content\/uploads\/2018\/03\/cd65-new-186x186.jpg 186w\" sizes=\"(max-width: 200px) 100vw, 200px\" \/><br \/>\n\t\t\t\t\t\t\t\t\t\t<img width=\"200\" height=\"87\" src=\"http:\/\/lelalano.fr\/wp-content\/uploads\/2018\/03\/logo-d\u00e9finitif-texte-pour-le-site-e1522417890838.png\" alt=\"\" decoding=\"async\" loading=\"lazy\" \/><br \/>\n\t\t\t\t\t\t\t\t\t\t<img width=\"105\" height=\"150\" src=\"http:\/\/lelalano.fr\/wp-content\/uploads\/2018\/03\/lalanne-trie.jpg\" alt=\"\" decoding=\"async\" loading=\"lazy\" \/><br \/>\n\t\t\t\t\t\t\t\t\t\t<img width=\"730\" height=\"405\" src=\"http:\/\/lelalano.fr\/wp-content\/uploads\/2022\/07\/jmf-horizontal_rouge-1024x568.png\" alt=\"\" decoding=\"async\" loading=\"lazy\" srcset=\"https:\/\/lelalano.fr\/wp-content\/uploads\/2022\/07\/jmf-horizontal_rouge-1024x568.png 1024w, https:\/\/lelalano.fr\/wp-content\/uploads\/2022\/07\/jmf-horizontal_rouge-300x166.png 300w, https:\/\/lelalano.fr\/wp-content\/uploads\/2022\/07\/jmf-horizontal_rouge-768x426.png 768w\" sizes=\"(max-width: 730px) 100vw, 730px\" \/><\/p>\n","protected":false},"excerpt":{"rendered":"<p>Spectacles propos\u00e9s par les Jeunesses Musicales de France D\u00e9l\u00e9gation des Hautes-Pyr\u00e9n\u00e9es. Jeudi 22 janvier Petit bout d&#8217;pomme vendredi 20 f\u00e9vrier Harmattan Brothers mardi 17 mars Pierre blanche Chat Noir Jeudi 22 janvier 2026 &#8211; 9h30 et 10h45 Petit bout d&#8217;pomme Public Petite enfance \u2022 Maternelle \u2022 Familiale \u00e0 partir de 1 an Pi\u00e8ce vocale et<span class=\"read-more-wrap\"><a class=\"moretag\" href=\"https:\/\/lelalano.fr\/index.php\/spectacles-scolaire-jmf-2025-2026\/\">Lire la suite<span class=\"screen-reader-text\">Spectacles scolaires : JMF (Jeunesse Musicale de France) 2025-2026<\/span><\/a><\/span><\/p>\n","protected":false},"author":1,"featured_media":0,"parent":0,"menu_order":0,"comment_status":"closed","ping_status":"closed","template":"","meta":{"footnotes":""},"_links":{"self":[{"href":"https:\/\/lelalano.fr\/index.php\/wp-json\/wp\/v2\/pages\/11518"}],"collection":[{"href":"https:\/\/lelalano.fr\/index.php\/wp-json\/wp\/v2\/pages"}],"about":[{"href":"https:\/\/lelalano.fr\/index.php\/wp-json\/wp\/v2\/types\/page"}],"author":[{"embeddable":true,"href":"https:\/\/lelalano.fr\/index.php\/wp-json\/wp\/v2\/users\/1"}],"replies":[{"embeddable":true,"href":"https:\/\/lelalano.fr\/index.php\/wp-json\/wp\/v2\/comments?post=11518"}],"version-history":[{"count":39,"href":"https:\/\/lelalano.fr\/index.php\/wp-json\/wp\/v2\/pages\/11518\/revisions"}],"predecessor-version":[{"id":13950,"href":"https:\/\/lelalano.fr\/index.php\/wp-json\/wp\/v2\/pages\/11518\/revisions\/13950"}],"wp:attachment":[{"href":"https:\/\/lelalano.fr\/index.php\/wp-json\/wp\/v2\/media?parent=11518"}],"curies":[{"name":"wp","href":"https:\/\/api.w.org\/{rel}","templated":true}]}}