{"id":11930,"date":"2024-09-01T21:51:28","date_gmt":"2024-09-01T19:51:28","guid":{"rendered":"http:\/\/lelalano.fr\/?page_id=11930"},"modified":"2024-09-01T22:03:41","modified_gmt":"2024-09-01T20:03:41","slug":"semaine-du-mer-02-octobre-au-mar-08-octobre-2024","status":"publish","type":"page","link":"https:\/\/lelalano.fr\/index.php\/semaine-du-mer-02-octobre-au-mar-08-octobre-2024\/","title":{"rendered":"Semaine du Mer. 02 octobre au Mar. 08 octobre 2024"},"content":{"rendered":"<h4>Petit R\u00e9cap&#8217; de la semaine<\/h4>\n<p>\t\t\t\t\t\t\t\t\t\t\t\tmercredi 02 octobre\t\t\t\t\t<\/p>\n<ul>\n<li><a href=\"#sil\">Silex and the City, le film<\/a> \u00e0 16h<\/li>\n<\/ul>\n<p>\t\t\t\t\t\t\t\t\t\t\t\tmercredi 02 octobre\t\t\t\t\t<\/p>\n<ul>\n<li><a href=\"#lep\">Le Proc\u00e8s du chien<\/a> \u00e0 20h45<\/li>\n<\/ul>\n<p>\t\t\t\t\t\t\t\t\t\t\t\tsamedi 05 octobre\t\t\t\t\t<\/p>\n<ul>\n<li><a href=\"#sil\">Silex and the City, le film<\/a> \u00e0 20h45<\/li>\n<\/ul>\n<p>\t\t\t\t\t\t\t\t\t\t\t\tdimanche 06 octobre\t\t\t\t\t<\/p>\n<ul>\n<li><a href=\"#lef\">Le Fil<\/a> \u00e0 20h45<\/li>\n<\/ul>\n<p>\t\t\t\t\t\t\t\t\t\t\t\tmardi 08 octobre\t\t\t\t\t<\/p>\n<ul>\n<li><a href=\"#bee\">Beetlejuice Beetlejuice<\/a>\u00a0 \u00e0 20h45 (vostfr)<\/li>\n<\/ul>\n<h4>Silex and the City, le film<\/h4>\n<p>\t\t\t\t\t\t\t\t\t\t<img width=\"730\" height=\"973\" src=\"http:\/\/lelalano.fr\/wp-content\/uploads\/2024\/09\/Silex-and-the-City-le-film-768x1024.jpg\" alt=\"\" decoding=\"async\" loading=\"lazy\" srcset=\"http:\/\/lelalano.fr\/wp-content\/uploads\/2024\/09\/Silex-and-the-City-le-film-768x1024.jpg 768w, http:\/\/lelalano.fr\/wp-content\/uploads\/2024\/09\/Silex-and-the-City-le-film-225x300.jpg 225w, http:\/\/lelalano.fr\/wp-content\/uploads\/2024\/09\/Silex-and-the-City-le-film.jpg 810w\" sizes=\"(max-width: 730px) 100vw, 730px\" \/>\t\t\t\t\t\t\t\t\t\t\t<\/p>\n<h2>Synopsis<\/h2>\n<p>Dans une pr\u00e9histoire condamn\u00e9e \u00e0 ne jamais \u00e9voluer, un p\u00e8re et sa fille en conflit vont bouleverser la routine de l\u2019\u00c2ge de pierre. Apr\u00e8s un aller-retour dans le futur, ils ram\u00e8nent accidentellement l\u2019\u00e9quivalent d\u2019une cl\u00e9 coud\u00e9e Ik\u00e9a qui va enfin d\u00e9clencher l\u2019\u00c9volution, pour le meilleur et surtout pour le pire.\t\t<\/p>\n<h4>S\u00c9ANCES<\/h4>\n<ul>\n<li >\n\t\t\t\t\t\t\t\t\t\tmercredi 02 octobre 16h\n\t\t\t\t\t\t\t\t\t<\/li>\n<li >\n\t\t\t\t\t\t\t\t\t\tsamedi 05 octobre 20h45\n\t\t\t\t\t\t\t\t\t<\/li>\n<\/ul>\n<h4>INFOS SUR LE FILM<\/h4>\n<p>\t\t<a href=\"https:\/\/www.allocine.fr\/film\/agenda\/sem-2024-09-11\/\"> 11 septembre 2024 <\/a>  en salle  | 1h 20min | <a href=\"https:\/\/www.allocine.fr\/films\/genre-13026\/\">Animation<\/a>, <a href=\"https:\/\/www.allocine.fr\/films\/genre-13005\/\">Com\u00e9die<\/a>De <a href=\"https:\/\/www.allocine.fr\/personne\/fichepersonne_gen_cpersonne=581236.html\"> Jul (I)<\/a>, <a href=\"https:\/\/www.allocine.fr\/personne\/fichepersonne_gen_cpersonne=490279.html\">Jean-Paul Guigue<\/a>Par <a href=\"https:\/\/www.allocine.fr\/personne\/fichepersonne_gen_cpersonne=581236.html\"> Jul (I)<\/a>, <a href=\"https:\/\/www.allocine.fr\/personne\/fichepersonne_gen_cpersonne=490279.html\">Jean-Paul Guigue<\/a>Avec <a href=\"https:\/\/www.allocine.fr\/personne\/fichepersonne_gen_cpersonne=93932.html\">Guillaume Gallienne<\/a>, <a href=\"https:\/\/www.allocine.fr\/personne\/fichepersonne_gen_cpersonne=25939.html\">Cl\u00e9ment Sibony<\/a>, <a href=\"https:\/\/www.allocine.fr\/personne\/fichepersonne_gen_cpersonne=5946.html\">Fr\u00e9d\u00e9ric Pierrot<\/a><br \/>\n\t\t\t<a href=\"https:\/\/www.youtube.com\/watch?v=mqoArhQKO34\" target=\"_blank\" role=\"button\" rel=\"noopener\"><br \/>\n\t\t\t\t\t\tbande annonce<br \/>\n\t\t\t\t\t<\/a><br \/>\n\t\t\t<a href=\"#top\" role=\"button\"><br \/>\n\t\t\t\t\t\thaut de la page<br \/>\n\t\t\t\t\t<\/a><\/p>\n<h4>Le Proc\u00e8s du chien<\/h4>\n<p>\t\t\t\t\t\t\t\t\t\t<img width=\"730\" height=\"991\" src=\"http:\/\/lelalano.fr\/wp-content\/uploads\/2024\/09\/Le-Proces-du-chien-754x1024.jpg\" alt=\"\" decoding=\"async\" loading=\"lazy\" srcset=\"http:\/\/lelalano.fr\/wp-content\/uploads\/2024\/09\/Le-Proces-du-chien-754x1024.jpg 754w, http:\/\/lelalano.fr\/wp-content\/uploads\/2024\/09\/Le-Proces-du-chien-221x300.jpg 221w, http:\/\/lelalano.fr\/wp-content\/uploads\/2024\/09\/Le-Proces-du-chien-768x1043.jpg 768w, http:\/\/lelalano.fr\/wp-content\/uploads\/2024\/09\/Le-Proces-du-chien.jpg 795w\" sizes=\"(max-width: 730px) 100vw, 730px\" \/>\t\t\t\t\t\t\t\t\t\t\t<\/p>\n<h2><strong>Synopsis<\/strong><\/h2>\n<p>Avril, avocate abonn\u00e9e aux causes perdues, s\u2019est fait une promesse : sa prochaine affaire, elle la gagne ! Mais lorsque Dariuch, client aussi d\u00e9sesp\u00e9r\u00e9 que sa cause, lui demande de d\u00e9fendre son fid\u00e8le compagnon Cosmos, les convictions d\u2019Avril reprennent le dessus. Commence alors un proc\u00e8s aussi inattendu qu\u2019agit\u00e9 : le proc\u00e8s du chien.\t\t<\/p>\n<h4>S\u00c9ANCES<\/h4>\n<ul>\n<li >\n\t\t\t\t\t\t\t\t\t\tmercredi 02 octobre 20h45\n\t\t\t\t\t\t\t\t\t<\/li>\n<\/ul>\n<h4>INFOS SUR LE FILM<\/h4>\n<p>\t\t<a href=\"https:\/\/www.allocine.fr\/film\/agenda\/sem-2024-09-11\/\"> 11 septembre 2024 <\/a>  en salle  | 1h 25min | <a href=\"https:\/\/www.allocine.fr\/films\/genre-13005\/\">Com\u00e9die<\/a>De <a href=\"https:\/\/www.allocine.fr\/personne\/fichepersonne_gen_cpersonne=418926.html\">Laetitia Dosch<\/a>Par <a href=\"https:\/\/www.allocine.fr\/personne\/fichepersonne_gen_cpersonne=418926.html\">Laetitia Dosch<\/a>, <a href=\"https:\/\/www.allocine.fr\/personne\/fichepersonne_gen_cpersonne=756947.html\">Anne-Sophie Bailly<\/a>Avec <a href=\"https:\/\/www.allocine.fr\/personne\/fichepersonne_gen_cpersonne=418926.html\">Laetitia Dosch<\/a>, <a href=\"https:\/\/www.allocine.fr\/personne\/fichepersonne_gen_cpersonne=143373.html\">Fran\u00e7ois Damiens<\/a>, <a href=\"https:\/\/www.allocine.fr\/personne\/fichepersonne_gen_cpersonne=220884.html\">Pierre Deladonchamps<\/a><br \/>\n\t\t\t<a href=\"https:\/\/www.youtube.com\/watch?v=a5UdU_iBXYs\" target=\"_blank\" role=\"button\" rel=\"noopener\"><br \/>\n\t\t\t\t\t\tVOIR LA BANDE ANNONCE<br \/>\n\t\t\t\t\t<\/a><br \/>\n\t\t\t<a href=\"#top\" role=\"button\"><br \/>\n\t\t\t\t\t\thaut de la page<br \/>\n\t\t\t\t\t<\/a><\/p>\n<h4>Le Fil<\/h4>\n<p>\t\t\t\t\t\t\t\t\t\t<img width=\"730\" height=\"973\" src=\"http:\/\/lelalano.fr\/wp-content\/uploads\/2024\/09\/Le-Fil-768x1024.jpg\" alt=\"\" decoding=\"async\" loading=\"lazy\" srcset=\"http:\/\/lelalano.fr\/wp-content\/uploads\/2024\/09\/Le-Fil-768x1024.jpg 768w, http:\/\/lelalano.fr\/wp-content\/uploads\/2024\/09\/Le-Fil-225x300.jpg 225w, http:\/\/lelalano.fr\/wp-content\/uploads\/2024\/09\/Le-Fil.jpg 810w\" sizes=\"(max-width: 730px) 100vw, 730px\" \/>\t\t\t\t\t\t\t\t\t\t\t<\/p>\n<h2>Synopsis<\/h2>\n<p>Tout public\u00a0<\/p>\n<p>Depuis qu\u2019il a fait innocenter un meurtrier r\u00e9cidiviste, Ma\u00eetre Jean Monier ne prend plus de dossiers criminels. La rencontre avec Nicolas Milik, p\u00e8re de famille accus\u00e9 du meurtre de sa femme, le touche et fait vaciller ses certitudes. Convaincu de l\u2019innocence de son client, il est pr\u00eat \u00e0 tout pour lui faire gagner son proc\u00e8s aux assises, retrouvant ainsi le sens de sa vocation.<\/p>\n<h4>S\u00c9ANCES<\/h4>\n<ul>\n<li >\n\t\t\t\t\t\t\t\t\t\tdimanche 06 octobre 20h45\n\t\t\t\t\t\t\t\t\t<\/li>\n<\/ul>\n<h4>INFOS SUR LE FILM<\/h4>\n<p>\t\t<a href=\"https:\/\/www.allocine.fr\/film\/agenda\/sem-2024-09-11\/\"> 11 septembre 2024 <\/a>  en salle  | 1h 55min | <a href=\"https:\/\/www.allocine.fr\/films\/genre-13008\/\">Drame<\/a>De <a href=\"https:\/\/www.allocine.fr\/personne\/fichepersonne_gen_cpersonne=5390.html\">Daniel Auteuil<\/a>Par <a href=\"https:\/\/www.allocine.fr\/personne\/fichepersonne_gen_cpersonne=5390.html\">Daniel Auteuil<\/a>, <a href=\"https:\/\/www.allocine.fr\/personne\/fichepersonne_gen_cpersonne=788919.html\">Steven Mitz<\/a>Avec <a href=\"https:\/\/www.allocine.fr\/personne\/fichepersonne_gen_cpersonne=167254.html\">Gr\u00e9gory Gadebois<\/a>, <a href=\"https:\/\/www.allocine.fr\/personne\/fichepersonne_gen_cpersonne=5390.html\">Daniel Auteuil<\/a>, <a href=\"https:\/\/www.allocine.fr\/personne\/fichepersonne_gen_cpersonne=30093.html\">Sidse Babett Knudsen<\/a><br \/>\n\t\t\t<a href=\"https:\/\/www.youtube.com\/watch?v=CAUtN9MevmM\" target=\"_blank\" role=\"button\" rel=\"noopener\"><br \/>\n\t\t\t\t\t\tVoir la bande annonce<br \/>\n\t\t\t\t\t<\/a><br \/>\n\t\t\t<a href=\"#top\" role=\"button\"><br \/>\n\t\t\t\t\t\thaut de la page<br \/>\n\t\t\t\t\t<\/a><\/p>\n<h4>Beetlejuice Beetlejuice (vo)<\/h4>\n<p>\t\t\t\t\t\t\t\t\t\t<img width=\"691\" height=\"1024\" src=\"http:\/\/lelalano.fr\/wp-content\/uploads\/2024\/09\/Beetlejuice-Beetlejuice-691x1024.jpg\" alt=\"\" decoding=\"async\" loading=\"lazy\" srcset=\"http:\/\/lelalano.fr\/wp-content\/uploads\/2024\/09\/Beetlejuice-Beetlejuice-691x1024.jpg 691w, http:\/\/lelalano.fr\/wp-content\/uploads\/2024\/09\/Beetlejuice-Beetlejuice-203x300.jpg 203w, http:\/\/lelalano.fr\/wp-content\/uploads\/2024\/09\/Beetlejuice-Beetlejuice.jpg 729w\" sizes=\"(max-width: 691px) 100vw, 691px\" \/>\t\t\t\t\t\t\t\t\t\t\t<\/p>\n<h2>Synopsis<\/h2>\n<p>Apr\u00e8s une terrible trag\u00e9die, la famille Deetz revient \u00e0 Winter River. Toujours hant\u00e9e par le souvenir de Beetlejuice, Lydia voit sa vie boulevers\u00e9e lorsque sa fille Astrid, adolescente rebelle, ouvre accidentellement un portail vers l\u2019Au-del\u00e0. Alors que le chaos plane sur les deux mondes, ce n\u2019est qu\u2019une question de temps avant que quelqu\u2019un ne prononce le nom de Beetlejuice trois fois et que ce d\u00e9mon farceur ne revienne semer la pagaille\u2026\t\t<\/p>\n<h4>S\u00c9ANCES<\/h4>\n<ul>\n<li >\n\t\t\t\t\t\t\t\t\t\tmardi 08 octobre 20h45 (vostfr)\n\t\t\t\t\t\t\t\t\t<\/li>\n<\/ul>\n<h4>INFOS SUR LE FILM<\/h4>\n<p>\t\t<a href=\"https:\/\/www.allocine.fr\/film\/agenda\/sem-2024-09-11\/\"> 11 septembre 2024 <\/a>  en salle  | 1h 44min | <a href=\"https:\/\/www.allocine.fr\/films\/genre-13005\/\">Com\u00e9die<\/a>, <a href=\"https:\/\/www.allocine.fr\/films\/genre-13012\/\">Fantastique<\/a>, <a href=\"https:\/\/www.allocine.fr\/films\/genre-13009\/\">Epouvante-horreur<\/a>De <a href=\"https:\/\/www.allocine.fr\/personne\/fichepersonne_gen_cpersonne=6494.html\">Tim Burton<\/a>Par <a href=\"https:\/\/www.allocine.fr\/personne\/fichepersonne_gen_cpersonne=53281.html\">Alfred Gough<\/a>, <a href=\"https:\/\/www.allocine.fr\/personne\/fichepersonne_gen_cpersonne=53284.html\">Miles Millar<\/a>Avec <a href=\"https:\/\/www.allocine.fr\/personne\/fichepersonne_gen_cpersonne=11657.html\">Michael Keaton<\/a>, <a href=\"https:\/\/www.allocine.fr\/personne\/fichepersonne_gen_cpersonne=5479.html\">Winona Ryder<\/a>, <a href=\"https:\/\/www.allocine.fr\/personne\/fichepersonne_gen_cpersonne=10299.html\">Catherine O&#8217;Hara<\/a><br \/>\n\t\t\t<a href=\"https:\/\/www.youtube.com\/watch?v=As-vKW4ZboU\" target=\"_blank\" role=\"button\" rel=\"noopener\"><br \/>\n\t\t\t\t\t\tVOIR LA BANDE ANNONCE<br \/>\n\t\t\t\t\t<\/a><br \/>\n\t\t\t<a href=\"#top\" role=\"button\"><br \/>\n\t\t\t\t\t\thaut de la page<br \/>\n\t\t\t\t\t<\/a><\/p>\n","protected":false},"excerpt":{"rendered":"<p>Petit R\u00e9cap&#8217; de la semaine mercredi 02 octobre Silex and the City, le film \u00e0 16h mercredi 02 octobre Le Proc\u00e8s du chien \u00e0 20h45 samedi 05 octobre Silex and the City, le film \u00e0 20h45 dimanche 06 octobre Le Fil \u00e0 20h45 mardi 08 octobre Beetlejuice Beetlejuice\u00a0 \u00e0 20h45 (vostfr) Silex and the City,<span class=\"read-more-wrap\"><a class=\"moretag\" href=\"https:\/\/lelalano.fr\/index.php\/semaine-du-mer-02-octobre-au-mar-08-octobre-2024\/\">Lire la suite<span class=\"screen-reader-text\">Semaine du Mer. 02 octobre au Mar. 08 octobre 2024<\/span><\/a><\/span><\/p>\n","protected":false},"author":1,"featured_media":0,"parent":0,"menu_order":0,"comment_status":"closed","ping_status":"closed","template":"","meta":{"footnotes":""},"_links":{"self":[{"href":"https:\/\/lelalano.fr\/index.php\/wp-json\/wp\/v2\/pages\/11930"}],"collection":[{"href":"https:\/\/lelalano.fr\/index.php\/wp-json\/wp\/v2\/pages"}],"about":[{"href":"https:\/\/lelalano.fr\/index.php\/wp-json\/wp\/v2\/types\/page"}],"author":[{"embeddable":true,"href":"https:\/\/lelalano.fr\/index.php\/wp-json\/wp\/v2\/users\/1"}],"replies":[{"embeddable":true,"href":"https:\/\/lelalano.fr\/index.php\/wp-json\/wp\/v2\/comments?post=11930"}],"version-history":[{"count":19,"href":"https:\/\/lelalano.fr\/index.php\/wp-json\/wp\/v2\/pages\/11930\/revisions"}],"predecessor-version":[{"id":11953,"href":"https:\/\/lelalano.fr\/index.php\/wp-json\/wp\/v2\/pages\/11930\/revisions\/11953"}],"wp:attachment":[{"href":"https:\/\/lelalano.fr\/index.php\/wp-json\/wp\/v2\/media?parent=11930"}],"curies":[{"name":"wp","href":"https:\/\/api.w.org\/{rel}","templated":true}]}}