{"id":12702,"date":"2025-03-26T21:59:02","date_gmt":"2025-03-26T20:59:02","guid":{"rendered":"http:\/\/lelalano.fr\/?page_id=12702"},"modified":"2025-03-27T10:25:37","modified_gmt":"2025-03-27T09:25:37","slug":"semaine-du-mer-16-avril-au-mar-22-avril-2025","status":"publish","type":"page","link":"https:\/\/lelalano.fr\/index.php\/semaine-du-mer-16-avril-au-mar-22-avril-2025\/","title":{"rendered":"Semaine du Mer. 16 avril au Mar. 22 avril 2025"},"content":{"rendered":"<h4>Petit R\u00e9cap&#8217; de la semaine<\/h4>\n<p>\t\t\t\t\t\t\t\t\t\t\t\tmercredi 16 avril\t\t\t\t\t<\/p>\n<ul>\n<li><a href=\"#flo\">Flow<\/a> \u00e0 16h<\/li>\n<li><a href=\"#jel\">Je le jure<\/a> \u00e0 20h45<\/li>\n<\/ul>\n<p>\t\t\t\t\t\t\t\t\t\t\t\tsamedi 19 avril\t\t\t\t\t<\/p>\n<ul>\n<li><a href=\"#mam\">Ma M\u00e8re, Dieu et Sylvie Vartan<\/a> \u00e0 20h45<\/li>\n<\/ul>\n<p>\t\t\t\t\t\t\t\t\t\t\t\tdimanche 20 avril\t\t\t\t\t<\/p>\n<ul>\n<li><a href=\"#les\">Les Bodin\u2019s partent en vrille<\/a> \u00e0 20h45<\/li>\n<\/ul>\n<p>\t\t\t\t\t\t\t\t\t\t\t\tmardi 22 avril\t\t\t\t\t<\/p>\n<ul>\n<li><a href=\"#des\">Des jours meilleurs<\/a> \u00e0 20h45 (avant-premi\u00e8re)<\/li>\n<\/ul>\n<h4>Flow, le chat qui n\u2019avait plus peur de l\u2019eau<\/h4>\n<p>\t\t\t\t\t\t\t\t\t\t<img width=\"480\" height=\"640\" src=\"http:\/\/lelalano.fr\/wp-content\/uploads\/2025\/03\/flow.jpg\" alt=\"\" decoding=\"async\" loading=\"lazy\" srcset=\"http:\/\/lelalano.fr\/wp-content\/uploads\/2025\/03\/flow.jpg 480w, http:\/\/lelalano.fr\/wp-content\/uploads\/2025\/03\/flow-225x300.jpg 225w\" sizes=\"(max-width: 480px) 100vw, 480px\" \/>\t\t\t\t\t\t\t\t\t\t\t<\/p>\n<h2>Synopsis<\/h2>\n<p>Tout public\u00a0<\/p>\n<p>Un chat se r\u00e9veille dans un univers envahi par l\u2019eau o\u00f9 toute vie humaine semble avoir disparu. Il trouve refuge sur un bateau avec un groupe d\u2019autres animaux. Mais s\u2019entendre avec eux s\u2019av\u00e8re un d\u00e9fi encore plus grand que de surmonter sa peur de l&#8217;eau ! Tous devront d\u00e9sormais apprendre \u00e0 surmonter leurs diff\u00e9rences et \u00e0 s\u2019adapter au nouveau monde qui s\u2019impose \u00e0 eux.<\/p>\n<h4>S\u00c9ANCES<\/h4>\n<ul>\n<li >\n\t\t\t\t\t\t\t\t\t\tmercredi 16 avril 16h\n\t\t\t\t\t\t\t\t\t<\/li>\n<\/ul>\n<h4>INFOS SUR LE FILM<\/h4>\n<p>\t\t<a href=\"https:\/\/www.allocine.fr\/film\/agenda\/sem-2024-10-30\/\"> 30 octobre 2024 <\/a>  en salle  | 1h 25min | <a href=\"https:\/\/www.allocine.fr\/films\/genre-13001\/\">Aventure<\/a>, <a href=\"https:\/\/www.allocine.fr\/films\/genre-13026\/\">Animation<\/a>, <a href=\"https:\/\/www.allocine.fr\/films\/genre-13036\/\">Famille<\/a>, <a href=\"https:\/\/www.allocine.fr\/films\/genre-13012\/\">Fantastique<\/a>Date de reprise <a href=\"https:\/\/www.allocine.fr\/film\/agenda\/sem-2025-03-05\/\"> 5 mars 2025 <\/a>De <a href=\"https:\/\/www.allocine.fr\/personne\/fichepersonne_gen_cpersonne=871388.html\">Gints Zilbalodis<\/a>Par <a href=\"https:\/\/www.allocine.fr\/personne\/fichepersonne_gen_cpersonne=871388.html\">Gints Zilbalodis<\/a>, <a href=\"https:\/\/www.allocine.fr\/personne\/fichepersonne_gen_cpersonne=431987.html\">Mat\u012bss Ka\u017ea<\/a>Titre original  Flow<br \/>\n\t\t\t<a href=\"https:\/\/www.youtube.com\/watch?v=vob8AGZM4Wc\" target=\"_blank\" role=\"button\" rel=\"noopener\"><br \/>\n\t\t\t\t\t\tbande annonce<br \/>\n\t\t\t\t\t<\/a><br \/>\n\t\t\t<a href=\"#top\" role=\"button\"><br \/>\n\t\t\t\t\t\thaut de la page<br \/>\n\t\t\t\t\t<\/a><\/p>\n<h4>Je le jure<br \/>\n<\/h4>\n<p>\t\t\t\t\t\t\t\t\t\t<img width=\"730\" height=\"913\" src=\"http:\/\/lelalano.fr\/wp-content\/uploads\/2025\/03\/Je-le-jure-819x1024.jpg\" alt=\"\" decoding=\"async\" loading=\"lazy\" srcset=\"http:\/\/lelalano.fr\/wp-content\/uploads\/2025\/03\/Je-le-jure-819x1024.jpg 819w, http:\/\/lelalano.fr\/wp-content\/uploads\/2025\/03\/Je-le-jure-240x300.jpg 240w, http:\/\/lelalano.fr\/wp-content\/uploads\/2025\/03\/Je-le-jure-768x960.jpg 768w, http:\/\/lelalano.fr\/wp-content\/uploads\/2025\/03\/Je-le-jure.jpg 864w\" sizes=\"(max-width: 730px) 100vw, 730px\" \/>\t\t\t\t\t\t\t\t\t\t\t<\/p>\n<h2>Synopsis<\/h2>\n<p>Tout public\u00a0<\/p>\n<p>A\u0300 quarante ans, Fabio se laisse porter par le courant. Un peu largue\u0301, il trouve du re\u0301confort dans l\u2019alcool. Et un peu aupre\u0300s de Marie, de vingt ans son ai\u0302ne\u0301e, avec qui il entretient une relation secre\u0300te. Un jour, il rec\u0327oit une convocation pour e\u0302tre jure\u0301 d\u2019assises, il va devoir juger un jeune pyromane accuse\u0301 d\u2019homicide involontaire.<\/p>\n<p>\u00a0<\/p>\n<h4>S\u00c9ANCES<\/h4>\n<ul>\n<li >\n\t\t\t\t\t\t\t\t\t\tmercredi 16 avril 20h45\n\t\t\t\t\t\t\t\t\t<\/li>\n<\/ul>\n<h4>INFOS SUR LE FILM<\/h4>\n<p>\t\t<a href=\"https:\/\/www.allocine.fr\/film\/agenda\/sem-2025-03-26\/\"> 26 mars 2025 <\/a>  en salle  | 1h 50min | <a href=\"https:\/\/www.allocine.fr\/films\/genre-13008\/\">Drame<\/a>, <a href=\"https:\/\/www.allocine.fr\/films\/genre-13031\/\">Judiciaire<\/a>De <a href=\"https:\/\/www.allocine.fr\/personne\/fichepersonne_gen_cpersonne=201763.html\">Samuel Theis<\/a>Par <a href=\"https:\/\/www.allocine.fr\/personne\/fichepersonne_gen_cpersonne=201763.html\">Samuel Theis<\/a>Avec <a href=\"https:\/\/www.allocine.fr\/personne\/fichepersonne_gen_cpersonne=1000032446.html\">Julien Ernwein<\/a>, <a href=\"https:\/\/www.allocine.fr\/personne\/fichepersonne_gen_cpersonne=1000032447.html\">Marie Masala<\/a>, <a href=\"https:\/\/www.allocine.fr\/personne\/fichepersonne_gen_cpersonne=38766.html\">Marina Fo\u00efs<\/a><br \/>\n\t\t\t<a href=\"https:\/\/www.youtube.com\/watch?v=GPTGj5ee82k\" target=\"_blank\" role=\"button\" rel=\"noopener\"><br \/>\n\t\t\t\t\t\tVOIR LA BANDE ANNONCE<br \/>\n\t\t\t\t\t<\/a><br \/>\n\t\t\t<a href=\"#top\" role=\"button\"><br \/>\n\t\t\t\t\t\thaut de la page<br \/>\n\t\t\t\t\t<\/a><\/p>\n<h4>Ma M\u00e8re, Dieu et Sylvie Vartan<\/h4>\n<p>\t\t\t\t\t\t\t\t\t\t<img width=\"730\" height=\"973\" src=\"http:\/\/lelalano.fr\/wp-content\/uploads\/2025\/03\/Ma-Mere-Dieu-et-Sylvie-Vartan-768x1024.jpg\" alt=\"\" decoding=\"async\" loading=\"lazy\" srcset=\"http:\/\/lelalano.fr\/wp-content\/uploads\/2025\/03\/Ma-Mere-Dieu-et-Sylvie-Vartan-768x1024.jpg 768w, http:\/\/lelalano.fr\/wp-content\/uploads\/2025\/03\/Ma-Mere-Dieu-et-Sylvie-Vartan-225x300.jpg 225w, http:\/\/lelalano.fr\/wp-content\/uploads\/2025\/03\/Ma-Mere-Dieu-et-Sylvie-Vartan.jpg 810w\" sizes=\"(max-width: 730px) 100vw, 730px\" \/>\t\t\t\t\t\t\t\t\t\t\t<\/p>\n<h2>Synopsis<\/h2>\n<p>Tout public\u00a0<\/p>\n<p>En 1963, Esther met au monde Roland, petit dernier d\u2019une famille nombreuse. Roland na\u00eet avec un pied-bot qui l\u2019emp\u00eache de se tenir debout. Contre l\u2019avis de tous, elle promet \u00e0 son fils qu\u2019il marchera comme les autres et qu\u2019il aura une vie fabuleuse. D\u00e8s lors, Esther n\u2019aura de cesse de tout mettre en \u0153uvre pour tenir cette promesse. \u00c0 travers des d\u00e9cennies d\u2019\u00e9preuves et de miracles de la vie, ce film est le r\u00e9cit d\u2019une histoire vraie, dr\u00f4le et bouleversante, celle d\u2019un destin incroyable et du plus grand amour qui soit : celui d\u2019une m\u00e8re pour son enfant.<\/p>\n<p>\u00a0<\/p>\n<h4>S\u00c9ANCES<\/h4>\n<ul>\n<li >\n\t\t\t\t\t\t\t\t\t\tsamedi 19 avril 20h45\n\t\t\t\t\t\t\t\t\t<\/li>\n<\/ul>\n<h4>INFOS SUR LE FILM<\/h4>\n<p>\t\t<a href=\"https:\/\/www.allocine.fr\/film\/agenda\/sem-2025-03-19\/\"> 19 mars 2025 <\/a>  en salle  | 1h 42min | <a href=\"https:\/\/www.allocine.fr\/films\/genre-13002\/\">Com\u00e9die dramatique<\/a>De <a href=\"https:\/\/www.allocine.fr\/personne\/fichepersonne_gen_cpersonne=41043.html\">Ken Scott<\/a>Par <a href=\"https:\/\/www.allocine.fr\/personne\/fichepersonne_gen_cpersonne=41043.html\">Ken Scott<\/a>Avec <a href=\"https:\/\/www.allocine.fr\/personne\/fichepersonne_gen_cpersonne=102403.html\">Le\u00efla Bekhti<\/a>, <a href=\"https:\/\/www.allocine.fr\/personne\/fichepersonne_gen_cpersonne=236096.html\">Jonathan Cohen<\/a>, <a href=\"https:\/\/www.allocine.fr\/personne\/fichepersonne_gen_cpersonne=134443.html\">Jos\u00e9phine Japy<\/a><br \/>\n\t\t\t<a href=\"https:\/\/www.youtube.com\/watch?v=IP54ulbHf-M\" target=\"_blank\" role=\"button\" rel=\"noopener\"><br \/>\n\t\t\t\t\t\tVOIR LA BANDE ANNONCE<br \/>\n\t\t\t\t\t<\/a><br \/>\n\t\t\t<a href=\"#top\" role=\"button\"><br \/>\n\t\t\t\t\t\thaut de la page<br \/>\n\t\t\t\t\t<\/a><\/p>\n<h4>Les Bodin\u2019s partent en vrille<\/h4>\n<p>\t\t\t\t\t\t\t\t\t\t<img width=\"730\" height=\"990\" src=\"http:\/\/lelalano.fr\/wp-content\/uploads\/2025\/03\/bodins-755x1024.jpg\" alt=\"\" decoding=\"async\" loading=\"lazy\" srcset=\"http:\/\/lelalano.fr\/wp-content\/uploads\/2025\/03\/bodins-755x1024.jpg 755w, http:\/\/lelalano.fr\/wp-content\/uploads\/2025\/03\/bodins-221x300.jpg 221w, http:\/\/lelalano.fr\/wp-content\/uploads\/2025\/03\/bodins-768x1042.jpg 768w, http:\/\/lelalano.fr\/wp-content\/uploads\/2025\/03\/bodins.jpg 796w\" sizes=\"(max-width: 730px) 100vw, 730px\" \/>\t\t\t\t\t\t\t\t\t\t\t<\/p>\n<h2>Synopsis<\/h2>\n<p>Tout public\u00a0<\/p>\n<p>Quand Maria Bodin, fermi\u00e8re autoritaire et rev\u00eache, et son fils Christian, apprennent qu\u2019une usine de fromage industrielle s\u2019appr\u00eate \u00e0 s\u2019installer dans leur petit village, ils sont pr\u00eats \u00e0 tout pour d\u00e9fendre leur fromagerie artisanale. Du Salon de l\u2019agriculture au d\u00e9sert marocain, ils ne reculeront devant rien pour faire capoter ce projet d\u2019usine : chantage, baston, courses-poursuites, une fois de plus, les Bodin\u2019s vont braver tous les dangers pour sauver leurs valeurs et leurs traditions.<\/p>\n<p>\u00a0<\/p>\n<h4>S\u00c9ANCES<\/h4>\n<ul>\n<li >\n\t\t\t\t\t\t\t\t\t\tdimanche 20 avril 20h45\n\t\t\t\t\t\t\t\t\t<\/li>\n<\/ul>\n<h4>INFOS SUR LE FILM<\/h4>\n<p>\t\t<a href=\"https:\/\/www.allocine.fr\/film\/agenda\/sem-2025-03-19\/\"> 19 mars 2025 <\/a>  en salle  | 1h 45min | <a href=\"https:\/\/www.allocine.fr\/films\/genre-13005\/\">Com\u00e9die<\/a>De <a href=\"https:\/\/www.allocine.fr\/personne\/fichepersonne_gen_cpersonne=56858.html\">Fr\u00e9d\u00e9ric Forestier<\/a>Par <a href=\"https:\/\/www.allocine.fr\/personne\/fichepersonne_gen_cpersonne=137863.html\">Vincent Dubois<\/a>, <a href=\"https:\/\/www.allocine.fr\/personne\/fichepersonne_gen_cpersonne=137864.html\">Jean-Christian Fraiscinet<\/a>Avec <a href=\"https:\/\/www.allocine.fr\/personne\/fichepersonne_gen_cpersonne=137863.html\">Vincent Dubois<\/a>, <a href=\"https:\/\/www.allocine.fr\/personne\/fichepersonne_gen_cpersonne=137864.html\">Jean-Christian Fraiscinet<\/a>, <a href=\"https:\/\/www.allocine.fr\/personne\/fichepersonne_gen_cpersonne=192507.html\">Guillaume Clerice<\/a><br \/>\n\t\t\t<a href=\"https:\/\/www.youtube.com\/watch?v=2_px5Te71-4\" target=\"_blank\" role=\"button\" rel=\"noopener\"><br \/>\n\t\t\t\t\t\tVoir la bande annonce<br \/>\n\t\t\t\t\t<\/a><br \/>\n\t\t\t<a href=\"#top\" role=\"button\"><br \/>\n\t\t\t\t\t\thaut de la page<br \/>\n\t\t\t\t\t<\/a><\/p>\n<h4>Des jours meilleurs (avant-premi\u00e8re)<\/h4>\n<p>\t\t\t\t\t\t\t\t\t\t<img width=\"730\" height=\"973\" src=\"http:\/\/lelalano.fr\/wp-content\/uploads\/2025\/03\/des-jours-meilleurs-768x1024.jpg\" alt=\"\" decoding=\"async\" loading=\"lazy\" srcset=\"http:\/\/lelalano.fr\/wp-content\/uploads\/2025\/03\/des-jours-meilleurs-768x1024.jpg 768w, http:\/\/lelalano.fr\/wp-content\/uploads\/2025\/03\/des-jours-meilleurs-225x300.jpg 225w, http:\/\/lelalano.fr\/wp-content\/uploads\/2025\/03\/des-jours-meilleurs.jpg 810w\" sizes=\"(max-width: 730px) 100vw, 730px\" \/>\t\t\t\t\t\t\t\t\t\t\t<\/p>\n<h2>Synopsis<\/h2>\n<p>Tout public\u00a0<\/p>\n<p>A la suite d\u2019un accident de voiture, Suzanne perd la garde de ses trois enfants. Elle n\u2019a plus le choix et doit se soigner dans un centre pour alcooliques. A peine arriv\u00e9e, elle y rencontre Alice et Diane, deux femmes au caract\u00e8re bien tremp\u00e9\u2026 Denis, \u00e9ducateur sportif, va tenter de les r\u00e9unir autour du m\u00eame objectif : participer au rallye des Dunes dans le d\u00e9sert marocain. Il devra s\u2019armer de beaucoup de patience et de p\u00e9dagogie pour pr\u00e9parer cet improbable \u00e9quipage \u00e0 atteindre son objectif.<\/p>\n<p>\u00a0<\/p>\n<h4>S\u00c9ANCES<\/h4>\n<ul>\n<li >\n\t\t\t\t\t\t\t\t\t\tmardi 22 avril 20h45 (avant-premi\u00e8re)\n\t\t\t\t\t\t\t\t\t<\/li>\n<\/ul>\n<h4>INFOS SUR LE FILM<\/h4>\n<p>\t\t<a href=\"https:\/\/www.allocine.fr\/film\/agenda\/sem-2025-04-23\/\"> 23 avril 2025 <\/a>  en salle  | 1h 44min | <a href=\"https:\/\/www.allocine.fr\/films\/genre-13002\/\">Com\u00e9die dramatique<\/a>De <a href=\"https:\/\/www.allocine.fr\/personne\/fichepersonne_gen_cpersonne=568826.html\">Elsa Bennett<\/a>, <a href=\"https:\/\/www.allocine.fr\/personne\/fichepersonne_gen_cpersonne=822279.html\">Hippolyte Dard<\/a>Par <a href=\"https:\/\/www.allocine.fr\/personne\/fichepersonne_gen_cpersonne=568826.html\">Elsa Bennett<\/a>, <a href=\"https:\/\/www.allocine.fr\/personne\/fichepersonne_gen_cpersonne=822279.html\">Hippolyte Dard<\/a>Avec <a href=\"https:\/\/www.allocine.fr\/personne\/fichepersonne_gen_cpersonne=25944.html\">Val\u00e9rie Bonneton<\/a>, <a href=\"https:\/\/www.allocine.fr\/personne\/fichepersonne_gen_cpersonne=17246.html\">Mich\u00e8le Laroque<\/a>, <a href=\"https:\/\/www.allocine.fr\/personne\/fichepersonne_gen_cpersonne=90968.html\">Sabrina Ouazani<\/a><br \/>\n\t\t\t<a href=\"https:\/\/www.youtube.com\/watch?v=U37qBlDHixk\" target=\"_blank\" role=\"button\" rel=\"noopener\"><br \/>\n\t\t\t\t\t\tVoir la bande annonce<br \/>\n\t\t\t\t\t<\/a><br \/>\n\t\t\t<a href=\"#top\" role=\"button\"><br \/>\n\t\t\t\t\t\thaut de la page<br \/>\n\t\t\t\t\t<\/a><\/p>\n","protected":false},"excerpt":{"rendered":"<p>Petit R\u00e9cap&#8217; de la semaine mercredi 16 avril Flow \u00e0 16h Je le jure \u00e0 20h45 samedi 19 avril Ma M\u00e8re, Dieu et Sylvie Vartan \u00e0 20h45 dimanche 20 avril Les Bodin\u2019s partent en vrille \u00e0 20h45 mardi 22 avril Des jours meilleurs \u00e0 20h45 (avant-premi\u00e8re) Flow, le chat qui n\u2019avait plus peur de l\u2019eau<span class=\"read-more-wrap\"><a class=\"moretag\" href=\"https:\/\/lelalano.fr\/index.php\/semaine-du-mer-16-avril-au-mar-22-avril-2025\/\">Lire la suite<span class=\"screen-reader-text\">Semaine du Mer. 16 avril au Mar. 22 avril 2025<\/span><\/a><\/span><\/p>\n","protected":false},"author":1,"featured_media":0,"parent":0,"menu_order":0,"comment_status":"closed","ping_status":"closed","template":"","meta":{"footnotes":""},"_links":{"self":[{"href":"https:\/\/lelalano.fr\/index.php\/wp-json\/wp\/v2\/pages\/12702"}],"collection":[{"href":"https:\/\/lelalano.fr\/index.php\/wp-json\/wp\/v2\/pages"}],"about":[{"href":"https:\/\/lelalano.fr\/index.php\/wp-json\/wp\/v2\/types\/page"}],"author":[{"embeddable":true,"href":"https:\/\/lelalano.fr\/index.php\/wp-json\/wp\/v2\/users\/1"}],"replies":[{"embeddable":true,"href":"https:\/\/lelalano.fr\/index.php\/wp-json\/wp\/v2\/comments?post=12702"}],"version-history":[{"count":19,"href":"https:\/\/lelalano.fr\/index.php\/wp-json\/wp\/v2\/pages\/12702\/revisions"}],"predecessor-version":[{"id":12726,"href":"https:\/\/lelalano.fr\/index.php\/wp-json\/wp\/v2\/pages\/12702\/revisions\/12726"}],"wp:attachment":[{"href":"https:\/\/lelalano.fr\/index.php\/wp-json\/wp\/v2\/media?parent=12702"}],"curies":[{"name":"wp","href":"https:\/\/api.w.org\/{rel}","templated":true}]}}