{"id":13033,"date":"2025-06-25T17:54:04","date_gmt":"2025-06-25T15:54:04","guid":{"rendered":"https:\/\/lelalano.fr\/?page_id=13033"},"modified":"2025-06-26T11:02:36","modified_gmt":"2025-06-26T09:02:36","slug":"semaine-du-mer-09-juillet-au-mar-15-juillet-2025","status":"publish","type":"page","link":"https:\/\/lelalano.fr\/index.php\/semaine-du-mer-09-juillet-au-mar-15-juillet-2025\/","title":{"rendered":"Semaine du Mer. 09 juillet au Mar. 15 juillet 2025"},"content":{"rendered":"<h4>Petit R\u00e9cap&#8217; de la semaine<\/h4>\n<p>\t\t\t\t\t\t\t\t\t\t\t\tmercredi 09 juillet\t\t\t\t\t<\/p>\n<ul>\n<li><a href=\"#dra\">Dragons<\/a> \u00e0 16h<\/li>\n<li><a href=\"#lif\">Life of Chuck<\/a> \u00e0 20h45 (vo)<\/li>\n<\/ul>\n<p>\t\t\t\t\t\t\t\t\t\t\t\tsamedi 12 juillet\t\t\t\t\t<\/p>\n<ul>\n<li><a href=\"#dra\">Dragons<\/a> \u00e0 20h45<\/li>\n<\/ul>\n<p>\t\t\t\t\t\t\t\t\t\t\t\tdimanche 13 juillet\t\t\t\t\t<\/p>\n<ul>\n<li><a href=\"#eli\">Elio<\/a> \u00e0 18h<\/li>\n<\/ul>\n<p>\t\t\t\t\t\t\t\t\t\t\t\tmardi 15 juillet\t\t\t\t\t<\/p>\n<ul>\n<li><a href=\"#28a\">28 ans plus tard<\/a> \u00e0 20h45 (vo) (int &#8211; de 16 ans)<\/li>\n<\/ul>\n<h4>Dragons<\/h4>\n<p>\t\t\t\t\t\t\t\t\t\t<img width=\"730\" height=\"913\" src=\"http:\/\/lelalano.fr\/wp-content\/uploads\/2025\/06\/dragon-819x1024.jpg\" alt=\"\" decoding=\"async\" loading=\"lazy\" srcset=\"http:\/\/lelalano.fr\/wp-content\/uploads\/2025\/06\/dragon-819x1024.jpg 819w, http:\/\/lelalano.fr\/wp-content\/uploads\/2025\/06\/dragon-240x300.jpg 240w, http:\/\/lelalano.fr\/wp-content\/uploads\/2025\/06\/dragon-768x960.jpg 768w, http:\/\/lelalano.fr\/wp-content\/uploads\/2025\/06\/dragon.jpg 864w\" sizes=\"(max-width: 730px) 100vw, 730px\" \/>\t\t\t\t\t\t\t\t\t\t\t<\/p>\n<h2>Synopsis<\/h2>\n<p>Tout public\u00a0<\/p>\n<p>Sur l&#8217;\u00eele escarp\u00e9e de Beurk, o\u00f9 depuis des g\u00e9n\u00e9rations Vikings et dragons s\u2019affrontent sans merci, Harold fait figure d\u2019exception. Effac\u00e9, \u00e9cras\u00e9 par la stature de son p\u00e8re, le chef de la tribu, Sto\u00efk, ce jeune r\u00eaveur d\u00e9fie des si\u00e8cles de tradition en se liant d&#8217;amiti\u00e9 avec un dragon nomm\u00e9 Krokmou. Leur lien improbable va r\u00e9v\u00e9ler la vraie nature des dragons et remettre en question les fondements m\u00eames de la soci\u00e9t\u00e9 viking.<\/p>\n<p>Flanqu\u00e9 de la farouche, autant qu\u2019aventureuse, Astrid et de Gueulfor, le sympathique forgeron du village, Harold va devoir s\u2019imposer dans un monde d\u00e9chir\u00e9 par la peur et l\u2019incompr\u00e9hension. Alors qu\u2019une dangereuse cr\u00e9ature r\u00e9\u00e9merge des brumes du pass\u00e9, mena\u00e7ant \u00e0 la fois les Vikings et les dragons, l\u2019amiti\u00e9 d\u2019Harold et Krokmou pourrait bien \u00eatre la clef d\u2019un nouvel avenir. Ensemble, ils vont devoir se frayer un chemin fragile vers la paix, en d\u00e9passant les limites de leurs deux mondes pour mieux red\u00e9finir les notions de chef et de h\u00e9ros.<\/p>\n<p>\u00a0<\/p>\n<h4>S\u00c9ANCES<\/h4>\n<ul>\n<li >\n\t\t\t\t\t\t\t\t\t\tmercredi 09 juillet 16h\n\t\t\t\t\t\t\t\t\t<\/li>\n<li >\n\t\t\t\t\t\t\t\t\t\tsamedi 12 juillet 20h45\n\t\t\t\t\t\t\t\t\t<\/li>\n<\/ul>\n<h4>INFOS SUR LE FILM<\/h4>\n<p>\t\t<a href=\"https:\/\/www.allocine.fr\/film\/agenda\/sem-2025-06-11\/\"> 11 juin 2025 <\/a>  en salle  | 2h 05min | <a href=\"https:\/\/www.allocine.fr\/films\/genre-13025\/\">Action<\/a>, <a href=\"https:\/\/www.allocine.fr\/films\/genre-13001\/\">Aventure<\/a>, <a href=\"https:\/\/www.allocine.fr\/films\/genre-13012\/\">Fantastique<\/a>De <a href=\"https:\/\/www.allocine.fr\/personne\/fichepersonne_gen_cpersonne=69667.html\">Dean DeBlois<\/a>Par <a href=\"https:\/\/www.allocine.fr\/personne\/fichepersonne_gen_cpersonne=69667.html\">Dean DeBlois<\/a>Avec <a href=\"https:\/\/www.allocine.fr\/personne\/fichepersonne_gen_cpersonne=918324.html\">Mason Thames<\/a>, <a href=\"https:\/\/www.allocine.fr\/personne\/fichepersonne_gen_cpersonne=21087.html\">Gerard Butler<\/a>, <a href=\"https:\/\/www.allocine.fr\/personne\/fichepersonne_gen_cpersonne=815393.html\">Nico Parker<\/a>Titre original  How to Train Your Dragon\u00e0 partir de 6 ans<br \/>\n\t\t\t<a href=\"https:\/\/www.youtube.com\/watch?v=YFudK_c-z8o\" target=\"_blank\" role=\"button\" rel=\"noopener\"><br \/>\n\t\t\t\t\t\tbande annonce<br \/>\n\t\t\t\t\t<\/a><br \/>\n\t\t\t<a href=\"#top\" role=\"button\"><br \/>\n\t\t\t\t\t\thaut de la page<br \/>\n\t\t\t\t\t<\/a><\/p>\n<h4>Life Of Chuck (vo)<\/h4>\n<p>\t\t\t\t\t\t\t\t\t\t<img width=\"704\" height=\"1024\" src=\"http:\/\/lelalano.fr\/wp-content\/uploads\/2025\/06\/Life-Of-Chuck-704x1024.jpg\" alt=\"\" decoding=\"async\" loading=\"lazy\" srcset=\"http:\/\/lelalano.fr\/wp-content\/uploads\/2025\/06\/Life-Of-Chuck-704x1024.jpg 704w, http:\/\/lelalano.fr\/wp-content\/uploads\/2025\/06\/Life-Of-Chuck-206x300.jpg 206w, http:\/\/lelalano.fr\/wp-content\/uploads\/2025\/06\/Life-Of-Chuck.jpg 742w\" sizes=\"(max-width: 704px) 100vw, 704px\" \/>\t\t\t\t\t\t\t\t\t\t\t<\/p>\n<h2>Synopsis<\/h2>\n<p>Tout public\u00a0<\/p>\n<p>La vie extraordinaire d\u2019un homme ordinaire racont\u00e9e en trois chapitres. Merci Chuck !<\/p>\n<p>\u00a0<\/p>\n<h4>S\u00c9ANCES<\/h4>\n<ul>\n<li >\n\t\t\t\t\t\t\t\t\t\tmercredi 09 juillet 20h45 (vostfr)\n\t\t\t\t\t\t\t\t\t<\/li>\n<\/ul>\n<h4>INFOS SUR LE FILM<\/h4>\n<p>\t\t<a href=\"https:\/\/www.allocine.fr\/film\/agenda\/sem-2025-06-11\/\"> 11 juin 2025 <\/a>  en salle  | 1h 51min | <a href=\"https:\/\/www.allocine.fr\/films\/genre-13008\/\">Drame<\/a>De <a href=\"https:\/\/www.allocine.fr\/personne\/fichepersonne_gen_cpersonne=594003.html\">Mike Flanagan<\/a>Par <a href=\"https:\/\/www.allocine.fr\/personne\/fichepersonne_gen_cpersonne=594003.html\">Mike Flanagan<\/a>Avec <a href=\"https:\/\/www.allocine.fr\/personne\/fichepersonne_gen_cpersonne=177190.html\">Tom Hiddleston<\/a>, <a href=\"https:\/\/www.allocine.fr\/personne\/fichepersonne_gen_cpersonne=427.html\">Mark Hamill<\/a>, <a href=\"https:\/\/www.allocine.fr\/personne\/fichepersonne_gen_cpersonne=55757.html\">Chiwetel Ejiofor<\/a>Titre original  The Life Of Chuck<br \/>\n\t\t\t<a href=\"https:\/\/www.youtube.com\/watch?v=tHnblfrE65I\" target=\"_blank\" role=\"button\" rel=\"noopener\"><br \/>\n\t\t\t\t\t\tVOIR LA BANDE ANNONCE<br \/>\n\t\t\t\t\t<\/a><br \/>\n\t\t\t<a href=\"#top\" role=\"button\"><br \/>\n\t\t\t\t\t\thaut de la page<br \/>\n\t\t\t\t\t<\/a><\/p>\n<h4>Elio<\/h4>\n<p>\t\t\t\t\t\t\t\t\t\t<img width=\"455\" height=\"674\" src=\"http:\/\/lelalano.fr\/wp-content\/uploads\/2025\/06\/elio.jpg\" alt=\"\" decoding=\"async\" loading=\"lazy\" srcset=\"http:\/\/lelalano.fr\/wp-content\/uploads\/2025\/06\/elio.jpg 455w, http:\/\/lelalano.fr\/wp-content\/uploads\/2025\/06\/elio-203x300.jpg 203w\" sizes=\"(max-width: 455px) 100vw, 455px\" \/>\t\t\t\t\t\t\t\t\t\t\t<\/p>\n<h2>Synopsis<\/h2>\n<p>Tout public\u00a0<\/p>\n<p>Depuis toujours, l\u2019humanit\u00e9 l\u00e8ve les yeux vers les \u00e9toiles en qu\u00eate de r\u00e9ponses\u2026 et cette fois, l\u2019univers a r\u00e9pondu ! Elio, un gar\u00e7on de 11 ans r\u00eaveur et passionn\u00e9 d\u2019espace, peine \u00e0 trouver sa place sur Terre. Mais sa vie bascule lorsqu\u2019il est myst\u00e9rieusement t\u00e9l\u00e9port\u00e9 dans le Communiverse \u2014 une organisation intergalactique rassemblant des repr\u00e9sentants (aussi \u00e9tranges que fascinants) de galaxies lointaines. Pris par erreur pour l\u2019ambassadeur officiel de la Terre, il se retrouve propuls\u00e9 au c\u0153ur d\u2019une mission aussi p\u00e9rilleuse qu\u2019extraordinaire. Heureusement, il pourra compter sur Glordon, un extraterrestre aussi loufoque qu\u2019attachant, et sur sa tante Olga, qui veille sur lui depuis la Terre. Au cours de cette aventure hors du commun, Elio devra prouver qu\u2019il est le digne repr\u00e9sentant des humains tout en d\u00e9couvrant qui il est vraiment et o\u00f9 se trouve sa place.<\/p>\n<p>\u00a0<\/p>\n<h4>S\u00c9ANCES<\/h4>\n<ul>\n<li >\n\t\t\t\t\t\t\t\t\t\tdimanche 13 juillet 18h\n\t\t\t\t\t\t\t\t\t<\/li>\n<\/ul>\n<h4>INFOS SUR LE FILM<\/h4>\n<p>\t\t<a href=\"https:\/\/www.allocine.fr\/film\/agenda\/sem-2025-06-18\/\"> 18 juin 2025 <\/a>  en salle  | 1h 39min | <a href=\"https:\/\/www.allocine.fr\/films\/genre-13001\/\">Aventure<\/a>, <a href=\"https:\/\/www.allocine.fr\/films\/genre-13026\/\">Animation<\/a>, <a href=\"https:\/\/www.allocine.fr\/films\/genre-13005\/\">Com\u00e9die<\/a>, <a href=\"https:\/\/www.allocine.fr\/films\/genre-13036\/\">Famille<\/a>, <a href=\"https:\/\/www.allocine.fr\/films\/genre-13021\/\">Science Fiction<\/a>De <a href=\"https:\/\/www.allocine.fr\/personne\/fichepersonne_gen_cpersonne=922019.html\">Madeline Sharafian<\/a>, <a href=\"https:\/\/www.allocine.fr\/personne\/fichepersonne_gen_cpersonne=837712.html\">Domee Shi<\/a>, <a href=\"https:\/\/www.allocine.fr\/personne\/fichepersonne_gen_cpersonne=797706.html\">Adrian Molina<\/a>Avec <a href=\"https:\/\/www.allocine.fr\/personne\/fichepersonne_gen_cpersonne=1000044534.html\">Nathan Dupont<\/a>, <a href=\"https:\/\/www.allocine.fr\/personne\/fichepersonne_gen_cpersonne=928484.html\">Yonas Kibreab<\/a>, <a href=\"https:\/\/www.allocine.fr\/personne\/fichepersonne_gen_cpersonne=156875.html\">Zita Hanrot<\/a><br \/>\n\t\t\t<a href=\"https:\/\/www.youtube.com\/watch?v=YFf11ls4fPI\" target=\"_blank\" role=\"button\" rel=\"noopener\"><br \/>\n\t\t\t\t\t\tVOIR LA BANDE ANNONCE<br \/>\n\t\t\t\t\t<\/a><br \/>\n\t\t\t<a href=\"#top\" role=\"button\"><br \/>\n\t\t\t\t\t\thaut de la page<br \/>\n\t\t\t\t\t<\/a><\/p>\n<h4>28 ans plus tard (vo) (int &#8211; de 16 ans)<\/h4>\n<p>\t\t\t\t\t\t\t\t\t\t<img width=\"730\" height=\"913\" src=\"http:\/\/lelalano.fr\/wp-content\/uploads\/2025\/06\/28-ans-plus-tard-819x1024.jpg\" alt=\"\" decoding=\"async\" loading=\"lazy\" srcset=\"http:\/\/lelalano.fr\/wp-content\/uploads\/2025\/06\/28-ans-plus-tard-819x1024.jpg 819w, http:\/\/lelalano.fr\/wp-content\/uploads\/2025\/06\/28-ans-plus-tard-240x300.jpg 240w, http:\/\/lelalano.fr\/wp-content\/uploads\/2025\/06\/28-ans-plus-tard-768x960.jpg 768w, http:\/\/lelalano.fr\/wp-content\/uploads\/2025\/06\/28-ans-plus-tard.jpg 864w\" sizes=\"(max-width: 730px) 100vw, 730px\" \/>\t\t\t\t\t\t\t\t\t\t\t<\/p>\n<h2>Synopsis<\/h2>\n<p>Interdit &#8211; 16 ans\u00a0<\/p>\n<p>Danny Boyle, r\u00e9alisateur oscaris\u00e9, et Alex Garland, sc\u00e9nariste nomm\u00e9 \u00e0 l\u2019Oscar, se retrouvent pour 28 ANS PLUS TARD, nouvel opus terrifiant de la saga initi\u00e9e par le film 28 JOURS PLUS TARD.<\/p>\n<p>Cela fait pr\u00e8s de trente ans que le Virus de la Fureur s\u2019est \u00e9chapp\u00e9 d\u2019un laboratoire d\u2019armement biologique. Alors qu\u2019un confinement tr\u00e8s strict a \u00e9t\u00e9 mis en place, certains ont trouv\u00e9 le moyen de survivre parmi les personnes infect\u00e9es. C\u2019est ainsi qu\u2019une communaut\u00e9 de rescap\u00e9s s\u2019est r\u00e9fugi\u00e9e sur une petite \u00eele seulement reli\u00e9e au continent par une route, plac\u00e9e sous haute protection. Lorsque l\u2019un des habitants de l\u2019\u00eele est envoy\u00e9 en mission sur le continent, il d\u00e9couvre que non seulement les infect\u00e9s ont mut\u00e9, mais que d\u2019autres survivants aussi, dans un contexte \u00e0 la fois myst\u00e9rieux et terrifiant\u2026<\/p>\n<p>\u00a0<\/p>\n<h4>S\u00c9ANCES<\/h4>\n<ul>\n<li >\n\t\t\t\t\t\t\t\t\t\tmardi 15 juillet 20h45 (vostfr) (int &#8211; 16 ans)\n\t\t\t\t\t\t\t\t\t<\/li>\n<\/ul>\n<h4>INFOS SUR LE FILM<\/h4>\n<p>\t\t<a href=\"https:\/\/www.allocine.fr\/film\/agenda\/sem-2025-06-18\/\"> 18 juin 2025 <\/a>  en salle  | 1h 55min | <a href=\"https:\/\/www.allocine.fr\/films\/genre-13009\/\">Epouvante-horreur<\/a>, <a href=\"https:\/\/www.allocine.fr\/films\/genre-13023\/\">Thriller<\/a>De <a href=\"https:\/\/www.allocine.fr\/personne\/fichepersonne_gen_cpersonne=17042.html\">Danny Boyle<\/a>Par <a href=\"https:\/\/www.allocine.fr\/personne\/fichepersonne_gen_cpersonne=91203.html\">Alex Garland<\/a>Avec <a href=\"https:\/\/www.allocine.fr\/personne\/fichepersonne_gen_cpersonne=82306.html\">Aaron Taylor-Johnson<\/a>, <a href=\"https:\/\/www.allocine.fr\/personne\/fichepersonne_gen_cpersonne=606051.html\">Jodie Comer<\/a>, <a href=\"https:\/\/www.allocine.fr\/personne\/fichepersonne_gen_cpersonne=983243.html\">Alfie Williams<\/a>Titre original  28 Years Later<br \/>\n\t\t\t<a href=\"https:\/\/www.youtube.com\/watch?v=FT8sbYmsxVg\" target=\"_blank\" role=\"button\" rel=\"noopener\"><br \/>\n\t\t\t\t\t\tVoir la bande annonce<br \/>\n\t\t\t\t\t<\/a><br \/>\n\t\t\t<a href=\"#top\" role=\"button\"><br \/>\n\t\t\t\t\t\thaut de la page<br \/>\n\t\t\t\t\t<\/a><\/p>\n","protected":false},"excerpt":{"rendered":"<p>Petit R\u00e9cap&#8217; de la semaine mercredi 09 juillet Dragons \u00e0 16h Life of Chuck \u00e0 20h45 (vo) samedi 12 juillet Dragons \u00e0 20h45 dimanche 13 juillet Elio \u00e0 18h mardi 15 juillet 28 ans plus tard \u00e0 20h45 (vo) (int &#8211; de 16 ans) Dragons Synopsis Tout public\u00a0 Sur l&#8217;\u00eele escarp\u00e9e de Beurk, o\u00f9 depuis<span class=\"read-more-wrap\"><a class=\"moretag\" href=\"https:\/\/lelalano.fr\/index.php\/semaine-du-mer-09-juillet-au-mar-15-juillet-2025\/\">Lire la suite<span class=\"screen-reader-text\">Semaine du Mer. 09 juillet au Mar. 15 juillet 2025<\/span><\/a><\/span><\/p>\n","protected":false},"author":1,"featured_media":0,"parent":0,"menu_order":0,"comment_status":"closed","ping_status":"closed","template":"","meta":{"footnotes":""},"_links":{"self":[{"href":"https:\/\/lelalano.fr\/index.php\/wp-json\/wp\/v2\/pages\/13033"}],"collection":[{"href":"https:\/\/lelalano.fr\/index.php\/wp-json\/wp\/v2\/pages"}],"about":[{"href":"https:\/\/lelalano.fr\/index.php\/wp-json\/wp\/v2\/types\/page"}],"author":[{"embeddable":true,"href":"https:\/\/lelalano.fr\/index.php\/wp-json\/wp\/v2\/users\/1"}],"replies":[{"embeddable":true,"href":"https:\/\/lelalano.fr\/index.php\/wp-json\/wp\/v2\/comments?post=13033"}],"version-history":[{"count":19,"href":"https:\/\/lelalano.fr\/index.php\/wp-json\/wp\/v2\/pages\/13033\/revisions"}],"predecessor-version":[{"id":13056,"href":"https:\/\/lelalano.fr\/index.php\/wp-json\/wp\/v2\/pages\/13033\/revisions\/13056"}],"wp:attachment":[{"href":"https:\/\/lelalano.fr\/index.php\/wp-json\/wp\/v2\/media?parent=13033"}],"curies":[{"name":"wp","href":"https:\/\/api.w.org\/{rel}","templated":true}]}}