{"id":13200,"date":"2025-07-19T20:19:30","date_gmt":"2025-07-19T18:19:30","guid":{"rendered":"http:\/\/lelalano.fr\/?page_id=13200"},"modified":"2025-07-20T19:55:46","modified_gmt":"2025-07-20T17:55:46","slug":"semaine-du-mer-27-aout-au-mar-02-sept-2025","status":"publish","type":"page","link":"https:\/\/lelalano.fr\/index.php\/semaine-du-mer-27-aout-au-mar-02-sept-2025\/","title":{"rendered":"Semaine du Mer. 27 ao\u00fbt au Mar. 02 septembre 2025"},"content":{"rendered":"<h4>Petit R\u00e9cap&#8217; de la semaine<\/h4>\n<p>\t\t\t\t\t\t\t\t\t\t\t\tmercredi 27 ao\u00fbt\t\t\t\t\t<\/p>\n<ul>\n<li><a href=\"#les4\">Les 4 Fantastiques : Premiers pas<\/a>\u00a0\u00e0 16h<\/li>\n<li><a href=\"#cer\">Certains l&#8217;aiment chauve<\/a> \u00e0 20h45<\/li>\n<\/ul>\n<p>\t\t\t\t\t\t\t\t\t\t\t\tsamedi 30 ao\u00fbt\t\t\t\t\t<\/p>\n<ul>\n<li><a href=\"#lesb\">Les Bads Guys 2<\/a> \u00e0 20h45<\/li>\n<\/ul>\n<p>\t\t\t\t\t\t\t\t\t\t\t\tdimanche 31 ao\u00fbt\t\t\t\t\t<\/p>\n<ul>\n<li><a href=\"#isl\">Islands<\/a>\u00e0 20h45 (vo)<\/li>\n<\/ul>\n<p>\t\t\t\t\t\t\t\t\t\t\t\tmardi 02 sept\t\t\t\t\t<\/p>\n<ul>\n<li><a href=\"#aux\">Aux jours qui viennent<\/a> \u00e0 20h45\u00a0 <\/li>\n<\/ul>\n<h4>Les 4 Fantastiques : Premiers pas<\/h4>\n<p>\t\t\t\t\t\t\t\t\t\t<img width=\"510\" height=\"755\" src=\"http:\/\/lelalano.fr\/wp-content\/uploads\/2025\/07\/Les-4-Fantastiques-Premiers-pas.jpg\" alt=\"\" decoding=\"async\" loading=\"lazy\" srcset=\"http:\/\/lelalano.fr\/wp-content\/uploads\/2025\/07\/Les-4-Fantastiques-Premiers-pas.jpg 510w, http:\/\/lelalano.fr\/wp-content\/uploads\/2025\/07\/Les-4-Fantastiques-Premiers-pas-203x300.jpg 203w\" sizes=\"(max-width: 510px) 100vw, 510px\" \/>\t\t\t\t\t\t\t\t\t\t\t<\/p>\n<h2>Synopsis<\/h2>\n<p>Avec pour toile de fond un monde r\u00e9tro-futuriste inspir\u00e9 des ann\u00e9es 1960, \u201c Les 4 Fantastiques : Premiers pas \u201d de Marvel Studios pr\u00e9sente la premi\u00e8re Famille Marvel : Reed Richards\/M. Fantastique, Sue Storm\/La Femme Invisible, Johnny Storm\/La Torche Humaine et Ben Grimm\/La Chose alors qu&#8217;ils affrontent leur plus grand d\u00e9fi.\t\t<\/p>\n<h4>S\u00c9ANCES<\/h4>\n<ul>\n<li >\n\t\t\t\t\t\t\t\t\t\tmercredi 27 ao\u00fbt 16h\n\t\t\t\t\t\t\t\t\t<\/li>\n<\/ul>\n<h4>INFOS SUR LE FILM<\/h4>\n<p>\t\t<a href=\"https:\/\/www.allocine.fr\/film\/agenda\/sem-2025-07-23\/\"> 23 juillet 2025 <\/a>  en salle  | 1h 55min | <a href=\"https:\/\/www.allocine.fr\/films\/genre-13025\/\">Action<\/a>, <a href=\"https:\/\/www.allocine.fr\/films\/genre-13012\/\">Fantastique<\/a>De <a href=\"https:\/\/www.allocine.fr\/personne\/fichepersonne_gen_cpersonne=120130.html\">Matt Shakman<\/a>Par <a href=\"https:\/\/www.allocine.fr\/personne\/fichepersonne_gen_cpersonne=77617.html\">Josh Friedman<\/a>, <a href=\"https:\/\/www.allocine.fr\/personne\/fichepersonne_gen_cpersonne=535826.html\">Jeff Kaplan<\/a>Avec <a href=\"https:\/\/www.allocine.fr\/personne\/fichepersonne_gen_cpersonne=213564.html\">Pedro Pascal<\/a>, <a href=\"https:\/\/www.allocine.fr\/personne\/fichepersonne_gen_cpersonne=535366.html\">Vanessa Kirby<\/a>, <a href=\"https:\/\/www.allocine.fr\/personne\/fichepersonne_gen_cpersonne=802430.html\">Joseph Quinn<\/a>Titre original  The Fantastic Four: First Steps<br \/>\n\t\t\t<a href=\"https:\/\/www.youtube.com\/watch?v=sdPlkUZE98I\" target=\"_blank\" role=\"button\" rel=\"noopener\"><br \/>\n\t\t\t\t\t\tbande annonce<br \/>\n\t\t\t\t\t<\/a><br \/>\n\t\t\t<a href=\"#top\" role=\"button\"><br \/>\n\t\t\t\t\t\thaut de la page<br \/>\n\t\t\t\t\t<\/a><\/p>\n<h4>Certains l&#8217;aiment chauve<br \/>\n<\/h4>\n<p>\t\t\t\t\t\t\t\t\t\t<img width=\"730\" height=\"973\" src=\"http:\/\/lelalano.fr\/wp-content\/uploads\/2025\/07\/Certains-l_aiment-chauve-768x1024.jpg\" alt=\"\" decoding=\"async\" loading=\"lazy\" srcset=\"http:\/\/lelalano.fr\/wp-content\/uploads\/2025\/07\/Certains-l_aiment-chauve-768x1024.jpg 768w, http:\/\/lelalano.fr\/wp-content\/uploads\/2025\/07\/Certains-l_aiment-chauve-225x300.jpg 225w, http:\/\/lelalano.fr\/wp-content\/uploads\/2025\/07\/Certains-l_aiment-chauve.jpg 810w\" sizes=\"(max-width: 730px) 100vw, 730px\" \/>\t\t\t\t\t\t\t\t\t\t\t<\/p>\n<h2>Synopsis<\/h2>\n<p>Tout public\u00a0<\/p>\n<p>Zacharie, tout juste trentenaire, file le parfait amour avec Romy. Du jour au lendemain, cette derni\u00e8re le quitte lorsqu\u2019elle comprend ce que le futur lui r\u00e9serve : une calvitie pr\u00e9coce. Dans six mois, il sera chauve comme un genou. Pour l\u2019\u00e9pauler, Il contacte son oncle Joseph qui connait bien le sujet. Au fil de rencontres improbables, de traitements chocs et de strat\u00e9gies bancales, il va devoir se battre contre son destin !<\/p>\n<h4>S\u00c9ANCES<\/h4>\n<ul>\n<li >\n\t\t\t\t\t\t\t\t\t\tmercredi 27 ao\u00fbt 20h45\n\t\t\t\t\t\t\t\t\t<\/li>\n<\/ul>\n<h4>INFOS SUR LE FILM<\/h4>\n<p>\t\t<a href=\"https:\/\/www.allocine.fr\/film\/agenda\/sem-2025-07-16\/\"> 16 juillet 2025 <\/a>  en salle  | 1h 22min | <a href=\"https:\/\/www.allocine.fr\/films\/genre-13005\/\">Com\u00e9die<\/a>De <a href=\"https:\/\/www.allocine.fr\/personne\/fichepersonne_gen_cpersonne=195162.html\">Camille Delamarre<\/a>Par <a href=\"https:\/\/www.allocine.fr\/personne\/fichepersonne_gen_cpersonne=634844.html\">Antonin Fourlon<\/a>Avec <a href=\"https:\/\/www.allocine.fr\/personne\/fichepersonne_gen_cpersonne=499997.html\">Kev Adams<\/a>, <a href=\"https:\/\/www.allocine.fr\/personne\/fichepersonne_gen_cpersonne=83303.html\">Micha\u00ebl Youn<\/a>, <a href=\"https:\/\/www.allocine.fr\/personne\/fichepersonne_gen_cpersonne=650046.html\">Rayane Bensetti<\/a><br \/>\n\t\t\t<a href=\"https:\/\/www.youtube.com\/watch?v=TZRQJSNg8fg\" target=\"_blank\" role=\"button\" rel=\"noopener\"><br \/>\n\t\t\t\t\t\tVOIR LA BANDE ANNONCE<br \/>\n\t\t\t\t\t<\/a><br \/>\n\t\t\t<a href=\"#top\" role=\"button\"><br \/>\n\t\t\t\t\t\thaut de la page<br \/>\n\t\t\t\t\t<\/a><\/p>\n<h4>Les Bad Guys 2<br \/>\n<\/h4>\n<p>\t\t\t\t\t\t\t\t\t\t<img width=\"730\" height=\"913\" src=\"http:\/\/lelalano.fr\/wp-content\/uploads\/2025\/07\/bad-guys2-819x1024.jpg\" alt=\"\" decoding=\"async\" loading=\"lazy\" srcset=\"http:\/\/lelalano.fr\/wp-content\/uploads\/2025\/07\/bad-guys2-819x1024.jpg 819w, http:\/\/lelalano.fr\/wp-content\/uploads\/2025\/07\/bad-guys2-240x300.jpg 240w, http:\/\/lelalano.fr\/wp-content\/uploads\/2025\/07\/bad-guys2-768x960.jpg 768w, http:\/\/lelalano.fr\/wp-content\/uploads\/2025\/07\/bad-guys2.jpg 864w\" sizes=\"(max-width: 730px) 100vw, 730px\" \/>\t\t\t\t\t\t\t\t\t\t\t<\/p>\n<h2>Synopsis<\/h2>\n<p>Les criminels animaliers s&#8217;efforcent de se faire \u00e0 leur nouvelle vie de gentils. Bient\u00f4t, ils sont tir\u00e9s de leur retraite et forc\u00e9s de faire &#8220;un dernier travail&#8221; par une \u00e9quipe enti\u00e8rement f\u00e9minine.<\/p>\n<p>\u00a0<\/p>\n<h4>S\u00c9ANCES<\/h4>\n<ul>\n<li >\n\t\t\t\t\t\t\t\t\t\tsamedi 30 ao\u00fbt 20h45\n\t\t\t\t\t\t\t\t\t<\/li>\n<\/ul>\n<h4>INFOS SUR LE FILM<\/h4>\n<p>\t\t<a href=\"https:\/\/www.allocine.fr\/film\/agenda\/sem-2025-07-30\/\"> 30 juillet 2025 <\/a>  en salle  | 1h 44min | <a href=\"https:\/\/www.allocine.fr\/films\/genre-13026\/\">Animation<\/a>, <a href=\"https:\/\/www.allocine.fr\/films\/genre-13005\/\">Com\u00e9die<\/a>, <a href=\"https:\/\/www.allocine.fr\/films\/genre-13036\/\">Famille<\/a>De <a href=\"https:\/\/www.allocine.fr\/personne\/fichepersonne_gen_cpersonne=409675.html\">Pierre Perifel<\/a>, <a href=\"https:\/\/www.allocine.fr\/personne\/fichepersonne_gen_cpersonne=839090.html\">Juan Pablo Sans<\/a>Par <a href=\"https:\/\/www.allocine.fr\/personne\/fichepersonne_gen_cpersonne=171984.html\">Aaron Blabey<\/a>Avec <a href=\"https:\/\/www.allocine.fr\/personne\/fichepersonne_gen_cpersonne=228780.html\">Pierre Niney<\/a>, <a href=\"https:\/\/www.allocine.fr\/personne\/fichepersonne_gen_cpersonne=19781.html\">Sam Rockwell<\/a>, <a href=\"https:\/\/www.allocine.fr\/personne\/fichepersonne_gen_cpersonne=222195.html\">Jean-Pascal Zadi<\/a>Titre original  The Bad Guys 2\u00e0 partir de 6 ans<br \/>\n\t\t\t<a href=\"https:\/\/www.youtube.com\/watch?v=NAX4N6FzPbs&amp;t=1s\" target=\"_blank\" role=\"button\" rel=\"noopener\"><br \/>\n\t\t\t\t\t\tVoir la bande annonce<br \/>\n\t\t\t\t\t<\/a><br \/>\n\t\t\t<a href=\"#top\" role=\"button\"><br \/>\n\t\t\t\t\t\thaut de la page<br \/>\n\t\t\t\t\t<\/a><\/p>\n<h4>Islands<br \/>\n<\/h4>\n<p>\t\t\t\t\t\t\t\t\t\t<img width=\"730\" height=\"973\" src=\"http:\/\/lelalano.fr\/wp-content\/uploads\/2025\/07\/Islands-768x1024.jpg\" alt=\"\" decoding=\"async\" loading=\"lazy\" srcset=\"http:\/\/lelalano.fr\/wp-content\/uploads\/2025\/07\/Islands-768x1024.jpg 768w, http:\/\/lelalano.fr\/wp-content\/uploads\/2025\/07\/Islands-225x300.jpg 225w, http:\/\/lelalano.fr\/wp-content\/uploads\/2025\/07\/Islands.jpg 810w\" sizes=\"(max-width: 730px) 100vw, 730px\" \/>\t\t\t\t\t\t\t\t\t\t\t<\/p>\n<h2>Synopsis<\/h2>\n<p>\u00a0Tout public\u00a0<\/p>\n<p>Coach de tennis dans un complexe h\u00f4telier, Tom m\u00e8ne une vie sans attaches au rythme de vir\u00e9es nocturnes alcoolis\u00e9es et de cours monotones sous le soleil de Fuerteventura. Un jour, parmi le flot incessant des vacanciers, d\u00e9barque sur l\u2019\u00eele Anne, accompagn\u00e9e de son fils et de son mari. Tom accepte de jouer le guide touristique pour la famille et tr\u00e8s vite d\u2019\u00e9tranges liens commencent \u00e0 se nouer entre eux.<\/p>\n<h4>S\u00c9ANCES<\/h4>\n<ul>\n<li >\n\t\t\t\t\t\t\t\t\t\tdimanche 31 ao\u00fbt 20h45 (vostfr)\n\t\t\t\t\t\t\t\t\t<\/li>\n<\/ul>\n<h4>INFOS SUR LE FILM<\/h4>\n<p>\t\t<a href=\"https:\/\/www.allocine.fr\/film\/agenda\/sem-2025-07-02\/\"> 2 juillet 2025 <\/a>  en salle  | 2h 03min | <a href=\"https:\/\/www.allocine.fr\/films\/genre-13005\/\">Com\u00e9die<\/a>, <a href=\"https:\/\/www.allocine.fr\/films\/genre-13008\/\">Drame<\/a>, <a href=\"https:\/\/www.allocine.fr\/films\/genre-13023\/\">Thriller<\/a>De <a href=\"https:\/\/www.allocine.fr\/personne\/fichepersonne_gen_cpersonne=398596.html\">Jan-Ole Gerster<\/a>Par <a href=\"https:\/\/www.allocine.fr\/personne\/fichepersonne_gen_cpersonne=398596.html\">Jan-Ole Gerster<\/a>, <a href=\"https:\/\/www.allocine.fr\/personne\/fichepersonne_gen_cpersonne=248252.html\">Bla\u017e Kutin<\/a>Avec <a href=\"https:\/\/www.allocine.fr\/personne\/fichepersonne_gen_cpersonne=160726.html\">Sam Riley<\/a>, <a href=\"https:\/\/www.allocine.fr\/personne\/fichepersonne_gen_cpersonne=647368.html\">Stacy Martin<\/a>, <a href=\"https:\/\/www.allocine.fr\/personne\/fichepersonne_gen_cpersonne=621309.html\">Jack Farthing<\/a><br \/>\n\t\t\t<a href=\"https:\/\/www.youtube.com\/watch?v=YXMnKIo0VSM\" target=\"_blank\" role=\"button\" rel=\"noopener\"><br \/>\n\t\t\t\t\t\tVOIR LA BANDE ANNONCE<br \/>\n\t\t\t\t\t<\/a><br \/>\n\t\t\t<a href=\"#top\" role=\"button\"><br \/>\n\t\t\t\t\t\thaut de la page<br \/>\n\t\t\t\t\t<\/a><\/p>\n<h4>Aux jours qui viennent<\/h4>\n<p>\t\t\t\t\t\t\t\t\t\t<img width=\"680\" height=\"907\" src=\"http:\/\/lelalano.fr\/wp-content\/uploads\/2025\/07\/Aux-jours-qui-viennent.jpg\" alt=\"\" decoding=\"async\" loading=\"lazy\" srcset=\"http:\/\/lelalano.fr\/wp-content\/uploads\/2025\/07\/Aux-jours-qui-viennent.jpg 680w, http:\/\/lelalano.fr\/wp-content\/uploads\/2025\/07\/Aux-jours-qui-viennent-225x300.jpg 225w\" sizes=\"(max-width: 680px) 100vw, 680px\" \/>\t\t\t\t\t\t\t\t\t\t\t<\/p>\n<h2>Synopsis<\/h2>\n<p>Tout public avec avertissement\u00a0<\/p>\n<p>Nice, de nos jours. Laura, la trentaine, essaie de se reconstruire apr\u00e8s une relation tumultueuse avec Joachim. Elle m\u00e8ne une vie en apparence tranquille, en \u00e9levant seule sa petite fille. Mais l\u2019accident de Shirine, la nouvelle compagne de Joachim, va faire ressurgir son pass\u00e9. Les deux femmes, en proie \u00e0 la violence du m\u00eame homme, vont peu \u00e0 peu se soutenir\u2026<\/p>\n<p>\u00a0<\/p>\n<h4>S\u00c9ANCES<\/h4>\n<ul>\n<li >\n\t\t\t\t\t\t\t\t\t\tmardi 02 sept 20h45\n\t\t\t\t\t\t\t\t\t<\/li>\n<\/ul>\n<h4>INFOS SUR LE FILM<\/h4>\n<p>\t\t<a href=\"https:\/\/www.allocine.fr\/film\/agenda\/sem-2025-07-23\/\"> 23 juillet 2025 <\/a>  en salle  | 1h 40min | <a href=\"https:\/\/www.allocine.fr\/films\/genre-13002\/\">Com\u00e9die dramatique<\/a>De <a href=\"https:\/\/www.allocine.fr\/personne\/fichepersonne_gen_cpersonne=98956.html\">Nathalie Najem<\/a>Par <a href=\"https:\/\/www.allocine.fr\/personne\/fichepersonne_gen_cpersonne=98956.html\">Nathalie Najem<\/a>Avec <a href=\"https:\/\/www.allocine.fr\/personne\/fichepersonne_gen_cpersonne=156875.html\">Zita Hanrot<\/a>, <a href=\"https:\/\/www.allocine.fr\/personne\/fichepersonne_gen_cpersonne=252531.html\">Bastien Bouillon<\/a>, <a href=\"https:\/\/www.allocine.fr\/personne\/fichepersonne_gen_cpersonne=758669.html\">Alexia Chardard<\/a>\u00a0<br \/>\n\t\t\t<a href=\"https:\/\/www.youtube.com\/watch?v=IUAYzma-gfY\" target=\"_blank\" role=\"button\" rel=\"noopener\"><br \/>\n\t\t\t\t\t\tVoir la bande annonce<br \/>\n\t\t\t\t\t<\/a><br \/>\n\t\t\t<a href=\"#top\" role=\"button\"><br \/>\n\t\t\t\t\t\thaut de la page<br \/>\n\t\t\t\t\t<\/a><\/p>\n","protected":false},"excerpt":{"rendered":"<p>Petit R\u00e9cap&#8217; de la semaine mercredi 27 ao\u00fbt Les 4 Fantastiques : Premiers pas\u00a0\u00e0 16h Certains l&#8217;aiment chauve \u00e0 20h45 samedi 30 ao\u00fbt Les Bads Guys 2 \u00e0 20h45 dimanche 31 ao\u00fbt Islands\u00e0 20h45 (vo) mardi 02 sept Aux jours qui viennent \u00e0 20h45\u00a0 Les 4 Fantastiques : Premiers pas Synopsis Avec pour toile de<span class=\"read-more-wrap\"><a class=\"moretag\" href=\"https:\/\/lelalano.fr\/index.php\/semaine-du-mer-27-aout-au-mar-02-sept-2025\/\">Lire la suite<span class=\"screen-reader-text\">Semaine du Mer. 27 ao\u00fbt au Mar. 02 septembre 2025<\/span><\/a><\/span><\/p>\n","protected":false},"author":1,"featured_media":0,"parent":0,"menu_order":0,"comment_status":"closed","ping_status":"closed","template":"","meta":{"footnotes":""},"_links":{"self":[{"href":"https:\/\/lelalano.fr\/index.php\/wp-json\/wp\/v2\/pages\/13200"}],"collection":[{"href":"https:\/\/lelalano.fr\/index.php\/wp-json\/wp\/v2\/pages"}],"about":[{"href":"https:\/\/lelalano.fr\/index.php\/wp-json\/wp\/v2\/types\/page"}],"author":[{"embeddable":true,"href":"https:\/\/lelalano.fr\/index.php\/wp-json\/wp\/v2\/users\/1"}],"replies":[{"embeddable":true,"href":"https:\/\/lelalano.fr\/index.php\/wp-json\/wp\/v2\/comments?post=13200"}],"version-history":[{"count":15,"href":"https:\/\/lelalano.fr\/index.php\/wp-json\/wp\/v2\/pages\/13200\/revisions"}],"predecessor-version":[{"id":13223,"href":"https:\/\/lelalano.fr\/index.php\/wp-json\/wp\/v2\/pages\/13200\/revisions\/13223"}],"wp:attachment":[{"href":"https:\/\/lelalano.fr\/index.php\/wp-json\/wp\/v2\/media?parent=13200"}],"curies":[{"name":"wp","href":"https:\/\/api.w.org\/{rel}","templated":true}]}}