{"id":13289,"date":"2025-07-24T10:32:11","date_gmt":"2025-07-24T08:32:11","guid":{"rendered":"http:\/\/lelalano.fr\/?page_id=13289"},"modified":"2025-08-26T11:58:45","modified_gmt":"2025-08-26T09:58:45","slug":"cycle-1-2025-2026","status":"publish","type":"page","link":"https:\/\/lelalano.fr\/index.php\/cycle-1-2025-2026\/","title":{"rendered":"Cycle 1 2025-2026"},"content":{"rendered":"<h4>Synth\u00e8se<\/h4>\n<p>\t\t\t\t\t\t\t\t\t\t\t\tPremier Trimestre\t\t\t\t\t<\/p>\n<h4><a href=\"#pet\">Petits contes sous l&#8217;oc\u00e9an<\/a><\/h4>\n<p>mardi 07\/10\/25 10h<\/p>\n<p>jeudi 20\/11\/25 10h<\/p>\n<p>\u00a0<\/p>\n<p>\t\t\t\t\t\t\t\t\t\t\t\tSecond Trimestre\t\t\t\t\t<\/p>\n<section data-id=\"34a4d17\" data-element_type=\"section\">\n<h4><a href=\"#bon\">Bonjour le Monde !<\/a><\/h4>\n<p>mard1 13\/01\/26 10h<\/p>\n<p>jeudi 05\/02\/26 10h<\/p>\n<\/section>\n<p>\u00a0<\/p>\n<p><em>\u00a0<\/em><\/p>\n<p>\t\t\t\t\t\t\t\t\t\t\t\tTroisi\u00e8me Trimestre\t\t\t\t\t<\/p>\n<section data-id=\"d876c1b\" data-element_type=\"section\">\n<h4><a href=\"#une guitare\">Une guitare \u00e0 la mer<\/a><\/h4>\n<p>mardi 05\/05\/26 10h<\/p>\n<p>jeudi 21\/05\/25 10h<\/p>\n<\/section>\n<h4>\u00a0<\/h4>\n<p>\u00a0<\/p>\n<p><em>\u00a0<\/em><\/p>\n<h4>Petits contes sous l&#8217;oc\u00e9an<\/h4>\n<p>\t\t\t\t\t\t\t\t\t\t<img width=\"400\" height=\"550\" src=\"http:\/\/lelalano.fr\/wp-content\/uploads\/2025\/07\/Affiche-petits-contes-sous-locean-.jpg\" alt=\"\" decoding=\"async\" loading=\"lazy\" srcset=\"http:\/\/lelalano.fr\/wp-content\/uploads\/2025\/07\/Affiche-petits-contes-sous-locean-.jpg 400w, http:\/\/lelalano.fr\/wp-content\/uploads\/2025\/07\/Affiche-petits-contes-sous-locean--218x300.jpg 218w\" sizes=\"(max-width: 400px) 100vw, 400px\" \/>\t\t\t\t\t\t\t\t\t\t\t<\/p>\n<figure class='gallery-item'>\n\t\t\t\t<a data-elementor-open-lightbox=\"default\" data-elementor-lightbox-slideshow=\"c28bd0c\" href='http:\/\/lelalano.fr\/wp-content\/uploads\/2025\/07\/Photo-1-petits-contes-sous-locean.jpg'><img width=\"150\" height=\"150\" src=\"http:\/\/lelalano.fr\/wp-content\/uploads\/2025\/07\/Photo-1-petits-contes-sous-locean-150x150.jpg\" alt=\"\" decoding=\"async\" loading=\"lazy\" \/><\/a><br \/>\n\t\t\t<\/figure>\n<figure class='gallery-item'>\n\t\t\t\t<a data-elementor-open-lightbox=\"default\" data-elementor-lightbox-slideshow=\"c28bd0c\" href='http:\/\/lelalano.fr\/wp-content\/uploads\/2025\/07\/Photo-2-petits-contes-sous-locean.jpg'><img width=\"150\" height=\"150\" src=\"http:\/\/lelalano.fr\/wp-content\/uploads\/2025\/07\/Photo-2-petits-contes-sous-locean-150x150.jpg\" alt=\"\" decoding=\"async\" loading=\"lazy\" \/><\/a><br \/>\n\t\t\t<\/figure>\n<figure class='gallery-item'>\n\t\t\t\t<a data-elementor-open-lightbox=\"default\" data-elementor-lightbox-slideshow=\"c28bd0c\" href='http:\/\/lelalano.fr\/wp-content\/uploads\/2025\/07\/Photo-3-petits-contes-sous-locean.jpg'><img width=\"150\" height=\"150\" src=\"http:\/\/lelalano.fr\/wp-content\/uploads\/2025\/07\/Photo-3-petits-contes-sous-locean-150x150.jpg\" alt=\"\" decoding=\"async\" loading=\"lazy\" \/><\/a><br \/>\n\t\t\t<\/figure>\n<figure class='gallery-item'>\n\t\t\t\t<a data-elementor-open-lightbox=\"default\" data-elementor-lightbox-slideshow=\"c28bd0c\" href='http:\/\/lelalano.fr\/wp-content\/uploads\/2025\/07\/Photo-4-petits-contes-sous-locean.jpg'><img width=\"150\" height=\"150\" src=\"http:\/\/lelalano.fr\/wp-content\/uploads\/2025\/07\/Photo-4-petits-contes-sous-locean-150x150.jpg\" alt=\"\" decoding=\"async\" loading=\"lazy\" \/><\/a><br \/>\n\t\t\t<\/figure>\n<figure class='gallery-item'>\n\t\t\t\t<a data-elementor-open-lightbox=\"default\" data-elementor-lightbox-slideshow=\"c28bd0c\" href='http:\/\/lelalano.fr\/wp-content\/uploads\/2025\/07\/Photo-6-petits-contes-sous-locean.jpg'><img width=\"150\" height=\"150\" src=\"http:\/\/lelalano.fr\/wp-content\/uploads\/2025\/07\/Photo-6-petits-contes-sous-locean-150x150.jpg\" alt=\"\" decoding=\"async\" loading=\"lazy\" \/><\/a><br \/>\n\t\t\t<\/figure>\n<figure class='gallery-item'>\n\t\t\t\t<a data-elementor-open-lightbox=\"default\" data-elementor-lightbox-slideshow=\"c28bd0c\" href='http:\/\/lelalano.fr\/wp-content\/uploads\/2025\/07\/Photo-7-petits-contes-sous-locean.jpg'><img width=\"150\" height=\"150\" src=\"http:\/\/lelalano.fr\/wp-content\/uploads\/2025\/07\/Photo-7-petits-contes-sous-locean-150x150.jpg\" alt=\"\" decoding=\"async\" loading=\"lazy\" \/><\/a><br \/>\n\t\t\t<\/figure>\n<figure class='gallery-item'>\n\t\t\t\t<a data-elementor-open-lightbox=\"default\" data-elementor-lightbox-slideshow=\"c28bd0c\" href='http:\/\/lelalano.fr\/wp-content\/uploads\/2025\/07\/Photo-8-petits-contes-sous-locean.jpg'><img width=\"150\" height=\"150\" src=\"http:\/\/lelalano.fr\/wp-content\/uploads\/2025\/07\/Photo-8-petits-contes-sous-locean-150x150.jpg\" alt=\"\" decoding=\"async\" loading=\"lazy\" \/><\/a><br \/>\n\t\t\t<\/figure>\n<figure class='gallery-item'>\n\t\t\t\t<a data-elementor-open-lightbox=\"default\" data-elementor-lightbox-slideshow=\"c28bd0c\" href='http:\/\/lelalano.fr\/wp-content\/uploads\/2025\/07\/Photo-9-petits-contes-sous-locean.jpg'><img width=\"150\" height=\"150\" src=\"http:\/\/lelalano.fr\/wp-content\/uploads\/2025\/07\/Photo-9-petits-contes-sous-locean-150x150.jpg\" alt=\"\" decoding=\"async\" loading=\"lazy\" \/><\/a><br \/>\n\t\t\t<\/figure>\n<h2>Ressources :<\/h2>\n<ul>\n<li><a href=\"http:\/\/lelalano.fr\/wp-content\/uploads\/2025\/07\/Dossier-Pedagogique-Petits-contes-sous-locean.pdf\" target=\"_blank\" rel=\"noopener\">Dossier p\u00e9dagogique<\/a><\/li>\n<\/ul>\n<p><strong>R\u00e9alis\u00e9 par :<\/strong> Anastasiya Sokolova, Jakub Kouril et Ursula Ulmi<\/p>\n<p><strong>Date de sortie :<\/strong> 2024<\/p>\n<p><strong>Dur\u00e9e :<\/strong> 0h40<\/p>\n<p><strong>\u00c2ge conseill\u00e9 :<\/strong> Tous publics, \u00e0 partir de 3 ans<\/p>\n<p><strong>Genre : <\/strong>Animation<\/p>\n<h2>Synopsis :<\/h2>\n<p><em>A<\/em>Un programme de 5 courts-m\u00e9trages pour plonger dans les mondes marins\u2026 Partez sur les traces d\u2019un c\u00e9l\u00e8bre marin, d\u00e9couvrez d\u2019incroyables l\u00e9gendes insulaires, explorez des univers aquatiques merveilleux, vibrez au son de l\u2019oc\u00e9an et faites des rencontres \u00e9tonnantes \u00e0 travers ces contes. Un v\u00e9ritable voyage en immersion pour les petits comme les grands !<\/p>\n<h4><strong>Horaires des s\u00e9ances :<\/strong><\/h4>\n<ul>\n<li>mardi 07 octobre 10h<\/li>\n<li>jeudi 20 novembre 10h<\/li>\n<\/ul>\n<h4>Inscription<\/h4>\n<p>Pour vous inscrire merci d&#8217;adresser un mail \u00e0 : <strong>lelalano@yahoo.fr<\/strong> contenant les informations suivantes : nombres d&#8217;\u00e9l\u00e8ves,\u00a0 nom de l&#8217;\u00e9cole, de l&#8217;enseignant, adresse de l&#8217;\u00e9tablissement et \/ou du rpi. Num\u00e9ro de t\u00e9l\u00e9phone. Le prix de la place est fix\u00e9 cette ann\u00e9e \u00e0 3.5 \u20ac. <em>Le Conseil D\u00e9partemental des Hautes-Pyr\u00e9n\u00e9es prend en charge 1.5\u20ac par \u00e9l\u00e8ve. Le co\u00fbt pour votre \u00e9tablissement est au final de <strong>2 \u20ac par \u00e9l\u00e8ve<\/strong>.<br \/><\/em><\/p>\n<p>\t\t\t<a href=\"#synthese\"><br \/>\n\t\t\t<\/a><\/p>\n<h4>Bonjour le Monde !<\/h4>\n<p>\t\t\t\t\t\t\t\t\t\t<img width=\"400\" height=\"550\" src=\"http:\/\/lelalano.fr\/wp-content\/uploads\/2025\/07\/affiche-Bonjour-le-Monde.jpg\" alt=\"\" decoding=\"async\" loading=\"lazy\" srcset=\"http:\/\/lelalano.fr\/wp-content\/uploads\/2025\/07\/affiche-Bonjour-le-Monde.jpg 400w, http:\/\/lelalano.fr\/wp-content\/uploads\/2025\/07\/affiche-Bonjour-le-Monde-218x300.jpg 218w\" sizes=\"(max-width: 400px) 100vw, 400px\" \/>\t\t\t\t\t\t\t\t\t\t\t<\/p>\n<h2>Ressources :<\/h2>\n<p><a href=\"http:\/\/lelalano.fr\/wp-content\/uploads\/2025\/07\/Dossier-pedagogique-BLM.pdf\">Dossier-pedagogique-BLM<\/a><\/p>\n<p><strong>R\u00e9alis\u00e9 par :<\/strong> Anne\u2013Lise Koehler, Eric Serre<\/p>\n<p><strong>Pays :<\/strong> France<\/p>\n<p><strong>Date de sortie :<\/strong> 2019<\/p>\n<p><strong>Dur\u00e9e :<\/strong> 1h01<\/p>\n<p><strong>\u00c2ge conseill\u00e9 :<\/strong> Tous publics, \u00e0 partir de 4 ans<\/p>\n<p><strong>Genre :<\/strong> Animation<\/p>\n<h2>Synopsis  :<\/h2>\n<p>\t\t10 esp\u00e8ces d\u2019animaux parmi tant d\u2019autres naissent, vivent et s\u2019apprivoisent les unes les autres le long d\u2019une rivi\u00e8re\u2026 Le hibou moyen-duc prend son envol pour na\u00eetre une seconde fois et apprivoiser la nuit. Le gr\u00e8be hupp\u00e9 sillonne son territoire de p\u00eache, devenant invisible et fait la danse des algues. Le martin-p\u00eacheur dans son voyage \u00e0 la recherche d\u2019une place au soleil. La tortue cistude qui se laisse guider par l\u2019eau et d\u00e9fie le temps. La noctule de Leisler qui voit avec les oreilles la symphonie du soir. Le castor d\u2019Europe, ce b\u00e2tisseur des berges qui ne peut r\u00e9sister \u00e0 l\u2019odeur des arbres. La salamandre tachet\u00e9e explorer les deux c\u00f4t\u00e9s du monde, cette \u00e9trange merveille. Le butor \u00e9toil\u00e9, l\u2019oiseau-roseau qui r\u00eave d\u2019attraper la lune. Le grand brochet qui souhaite devenir colossal pour vivre de grandes aventures. Et enfin l\u2019anax empereur, ce combattant dont l\u2019armure est forg\u00e9e par le soleil. Tous s\u2019exclamant : \u00ab Bonjour le monde ! \u00bb.\t\t<\/p>\n<figure class='gallery-item'>\n\t\t\t\t<a data-elementor-open-lightbox=\"default\" data-elementor-lightbox-slideshow=\"19f9bb6\" href='http:\/\/lelalano.fr\/wp-content\/uploads\/2025\/07\/photo-film-Bonjour-le-Monde.jpg'><img width=\"150\" height=\"150\" src=\"http:\/\/lelalano.fr\/wp-content\/uploads\/2025\/07\/photo-film-Bonjour-le-Monde-150x150.jpg\" alt=\"\" decoding=\"async\" loading=\"lazy\" \/><\/a><br \/>\n\t\t\t<\/figure>\n<figure class='gallery-item'>\n\t\t\t\t<a data-elementor-open-lightbox=\"default\" data-elementor-lightbox-slideshow=\"19f9bb6\" href='http:\/\/lelalano.fr\/wp-content\/uploads\/2025\/07\/photo-film-Bonjour-le-Monde-2.jpg'><img width=\"150\" height=\"150\" src=\"http:\/\/lelalano.fr\/wp-content\/uploads\/2025\/07\/photo-film-Bonjour-le-Monde-2-150x150.jpg\" alt=\"\" decoding=\"async\" loading=\"lazy\" \/><\/a><br \/>\n\t\t\t<\/figure>\n<figure class='gallery-item'>\n\t\t\t\t<a data-elementor-open-lightbox=\"default\" data-elementor-lightbox-slideshow=\"19f9bb6\" href='http:\/\/lelalano.fr\/wp-content\/uploads\/2025\/07\/photo-film-Bonjour-le-Monde-3.jpg'><img width=\"150\" height=\"150\" src=\"http:\/\/lelalano.fr\/wp-content\/uploads\/2025\/07\/photo-film-Bonjour-le-Monde-3-150x150.jpg\" alt=\"\" decoding=\"async\" loading=\"lazy\" \/><\/a><br \/>\n\t\t\t<\/figure>\n<figure class='gallery-item'>\n\t\t\t\t<a data-elementor-open-lightbox=\"default\" data-elementor-lightbox-slideshow=\"19f9bb6\" href='http:\/\/lelalano.fr\/wp-content\/uploads\/2025\/07\/photo-film-Bonjour-le-Monde-5.jpg'><img width=\"150\" height=\"150\" src=\"http:\/\/lelalano.fr\/wp-content\/uploads\/2025\/07\/photo-film-Bonjour-le-Monde-5-150x150.jpg\" alt=\"\" decoding=\"async\" loading=\"lazy\" \/><\/a><br \/>\n\t\t\t<\/figure>\n<figure class='gallery-item'>\n\t\t\t\t<a data-elementor-open-lightbox=\"default\" data-elementor-lightbox-slideshow=\"19f9bb6\" href='http:\/\/lelalano.fr\/wp-content\/uploads\/2025\/07\/photo-film-Bonjour-le-Monde-8.jpg'><img width=\"150\" height=\"150\" src=\"http:\/\/lelalano.fr\/wp-content\/uploads\/2025\/07\/photo-film-Bonjour-le-Monde-8-150x150.jpg\" alt=\"\" decoding=\"async\" loading=\"lazy\" \/><\/a><br \/>\n\t\t\t<\/figure>\n<figure class='gallery-item'>\n\t\t\t\t<a data-elementor-open-lightbox=\"default\" data-elementor-lightbox-slideshow=\"19f9bb6\" href='http:\/\/lelalano.fr\/wp-content\/uploads\/2025\/07\/photo-film-Bonjour-le-Monde-9.jpg'><img width=\"150\" height=\"150\" src=\"http:\/\/lelalano.fr\/wp-content\/uploads\/2025\/07\/photo-film-Bonjour-le-Monde-9-150x150.jpg\" alt=\"\" decoding=\"async\" loading=\"lazy\" \/><\/a><br \/>\n\t\t\t<\/figure>\n<figure class='gallery-item'>\n\t\t\t\t<a data-elementor-open-lightbox=\"default\" data-elementor-lightbox-slideshow=\"19f9bb6\" href='http:\/\/lelalano.fr\/wp-content\/uploads\/2025\/07\/photo-film-Bonjour-le-Monde-15.jpg'><img width=\"150\" height=\"150\" src=\"http:\/\/lelalano.fr\/wp-content\/uploads\/2025\/07\/photo-film-Bonjour-le-Monde-15-150x150.jpg\" alt=\"\" decoding=\"async\" loading=\"lazy\" \/><\/a><br \/>\n\t\t\t<\/figure>\n<figure class='gallery-item'>\n\t\t\t\t<a data-elementor-open-lightbox=\"default\" data-elementor-lightbox-slideshow=\"19f9bb6\" href='http:\/\/lelalano.fr\/wp-content\/uploads\/2025\/07\/photo-film-Bonjour-le-Monde-16.jpg'><img width=\"150\" height=\"150\" src=\"http:\/\/lelalano.fr\/wp-content\/uploads\/2025\/07\/photo-film-Bonjour-le-Monde-16-150x150.jpg\" alt=\"\" decoding=\"async\" loading=\"lazy\" \/><\/a><br \/>\n\t\t\t<\/figure>\n<h4><strong>Horaires des s\u00e9ances :<\/strong><\/h4>\n<ul>\n<li>mardi 13 janvier 10h<\/li>\n<li>jeudi 05 f\u00e9vrier 10h<\/li>\n<\/ul>\n<h4>Inscription<\/h4>\n<p>Pour vous inscrire merci d&#8217;adresser un mail \u00e0 : <strong>lelalano@yahoo.fr<\/strong> contenant les informations suivantes : nombres d&#8217;\u00e9l\u00e8ves,\u00a0 nom de l&#8217;\u00e9cole, de l&#8217;enseignant, adresse de l&#8217;\u00e9tablissement et \/ou du rpi. Num\u00e9ro de t\u00e9l\u00e9phone. Le prix de la place est fix\u00e9 cette ann\u00e9e \u00e0 3.5 \u20ac. <em>Le Conseil D\u00e9partemental des Hautes-Pyr\u00e9n\u00e9es prend en charge 1.5\u20ac par \u00e9l\u00e8ve. Le co\u00fbt pour votre \u00e9tablissement est au final de <strong>2 \u20ac par \u00e9l\u00e8ve<\/strong>.<\/em><\/p>\n<p>\t\t\t<a href=\"#synthese\"><br \/>\n\t\t\t<\/a><\/p>\n<h4>Une guitare \u00e0 la mer<br \/>\n<\/h4>\n<p>\t\t\t\t\t\t\t\t\t\t<img width=\"400\" height=\"550\" src=\"http:\/\/lelalano.fr\/wp-content\/uploads\/2025\/07\/Affiche-film-une-guitare-a-la-mer.jpg\" alt=\"\" decoding=\"async\" loading=\"lazy\" srcset=\"http:\/\/lelalano.fr\/wp-content\/uploads\/2025\/07\/Affiche-film-une-guitare-a-la-mer.jpg 400w, http:\/\/lelalano.fr\/wp-content\/uploads\/2025\/07\/Affiche-film-une-guitare-a-la-mer-218x300.jpg 218w\" sizes=\"(max-width: 400px) 100vw, 400px\" \/>\t\t\t\t\t\t\t\t\t\t\t<\/p>\n<figure class='gallery-item'>\n\t\t\t\t<a data-elementor-open-lightbox=\"default\" data-elementor-lightbox-slideshow=\"953300e\" href='http:\/\/lelalano.fr\/wp-content\/uploads\/2025\/07\/Photo1-film-une-guitare-a-la-mer.jpg'><img width=\"150\" height=\"150\" src=\"http:\/\/lelalano.fr\/wp-content\/uploads\/2025\/07\/Photo1-film-une-guitare-a-la-mer-150x150.jpg\" alt=\"\" decoding=\"async\" loading=\"lazy\" \/><\/a><br \/>\n\t\t\t<\/figure>\n<figure class='gallery-item'>\n\t\t\t\t<a data-elementor-open-lightbox=\"default\" data-elementor-lightbox-slideshow=\"953300e\" href='http:\/\/lelalano.fr\/wp-content\/uploads\/2025\/07\/Photo2-film-une-guitare-a-la-mer.jpg'><img width=\"150\" height=\"150\" src=\"http:\/\/lelalano.fr\/wp-content\/uploads\/2025\/07\/Photo2-film-une-guitare-a-la-mer-150x150.jpg\" alt=\"\" decoding=\"async\" loading=\"lazy\" \/><\/a><br \/>\n\t\t\t<\/figure>\n<figure class='gallery-item'>\n\t\t\t\t<a data-elementor-open-lightbox=\"default\" data-elementor-lightbox-slideshow=\"953300e\" href='http:\/\/lelalano.fr\/wp-content\/uploads\/2025\/07\/Photo3-film-une-guitare-a-la-mer.jpg'><img width=\"150\" height=\"150\" src=\"http:\/\/lelalano.fr\/wp-content\/uploads\/2025\/07\/Photo3-film-une-guitare-a-la-mer-150x150.jpg\" alt=\"\" decoding=\"async\" loading=\"lazy\" \/><\/a><br \/>\n\t\t\t<\/figure>\n<figure class='gallery-item'>\n\t\t\t\t<a data-elementor-open-lightbox=\"default\" data-elementor-lightbox-slideshow=\"953300e\" href='http:\/\/lelalano.fr\/wp-content\/uploads\/2025\/07\/Photo4-film-une-guitare-a-la-mer.jpg'><img width=\"150\" height=\"150\" src=\"http:\/\/lelalano.fr\/wp-content\/uploads\/2025\/07\/Photo4-film-une-guitare-a-la-mer-150x150.jpg\" alt=\"\" decoding=\"async\" loading=\"lazy\" \/><\/a><br \/>\n\t\t\t<\/figure>\n<figure class='gallery-item'>\n\t\t\t\t<a data-elementor-open-lightbox=\"default\" data-elementor-lightbox-slideshow=\"953300e\" href='http:\/\/lelalano.fr\/wp-content\/uploads\/2025\/07\/Photo5-film-une-guitare-a-la-mer.jpg'><img width=\"150\" height=\"150\" src=\"http:\/\/lelalano.fr\/wp-content\/uploads\/2025\/07\/Photo5-film-une-guitare-a-la-mer-150x150.jpg\" alt=\"\" decoding=\"async\" loading=\"lazy\" \/><\/a><br \/>\n\t\t\t<\/figure>\n<figure class='gallery-item'>\n\t\t\t\t<a data-elementor-open-lightbox=\"default\" data-elementor-lightbox-slideshow=\"953300e\" href='http:\/\/lelalano.fr\/wp-content\/uploads\/2025\/07\/Photo6-film-une-guitare-a-la-mer.jpg'><img width=\"150\" height=\"150\" src=\"http:\/\/lelalano.fr\/wp-content\/uploads\/2025\/07\/Photo6-film-une-guitare-a-la-mer-150x150.jpg\" alt=\"\" decoding=\"async\" loading=\"lazy\" \/><\/a><br \/>\n\t\t\t<\/figure>\n<figure class='gallery-item'>\n\t\t\t\t<a data-elementor-open-lightbox=\"default\" data-elementor-lightbox-slideshow=\"953300e\" href='http:\/\/lelalano.fr\/wp-content\/uploads\/2025\/07\/Photo7-film-une-guitare-a-la-mer.jpg'><img width=\"150\" height=\"150\" src=\"http:\/\/lelalano.fr\/wp-content\/uploads\/2025\/07\/Photo7-film-une-guitare-a-la-mer-150x150.jpg\" alt=\"\" decoding=\"async\" loading=\"lazy\" \/><\/a><br \/>\n\t\t\t<\/figure>\n<h2>Ressources :<\/h2>\n<ul>\n<li><a href=\"http:\/\/lelalano.fr\/wp-content\/uploads\/2025\/07\/DOSSIER-PEDAGOGIQUE-FILM-GUITARE-A-LA-MER_compressed.pdf\">Dosssier p\u00e9dagogique<\/a><\/li>\n<\/ul>\n<p><strong>R\u00e9alis\u00e9 par :<\/strong> Sophie Roze, Pierre-Luc Granjon et Alfredo Soderguit<\/p>\n<p><strong>Pays :<\/strong> France, Suisse<\/p>\n<p><strong>Date de sortie :<\/strong> 2025<\/p>\n<p><strong>Dur\u00e9e :<\/strong> 0h56<\/p>\n<p><strong>\u00c2ge conseill\u00e9 :<\/strong> Tous publics, \u00e0 partir de 5 ans<\/p>\n<p><strong>Genre :<\/strong> Animation<\/p>\n<p>\u00a0\t\t<\/p>\n<h2>Synopsis :<\/h2>\n<p><strong>Programme de 3 courts-m\u00e9trages :<\/strong><\/p>\n<p>C\u2019est l\u2019histoire d\u2019une fouine qui voudrait vivre comme elle l\u2019entend : aller de ferme en ferme, jouer de la musique et vendre quelques cravates par-ci, par-l\u00e0. Mais les animaux des alentours se montrent rarement accueillants\u2026 Et si le bonheur c\u2019\u00e9tait de trouver un ami pour jouer de la guitare au coin du feu ?<\/p>\n<p>C\u2019est l\u2019histoire d\u2019un gar\u00e7on qui rencontre un tout petit monstre par une nuit de pleine lune. C\u2019est aussi l\u2019histoire d\u2019une famille de capybaras et d\u2019un poussin qui n\u2019auraient jamais d\u00fb se rencontrer. Ces histoires, ce sont avant tout des fables sur le bonheur d\u2019\u00eatre ensemble.<\/p>\n<h4><strong>Horaires des s\u00e9ances :<\/strong><\/h4>\n<ul>\n<li>mardi 05 mai 10h<\/li>\n<li>jeudi 21 mai 10h<\/li>\n<\/ul>\n<h4>Inscription<\/h4>\n<p>Pour vous inscrire merci d&#8217;adresser un mail \u00e0 : <strong>lelalano@yahoo.fr<\/strong> contenant les informations suivantes : nombres d&#8217;\u00e9l\u00e8ves,\u00a0 nom de l&#8217;\u00e9cole, de l&#8217;enseignant, adresse de l&#8217;\u00e9tablissement et \/ou du rpi. Num\u00e9ro de t\u00e9l\u00e9phone. Le prix de la place est fix\u00e9 cette ann\u00e9e \u00e0 3.5 \u20ac. <em>Le Conseil D\u00e9partemental des Hautes-Pyr\u00e9n\u00e9es prend en charge 1.5\u20ac par \u00e9l\u00e8ve. Le co\u00fbt pour votre \u00e9tablissement est au final de <strong>2 \u20ac par \u00e9l\u00e8ve<\/strong>.<\/em><\/p>\n<p>\t\t\t<a href=\"#synthese\"><br \/>\n\t\t\t<\/a><\/p>\n","protected":false},"excerpt":{"rendered":"<p>Synth\u00e8se Premier Trimestre Petits contes sous l&#8217;oc\u00e9an mardi 07\/10\/25 10h jeudi 20\/11\/25 10h \u00a0 Second Trimestre Bonjour le Monde ! mard1 13\/01\/26 10h jeudi 05\/02\/26 10h \u00a0 \u00a0 Troisi\u00e8me Trimestre Une guitare \u00e0 la mer mardi 05\/05\/26 10h jeudi 21\/05\/25 10h \u00a0 \u00a0 \u00a0 Petits contes sous l&#8217;oc\u00e9an Ressources : Dossier p\u00e9dagogique R\u00e9alis\u00e9 par :<span class=\"read-more-wrap\"><a class=\"moretag\" href=\"https:\/\/lelalano.fr\/index.php\/cycle-1-2025-2026\/\">Lire la suite<span class=\"screen-reader-text\">Cycle 1 2025-2026<\/span><\/a><\/span><\/p>\n","protected":false},"author":1,"featured_media":0,"parent":0,"menu_order":0,"comment_status":"closed","ping_status":"closed","template":"","meta":{"footnotes":""},"_links":{"self":[{"href":"https:\/\/lelalano.fr\/index.php\/wp-json\/wp\/v2\/pages\/13289"}],"collection":[{"href":"https:\/\/lelalano.fr\/index.php\/wp-json\/wp\/v2\/pages"}],"about":[{"href":"https:\/\/lelalano.fr\/index.php\/wp-json\/wp\/v2\/types\/page"}],"author":[{"embeddable":true,"href":"https:\/\/lelalano.fr\/index.php\/wp-json\/wp\/v2\/users\/1"}],"replies":[{"embeddable":true,"href":"https:\/\/lelalano.fr\/index.php\/wp-json\/wp\/v2\/comments?post=13289"}],"version-history":[{"count":18,"href":"https:\/\/lelalano.fr\/index.php\/wp-json\/wp\/v2\/pages\/13289\/revisions"}],"predecessor-version":[{"id":13466,"href":"https:\/\/lelalano.fr\/index.php\/wp-json\/wp\/v2\/pages\/13289\/revisions\/13466"}],"wp:attachment":[{"href":"https:\/\/lelalano.fr\/index.php\/wp-json\/wp\/v2\/media?parent=13289"}],"curies":[{"name":"wp","href":"https:\/\/api.w.org\/{rel}","templated":true}]}}