{"id":13341,"date":"2025-07-24T12:12:48","date_gmt":"2025-07-24T10:12:48","guid":{"rendered":"http:\/\/lelalano.fr\/?page_id=13341"},"modified":"2025-08-26T11:57:14","modified_gmt":"2025-08-26T09:57:14","slug":"cycle-2-2025-2026","status":"publish","type":"page","link":"https:\/\/lelalano.fr\/index.php\/cycle-2-2025-2026\/","title":{"rendered":"Cycle 2 2025-2026"},"content":{"rendered":"<h4>Synth\u00e8se<\/h4>\n<p>\t\t\t\t\t\t\t\t\t\t\t\tPremier Trimestre\t\t\t\t\t<\/p>\n<ul>\n<li><a href=\"#hol\">Hola Frida<\/a><\/li>\n<\/ul>\n<p>mardi 04\/11\/25 10h<\/p>\n<p>jeudi 27\/11\/25 14h<\/p>\n<h4>\u00a0<\/h4>\n<p>\u00a0<\/p>\n<p>\t\t\t\t\t\t\t\t\t\t\t\tSecond Trimestre\t\t\t\t\t<\/p>\n<ul>\n<li><a href=\"#sau\">Sauvages<\/a><\/li>\n<\/ul>\n<p>jeudi 15\/01\/26 14h<\/p>\n<p>mardi 10\/02\/26 10h<\/p>\n<h4>\u00a0<\/h4>\n<h4>\u00a0<\/h4>\n<p>\u00a0<\/p>\n<p>\t\t\t\t\t\t\t\t\t\t\t\tTroisi\u00e8me Trimestre\t\t\t\t\t<\/p>\n<ul>\n<li><a href=\"#une\">Une vie de chat<\/a><\/li>\n<\/ul>\n<p>jeudi 07\/05\/26 14h<\/p>\n<p>mardi 19\/05\/26 10h<\/p>\n<h4>\u00a0<\/h4>\n<h4>\u00a0<\/h4>\n<p>\u00a0<\/p>\n<h4>Hola Frida<br \/>\n<\/h4>\n<p>\t\t\t\t\t\t\t\t\t\t<img width=\"400\" height=\"550\" src=\"http:\/\/lelalano.fr\/wp-content\/uploads\/2025\/07\/Affiche-film-hola-frida.jpg\" alt=\"\" decoding=\"async\" loading=\"lazy\" srcset=\"http:\/\/lelalano.fr\/wp-content\/uploads\/2025\/07\/Affiche-film-hola-frida.jpg 400w, http:\/\/lelalano.fr\/wp-content\/uploads\/2025\/07\/Affiche-film-hola-frida-218x300.jpg 218w\" sizes=\"(max-width: 400px) 100vw, 400px\" \/>\t\t\t\t\t\t\t\t\t\t\t<\/p>\n<figure class='gallery-item'>\n\t\t\t\t<a data-elementor-open-lightbox=\"default\" data-elementor-lightbox-slideshow=\"ada3ebb\" href='http:\/\/lelalano.fr\/wp-content\/uploads\/2025\/07\/Photo1-film-hola-frida.png'><img width=\"150\" height=\"150\" src=\"http:\/\/lelalano.fr\/wp-content\/uploads\/2025\/07\/Photo1-film-hola-frida-150x150.png\" alt=\"\" decoding=\"async\" loading=\"lazy\" \/><\/a><br \/>\n\t\t\t<\/figure>\n<figure class='gallery-item'>\n\t\t\t\t<a data-elementor-open-lightbox=\"default\" data-elementor-lightbox-slideshow=\"ada3ebb\" href='http:\/\/lelalano.fr\/wp-content\/uploads\/2025\/07\/Photo2-film-hola-frida.png'><img width=\"150\" height=\"150\" src=\"http:\/\/lelalano.fr\/wp-content\/uploads\/2025\/07\/Photo2-film-hola-frida-150x150.png\" alt=\"\" decoding=\"async\" loading=\"lazy\" \/><\/a><br \/>\n\t\t\t<\/figure>\n<figure class='gallery-item'>\n\t\t\t\t<a data-elementor-open-lightbox=\"default\" data-elementor-lightbox-slideshow=\"ada3ebb\" href='http:\/\/lelalano.fr\/wp-content\/uploads\/2025\/07\/Photo3-film-hola-frida.png'><img width=\"150\" height=\"150\" src=\"http:\/\/lelalano.fr\/wp-content\/uploads\/2025\/07\/Photo3-film-hola-frida-150x150.png\" alt=\"\" decoding=\"async\" loading=\"lazy\" \/><\/a><br \/>\n\t\t\t<\/figure>\n<figure class='gallery-item'>\n\t\t\t\t<a data-elementor-open-lightbox=\"default\" data-elementor-lightbox-slideshow=\"ada3ebb\" href='http:\/\/lelalano.fr\/wp-content\/uploads\/2025\/07\/Photo4-film-hola-frida.png'><img width=\"150\" height=\"150\" src=\"http:\/\/lelalano.fr\/wp-content\/uploads\/2025\/07\/Photo4-film-hola-frida-150x150.png\" alt=\"\" decoding=\"async\" loading=\"lazy\" \/><\/a><br \/>\n\t\t\t<\/figure>\n<figure class='gallery-item'>\n\t\t\t\t<a data-elementor-open-lightbox=\"default\" data-elementor-lightbox-slideshow=\"ada3ebb\" href='http:\/\/lelalano.fr\/wp-content\/uploads\/2025\/07\/Photo5-film-hola-frida.png'><img width=\"150\" height=\"150\" src=\"http:\/\/lelalano.fr\/wp-content\/uploads\/2025\/07\/Photo5-film-hola-frida-150x150.png\" alt=\"\" decoding=\"async\" loading=\"lazy\" \/><\/a><br \/>\n\t\t\t<\/figure>\n<figure class='gallery-item'>\n\t\t\t\t<a data-elementor-open-lightbox=\"default\" data-elementor-lightbox-slideshow=\"ada3ebb\" href='http:\/\/lelalano.fr\/wp-content\/uploads\/2025\/07\/Photo6-film-hola-frida.png'><img width=\"150\" height=\"150\" src=\"http:\/\/lelalano.fr\/wp-content\/uploads\/2025\/07\/Photo6-film-hola-frida-150x150.png\" alt=\"\" decoding=\"async\" loading=\"lazy\" \/><\/a><br \/>\n\t\t\t<\/figure>\n<h2>Ressources :<\/h2>\n<ul>\n<li><a href=\"http:\/\/lelalano.fr\/wp-content\/uploads\/2025\/07\/holafrida_dossierpedagogique_compressed.pdf\">Dossier p\u00e9dagogique<\/a><\/li>\n<\/ul>\n<p><strong>R\u00e9alis\u00e9 par :<\/strong> Andr\u00e9 Kadi et Karine V\u00e9zina<\/p>\n<p><strong>Pays :<\/strong> France, Canada<\/p>\n<p><strong>Date de sortie :<\/strong> 2025<\/p>\n<p><strong>Dur\u00e9e :<\/strong> 1h22<\/p>\n<p><strong>\u00c2ge conseill\u00e9 :<\/strong> Tous publics, \u00e0 partir de 6 ans<\/p>\n<p><strong>Genre :<\/strong> Animation<\/p>\n<h2>Synopsis<\/h2>\n<p>C\u2019est l\u2019histoire d\u2019une petite fille diff\u00e9rente. Son monde, c\u2019est Coyoacan au Mexique. P\u00e9tillante, vibrante, tout l\u2019int\u00e9resse. Et lorsque les \u00e9preuves se pr\u00e9sentent, elle leur fait face gr\u00e2ce \u00e0 un imaginaire d\u00e9bordant. Cette petite fille s\u2019appelle Frida Kahlo !\t\t<\/p>\n<p><strong>Horaires des s\u00e9ances :<\/strong><\/p>\n<ul>\n<li>mardi 04\/11\/25 10h<\/li>\n<li>jeudi 27\/11\/25 14h<\/li>\n<\/ul>\n<h4>Inscription<\/h4>\n<p>Pour vous inscrire merci d\u2019adresser un mail \u00e0 : <strong>lelalano@yahoo.fr<\/strong> contenant les informations suivantes : nombres d\u2019\u00e9l\u00e8ves,\u00a0 nom de l\u2019\u00e9cole, de l\u2019enseignant, adresse de l\u2019\u00e9tablissement et \/ou du rpi. Num\u00e9ro de t\u00e9l\u00e9phone. Le prix de la place est fix\u00e9 cette ann\u00e9e \u00e0 3.5 \u20ac. <em>Le Conseil D\u00e9partemental des Hautes-Pyr\u00e9n\u00e9es prend en charge 1.5\u20ac par \u00e9l\u00e8ve. Le co\u00fbt pour votre \u00e9tablissement est au final de <strong>2 \u20ac par \u00e9l\u00e8ve<\/strong>.<\/em><\/p>\n<p>\t\t\t<a href=\"#synthese\"><br \/>\n\t\t\t<\/a><\/p>\n<h4>Sauvages<\/h4>\n<p>\t\t\t\t\t\t\t\t\t\t<img width=\"400\" height=\"550\" src=\"http:\/\/lelalano.fr\/wp-content\/uploads\/2025\/07\/affiche-film-Sauvages-qtm1kqr7kh7lututv2rbyu7uiz6l0q0lffsp2oc60s.jpg\" alt=\"\" decoding=\"async\" loading=\"lazy\" srcset=\"http:\/\/lelalano.fr\/wp-content\/uploads\/2025\/07\/affiche-film-Sauvages-qtm1kqr7kh7lututv2rbyu7uiz6l0q0lffsp2oc60s.jpg 400w, http:\/\/lelalano.fr\/wp-content\/uploads\/2025\/07\/affiche-film-Sauvages-qtm1kqr7kh7lututv2rbyu7uiz6l0q0lffsp2oc60s-218x300.jpg 218w\" sizes=\"(max-width: 400px) 100vw, 400px\" \/>\t\t\t\t\t\t\t\t\t\t\t<\/p>\n<h2>Ressources :<\/h2>\n<ul>\n<li><a href=\"http:\/\/lelalano.fr\/wp-content\/uploads\/2025\/07\/dossier-pedagogique-sauvages_compressed.pdf\">Dossier p\u00e9dagogique<\/a><\/li>\n<\/ul>\n<p><strong>R\u00e9alis\u00e9 par :<\/strong> Claude Barras<\/p>\n<p><strong>Pays :<\/strong> France<\/p>\n<p><strong>Date de sortie :<\/strong> 2024<\/p>\n<p><strong>Dur\u00e9e :<\/strong> 1h20<\/p>\n<p><strong>\u00c2ge conseill\u00e9 :<\/strong> Tous publics, \u00e0 partir de 7 ans<\/p>\n<p><strong>Genre :<\/strong> Animation<\/p>\n<h2>Synopsis<\/h2>\n<p>\u00c0 Born\u00e9o, \u00e0 la lisi\u00e8re de la grande for\u00eat tropicale, K\u00e9ria recueille un b\u00e9b\u00e9 orang-outan trouv\u00e9 dans la plantation de palmiers \u00e0 huile o\u00f9 travaille son p\u00e8re. Au m\u00eame moment Sela\u00ef, son jeune cousin, vient trouver refuge chez eux pour \u00e9chapper au conflit qui oppose sa famille nomade aux compagnies foresti\u00e8res. Ensemble, K\u00e9ria, Sela\u00ef et le b\u00e9b\u00e9 singe vont lutter contre la destruction de la for\u00eat ancestrale, plus que jamais menac\u00e9e. Mais pour K\u00e9ria, ce combat sera aussi l\u2019occasion de d\u00e9couvrir la v\u00e9rit\u00e9 sur ses origines.<\/p>\n<p><em>Par le r\u00e9alisateur de Ma Vie de courgette (2016).<\/em><\/p>\n<figure class='gallery-item'>\n\t\t\t\t<a data-elementor-open-lightbox=\"default\" data-elementor-lightbox-slideshow=\"18ead9c\" href='http:\/\/lelalano.fr\/wp-content\/uploads\/2025\/07\/photo-film-Sauvages-14.jpg'><img width=\"150\" height=\"150\" src=\"http:\/\/lelalano.fr\/wp-content\/uploads\/2025\/07\/photo-film-Sauvages-14-150x150.jpg\" alt=\"\" decoding=\"async\" loading=\"lazy\" \/><\/a><br \/>\n\t\t\t<\/figure>\n<figure class='gallery-item'>\n\t\t\t\t<a data-elementor-open-lightbox=\"default\" data-elementor-lightbox-slideshow=\"18ead9c\" href='http:\/\/lelalano.fr\/wp-content\/uploads\/2025\/07\/photo-film-Sauvages-9.jpg'><img width=\"150\" height=\"150\" src=\"http:\/\/lelalano.fr\/wp-content\/uploads\/2025\/07\/photo-film-Sauvages-9-150x150.jpg\" alt=\"\" decoding=\"async\" loading=\"lazy\" \/><\/a><br \/>\n\t\t\t<\/figure>\n<figure class='gallery-item'>\n\t\t\t\t<a data-elementor-open-lightbox=\"default\" data-elementor-lightbox-slideshow=\"18ead9c\" href='http:\/\/lelalano.fr\/wp-content\/uploads\/2025\/07\/photo-film-Sauvages-7.jpg'><img width=\"150\" height=\"150\" src=\"http:\/\/lelalano.fr\/wp-content\/uploads\/2025\/07\/photo-film-Sauvages-7-150x150.jpg\" alt=\"\" decoding=\"async\" loading=\"lazy\" \/><\/a><br \/>\n\t\t\t<\/figure>\n<figure class='gallery-item'>\n\t\t\t\t<a data-elementor-open-lightbox=\"default\" data-elementor-lightbox-slideshow=\"18ead9c\" href='http:\/\/lelalano.fr\/wp-content\/uploads\/2025\/07\/photo-film-Sauvages-5.jpg'><img width=\"150\" height=\"150\" src=\"http:\/\/lelalano.fr\/wp-content\/uploads\/2025\/07\/photo-film-Sauvages-5-150x150.jpg\" alt=\"\" decoding=\"async\" loading=\"lazy\" \/><\/a><br \/>\n\t\t\t<\/figure>\n<figure class='gallery-item'>\n\t\t\t\t<a data-elementor-open-lightbox=\"default\" data-elementor-lightbox-slideshow=\"18ead9c\" href='http:\/\/lelalano.fr\/wp-content\/uploads\/2025\/07\/photo-film-Sauvages-3.jpg'><img width=\"150\" height=\"150\" src=\"http:\/\/lelalano.fr\/wp-content\/uploads\/2025\/07\/photo-film-Sauvages-3-150x150.jpg\" alt=\"\" decoding=\"async\" loading=\"lazy\" \/><\/a><br \/>\n\t\t\t<\/figure>\n<figure class='gallery-item'>\n\t\t\t\t<a data-elementor-open-lightbox=\"default\" data-elementor-lightbox-slideshow=\"18ead9c\" href='http:\/\/lelalano.fr\/wp-content\/uploads\/2025\/07\/photo-film-Sauvages-4.jpg'><img width=\"150\" height=\"150\" src=\"http:\/\/lelalano.fr\/wp-content\/uploads\/2025\/07\/photo-film-Sauvages-4-150x150.jpg\" alt=\"\" decoding=\"async\" loading=\"lazy\" \/><\/a><br \/>\n\t\t\t<\/figure>\n<figure class='gallery-item'>\n\t\t\t\t<a data-elementor-open-lightbox=\"default\" data-elementor-lightbox-slideshow=\"18ead9c\" href='http:\/\/lelalano.fr\/wp-content\/uploads\/2025\/07\/photo-film-Sauvages-11.jpg'><img width=\"150\" height=\"150\" src=\"http:\/\/lelalano.fr\/wp-content\/uploads\/2025\/07\/photo-film-Sauvages-11-150x150.jpg\" alt=\"\" decoding=\"async\" loading=\"lazy\" \/><\/a><br \/>\n\t\t\t<\/figure>\n<figure class='gallery-item'>\n\t\t\t\t<a data-elementor-open-lightbox=\"default\" data-elementor-lightbox-slideshow=\"18ead9c\" href='http:\/\/lelalano.fr\/wp-content\/uploads\/2025\/07\/photo-film-Sauvages-1.jpg'><img width=\"150\" height=\"150\" src=\"http:\/\/lelalano.fr\/wp-content\/uploads\/2025\/07\/photo-film-Sauvages-1-150x150.jpg\" alt=\"\" decoding=\"async\" loading=\"lazy\" \/><\/a><br \/>\n\t\t\t<\/figure>\n<p><strong>Horaires des s\u00e9ances :<\/strong><\/p>\n<ul>\n<li>jeudi 15 janvier 14h<\/li>\n<li>mardi 10 f\u00e9vrier 10h<\/li>\n<\/ul>\n<h4>Inscription<\/h4>\n<p>Pour vous inscrire merci d\u2019adresser un mail \u00e0 : <strong>lelalano@yahoo.fr<\/strong> contenant les informations suivantes : nombres d\u2019\u00e9l\u00e8ves,\u00a0 nom de l\u2019\u00e9cole, de l\u2019enseignant, adresse de l\u2019\u00e9tablissement et \/ou du rpi. Num\u00e9ro de t\u00e9l\u00e9phone. Le prix de la place est fix\u00e9 cette ann\u00e9e \u00e0 3.5 \u20ac. <em>Le Conseil D\u00e9partemental des Hautes-Pyr\u00e9n\u00e9es prend en charge 1.5\u20ac par \u00e9l\u00e8ve. Le co\u00fbt pour votre \u00e9tablissement est au final de <strong>2 \u20ac par \u00e9l\u00e8ve<\/strong>.<\/em><\/p>\n<p>\t\t\t<a href=\"#synthese\"><br \/>\n\t\t\t<\/a><\/p>\n<h4>Une vie de chat<br \/>\n<\/h4>\n<p>\t\t\t\t\t\t\t\t\t\t<img width=\"400\" height=\"550\" src=\"http:\/\/lelalano.fr\/wp-content\/uploads\/2025\/07\/affiche-film-Une-vie-de-chat.jpg\" alt=\"\" decoding=\"async\" loading=\"lazy\" srcset=\"http:\/\/lelalano.fr\/wp-content\/uploads\/2025\/07\/affiche-film-Une-vie-de-chat.jpg 400w, http:\/\/lelalano.fr\/wp-content\/uploads\/2025\/07\/affiche-film-Une-vie-de-chat-218x300.jpg 218w\" sizes=\"(max-width: 400px) 100vw, 400px\" \/>\t\t\t\t\t\t\t\t\t\t\t<\/p>\n<figure class='gallery-item'>\n\t\t\t\t<a data-elementor-open-lightbox=\"default\" data-elementor-lightbox-slideshow=\"ac8598d\" href='http:\/\/lelalano.fr\/wp-content\/uploads\/2025\/07\/photo-film-Une-vie-de-chat.jpg'><img width=\"150\" height=\"150\" src=\"http:\/\/lelalano.fr\/wp-content\/uploads\/2025\/07\/photo-film-Une-vie-de-chat-150x150.jpg\" alt=\"\" decoding=\"async\" loading=\"lazy\" \/><\/a><br \/>\n\t\t\t<\/figure>\n<figure class='gallery-item'>\n\t\t\t\t<a data-elementor-open-lightbox=\"default\" data-elementor-lightbox-slideshow=\"ac8598d\" href='http:\/\/lelalano.fr\/wp-content\/uploads\/2025\/07\/photo-film-Une-vie-de-chat-1.jpg'><img width=\"150\" height=\"150\" src=\"http:\/\/lelalano.fr\/wp-content\/uploads\/2025\/07\/photo-film-Une-vie-de-chat-1-150x150.jpg\" alt=\"\" decoding=\"async\" loading=\"lazy\" \/><\/a><br \/>\n\t\t\t<\/figure>\n<figure class='gallery-item'>\n\t\t\t\t<a data-elementor-open-lightbox=\"default\" data-elementor-lightbox-slideshow=\"ac8598d\" href='http:\/\/lelalano.fr\/wp-content\/uploads\/2025\/07\/photo-film-Une-vie-de-chat-2.jpg'><img width=\"150\" height=\"150\" src=\"http:\/\/lelalano.fr\/wp-content\/uploads\/2025\/07\/photo-film-Une-vie-de-chat-2-150x150.jpg\" alt=\"\" decoding=\"async\" loading=\"lazy\" \/><\/a><br \/>\n\t\t\t<\/figure>\n<figure class='gallery-item'>\n\t\t\t\t<a data-elementor-open-lightbox=\"default\" data-elementor-lightbox-slideshow=\"ac8598d\" href='http:\/\/lelalano.fr\/wp-content\/uploads\/2025\/07\/photo-film-Une-vie-de-chat-3.jpg'><img width=\"150\" height=\"150\" src=\"http:\/\/lelalano.fr\/wp-content\/uploads\/2025\/07\/photo-film-Une-vie-de-chat-3-150x150.jpg\" alt=\"\" decoding=\"async\" loading=\"lazy\" \/><\/a><br \/>\n\t\t\t<\/figure>\n<figure class='gallery-item'>\n\t\t\t\t<a data-elementor-open-lightbox=\"default\" data-elementor-lightbox-slideshow=\"ac8598d\" href='http:\/\/lelalano.fr\/wp-content\/uploads\/2025\/07\/photo-film-Une-vie-de-chat-4.jpg'><img width=\"150\" height=\"150\" src=\"http:\/\/lelalano.fr\/wp-content\/uploads\/2025\/07\/photo-film-Une-vie-de-chat-4-150x150.jpg\" alt=\"\" decoding=\"async\" loading=\"lazy\" \/><\/a><br \/>\n\t\t\t<\/figure>\n<figure class='gallery-item'>\n\t\t\t\t<a data-elementor-open-lightbox=\"default\" data-elementor-lightbox-slideshow=\"ac8598d\" href='http:\/\/lelalano.fr\/wp-content\/uploads\/2025\/07\/photo-film-Une-vie-de-chat-5.jpg'><img width=\"150\" height=\"150\" src=\"http:\/\/lelalano.fr\/wp-content\/uploads\/2025\/07\/photo-film-Une-vie-de-chat-5-150x150.jpg\" alt=\"\" decoding=\"async\" loading=\"lazy\" \/><\/a><br \/>\n\t\t\t<\/figure>\n<figure class='gallery-item'>\n\t\t\t\t<a data-elementor-open-lightbox=\"default\" data-elementor-lightbox-slideshow=\"ac8598d\" href='http:\/\/lelalano.fr\/wp-content\/uploads\/2025\/07\/photo-film-Une-vie-de-chat-7.jpg'><img width=\"150\" height=\"150\" src=\"http:\/\/lelalano.fr\/wp-content\/uploads\/2025\/07\/photo-film-Une-vie-de-chat-7-150x150.jpg\" alt=\"\" decoding=\"async\" loading=\"lazy\" \/><\/a><br \/>\n\t\t\t<\/figure>\n<figure class='gallery-item'>\n\t\t\t\t<a data-elementor-open-lightbox=\"default\" data-elementor-lightbox-slideshow=\"ac8598d\" href='http:\/\/lelalano.fr\/wp-content\/uploads\/2025\/07\/photo-film-Une-vie-de-chat-8.jpg'><img width=\"150\" height=\"150\" src=\"http:\/\/lelalano.fr\/wp-content\/uploads\/2025\/07\/photo-film-Une-vie-de-chat-8-150x150.jpg\" alt=\"\" decoding=\"async\" loading=\"lazy\" \/><\/a><br \/>\n\t\t\t<\/figure>\n<h2>Ressources :<\/h2>\n<ul>\n<li><a href=\"http:\/\/lelalano.fr\/wp-content\/uploads\/2025\/07\/Une-vie-de-chat_DP-ecole-et-cinema.pdf\">Dossier p\u00e9dagogique<\/a><\/li>\n<\/ul>\n<ul>\n<li>\n<p><strong>R\u00e9alis\u00e9 par :<\/strong> Alain Gagnol, Jean-Loup Felicioli<\/p>\n<p><strong>Pays :<\/strong> France<\/p>\n<p><strong>Date de sortie :<\/strong> 2010<\/p>\n<p><strong>Dur\u00e9e :<\/strong> 1h10<\/p>\n<p><strong>\u00c2ge conseill\u00e9 :<\/strong> Tous publics, \u00e0 partir de 7\/8 ans<\/p>\n<p><strong>Genre :<\/strong> Animation<\/p>\n<\/li>\n<\/ul>\n<p><strong>Synopsis :<\/strong><\/p>\n<p style=\"margin-bottom: 0cm;\">Dino est un chat qui partage sa vie entre deux maisons. Le jour, il vit avec Zo\u00e9, la fillette d\u2019une commissaire de police. La nuit, il escalade les toits de Paris en compagnie de Nico, un cambrioleur d\u2019une grande habilet\u00e9. Jeanne, la commissaire de police, est sur les dents. Elle doit \u00e0 la fois arr\u00eater l\u2019auteur de nombreux vols de bijoux, et s\u2019occuper de la surveillance du Colosse de Nairobi, une statue g\u00e9ante convoit\u00e9e par Costa, le criminel responsable de la mort de son mari policier. Depuis ce drame, la fillette ne dit plus un mot. Les \u00e9v\u00e9nements vont se pr\u00e9cipiter la nuit o\u00f9 Zo\u00e9 surprend Costa et sa bande. Une poursuite s\u2019engage, qui durera jusqu\u2019au matin, et qui verra tous les personnages se croiser, s\u2019entraider ou se combattre, jusque sur les toits de Notre-Dame\u2026<\/p>\n<p><strong>Horaires des s\u00e9ances :<\/strong><\/p>\n<ul>\n<li>jeudi 07 mai 2026 \u00e0 14h<\/li>\n<li>mardi 19 mai 2026 \u00e0 10h<\/li>\n<\/ul>\n<h4>Inscription<\/h4>\n<p>Pour vous inscrire merci d\u2019adresser un mail \u00e0 : <strong>lelalano@yahoo.fr<\/strong> contenant les informations suivantes : nombres d\u2019\u00e9l\u00e8ves,\u00a0 nom de l\u2019\u00e9cole, de l\u2019enseignant, adresse de l\u2019\u00e9tablissement et \/ou du rpi. Num\u00e9ro de t\u00e9l\u00e9phone. Le prix de la place est fix\u00e9 cette ann\u00e9e \u00e0 3.5 \u20ac. <em>Le Conseil D\u00e9partemental des Hautes-Pyr\u00e9n\u00e9es prend en charge 1.5\u20ac par \u00e9l\u00e8ve. Le co\u00fbt pour votre \u00e9tablissement est au final de <strong>2 \u20ac par \u00e9l\u00e8ve<\/strong>.<\/em><\/p>\n<p>\t\t\t<a href=\"#synthese\"><br \/>\n\t\t\t<\/a><\/p>\n","protected":false},"excerpt":{"rendered":"<p>Synth\u00e8se Premier Trimestre Hola Frida mardi 04\/11\/25 10h jeudi 27\/11\/25 14h \u00a0 \u00a0 Second Trimestre Sauvages jeudi 15\/01\/26 14h mardi 10\/02\/26 10h \u00a0 \u00a0 \u00a0 Troisi\u00e8me Trimestre Une vie de chat jeudi 07\/05\/26 14h mardi 19\/05\/26 10h \u00a0 \u00a0 \u00a0 Hola Frida Ressources : Dossier p\u00e9dagogique R\u00e9alis\u00e9 par : Andr\u00e9 Kadi et Karine V\u00e9zina Pays<span class=\"read-more-wrap\"><a class=\"moretag\" href=\"https:\/\/lelalano.fr\/index.php\/cycle-2-2025-2026\/\">Lire la suite<span class=\"screen-reader-text\">Cycle 2 2025-2026<\/span><\/a><\/span><\/p>\n","protected":false},"author":1,"featured_media":0,"parent":0,"menu_order":0,"comment_status":"closed","ping_status":"closed","template":"","meta":{"footnotes":""},"_links":{"self":[{"href":"https:\/\/lelalano.fr\/index.php\/wp-json\/wp\/v2\/pages\/13341"}],"collection":[{"href":"https:\/\/lelalano.fr\/index.php\/wp-json\/wp\/v2\/pages"}],"about":[{"href":"https:\/\/lelalano.fr\/index.php\/wp-json\/wp\/v2\/types\/page"}],"author":[{"embeddable":true,"href":"https:\/\/lelalano.fr\/index.php\/wp-json\/wp\/v2\/users\/1"}],"replies":[{"embeddable":true,"href":"https:\/\/lelalano.fr\/index.php\/wp-json\/wp\/v2\/comments?post=13341"}],"version-history":[{"count":17,"href":"https:\/\/lelalano.fr\/index.php\/wp-json\/wp\/v2\/pages\/13341\/revisions"}],"predecessor-version":[{"id":13464,"href":"https:\/\/lelalano.fr\/index.php\/wp-json\/wp\/v2\/pages\/13341\/revisions\/13464"}],"wp:attachment":[{"href":"https:\/\/lelalano.fr\/index.php\/wp-json\/wp\/v2\/media?parent=13341"}],"curies":[{"name":"wp","href":"https:\/\/api.w.org\/{rel}","templated":true}]}}