{"id":13388,"date":"2025-07-24T15:07:03","date_gmt":"2025-07-24T13:07:03","guid":{"rendered":"http:\/\/lelalano.fr\/?page_id=13388"},"modified":"2025-08-26T11:55:03","modified_gmt":"2025-08-26T09:55:03","slug":"cycle-3-2025-2026","status":"publish","type":"page","link":"https:\/\/lelalano.fr\/index.php\/cycle-3-2025-2026\/","title":{"rendered":"Cycle 3 2025-2026"},"content":{"rendered":"<h4>Synth\u00e8se<\/h4>\n<p>\t\t\t\t\t\t\t\t\t\t\t\tPremier Trimestre\t\t\t\t\t<\/p>\n<h4><a href=\"#ler\">Le Roi et l&#8217;oiseau<\/a><\/h4>\n<p>jeudi 06 novembre 14h15<\/p>\n<p>mardi 02 d\u00e9cembre 10h<\/p>\n<h4>\u00a0<\/h4>\n<p><em>\u00a0<\/em><\/p>\n<p>\t\t\t\t\t\t\t\t\t\t\t\tSecond Trimestre\t\t\t\t\t<\/p>\n<section data-id=\"80d4780\" data-element_type=\"section\">\n<h4><a href=\"#mav\">Ma vie de courgette<\/a><\/h4>\n<p>jeudi 29 janvier 14h15<\/p>\n<p>mardi 10\u00a0 mars 10h<\/p>\n<\/section>\n<p>\u00a0<\/p>\n<p>\t\t\t\t\t\t\t\t\t\t\t\tTroisi\u00e8me Trimestre\t\t\t\t\t<\/p>\n<h4><a href=\"#edm\">Edmond<\/a><\/h4>\n<p>mardi 12 mai 9h30<\/p>\n<p>jeudi 04 juin 14h15<\/p>\n<p><em>\u00a0<\/em><\/p>\n<h4>Le Roi et l&#8217;oiseau<\/h4>\n<p>\t\t\t\t\t\t\t\t\t\t<img width=\"400\" height=\"550\" src=\"http:\/\/lelalano.fr\/wp-content\/uploads\/2025\/07\/affiche-Le-Roi-et-loiseau.jpg\" alt=\"\" decoding=\"async\" loading=\"lazy\" srcset=\"http:\/\/lelalano.fr\/wp-content\/uploads\/2025\/07\/affiche-Le-Roi-et-loiseau.jpg 400w, http:\/\/lelalano.fr\/wp-content\/uploads\/2025\/07\/affiche-Le-Roi-et-loiseau-218x300.jpg 218w\" sizes=\"(max-width: 400px) 100vw, 400px\" \/>\t\t\t\t\t\t\t\t\t\t\t<\/p>\n<figure class='gallery-item'>\n\t\t\t\t<a data-elementor-open-lightbox=\"default\" data-elementor-lightbox-slideshow=\"e061c3a\" href='http:\/\/lelalano.fr\/wp-content\/uploads\/2025\/07\/photo-film-Le-Roi-et-loiseau.jpg'><img width=\"150\" height=\"150\" src=\"http:\/\/lelalano.fr\/wp-content\/uploads\/2025\/07\/photo-film-Le-Roi-et-loiseau-150x150.jpg\" alt=\"\" decoding=\"async\" loading=\"lazy\" \/><\/a><br \/>\n\t\t\t<\/figure>\n<figure class='gallery-item'>\n\t\t\t\t<a data-elementor-open-lightbox=\"default\" data-elementor-lightbox-slideshow=\"e061c3a\" href='http:\/\/lelalano.fr\/wp-content\/uploads\/2025\/07\/photo-film-Le-Roi-et-loiseau-3.jpg'><img width=\"150\" height=\"150\" src=\"http:\/\/lelalano.fr\/wp-content\/uploads\/2025\/07\/photo-film-Le-Roi-et-loiseau-3-150x150.jpg\" alt=\"\" decoding=\"async\" loading=\"lazy\" \/><\/a><br \/>\n\t\t\t<\/figure>\n<figure class='gallery-item'>\n\t\t\t\t<a data-elementor-open-lightbox=\"default\" data-elementor-lightbox-slideshow=\"e061c3a\" href='http:\/\/lelalano.fr\/wp-content\/uploads\/2025\/07\/photo-film-Le-Roi-et-loiseau-5.jpg'><img width=\"150\" height=\"150\" src=\"http:\/\/lelalano.fr\/wp-content\/uploads\/2025\/07\/photo-film-Le-Roi-et-loiseau-5-150x150.jpg\" alt=\"\" decoding=\"async\" loading=\"lazy\" \/><\/a><br \/>\n\t\t\t<\/figure>\n<figure class='gallery-item'>\n\t\t\t\t<a data-elementor-open-lightbox=\"default\" data-elementor-lightbox-slideshow=\"e061c3a\" href='http:\/\/lelalano.fr\/wp-content\/uploads\/2025\/07\/photo-film-Le-Roi-et-loiseau-6.jpg'><img width=\"150\" height=\"150\" src=\"http:\/\/lelalano.fr\/wp-content\/uploads\/2025\/07\/photo-film-Le-Roi-et-loiseau-6-150x150.jpg\" alt=\"\" decoding=\"async\" loading=\"lazy\" \/><\/a><br \/>\n\t\t\t<\/figure>\n<figure class='gallery-item'>\n\t\t\t\t<a data-elementor-open-lightbox=\"default\" data-elementor-lightbox-slideshow=\"e061c3a\" href='http:\/\/lelalano.fr\/wp-content\/uploads\/2025\/07\/photo-film-Le-Roi-et-loiseau-7.jpg'><img width=\"150\" height=\"150\" src=\"http:\/\/lelalano.fr\/wp-content\/uploads\/2025\/07\/photo-film-Le-Roi-et-loiseau-7-150x150.jpg\" alt=\"\" decoding=\"async\" loading=\"lazy\" \/><\/a><br \/>\n\t\t\t<\/figure>\n<figure class='gallery-item'>\n\t\t\t\t<a data-elementor-open-lightbox=\"default\" data-elementor-lightbox-slideshow=\"e061c3a\" href='http:\/\/lelalano.fr\/wp-content\/uploads\/2025\/07\/photo-film-Le-Roi-et-loiseau-8.jpg'><img width=\"150\" height=\"150\" src=\"http:\/\/lelalano.fr\/wp-content\/uploads\/2025\/07\/photo-film-Le-Roi-et-loiseau-8-150x150.jpg\" alt=\"\" decoding=\"async\" loading=\"lazy\" \/><\/a><br \/>\n\t\t\t<\/figure>\n<h2>Ressources :<\/h2>\n<ul>\n<li><a href=\"http:\/\/lelalano.fr\/wp-content\/uploads\/2025\/07\/leroietloiseau.pdf\">Dossier p\u00e9dagogique<\/a><\/li>\n<\/ul>\n<p><strong>R\u00e9alis\u00e9 par :<\/strong> Paul Grimault<\/p>\n<p><strong>Pays :<\/strong> France<\/p>\n<p><strong>Date de sortie :<\/strong> 1979<\/p>\n<p><strong>Dur\u00e9e :<\/strong> 1h27<\/p>\n<p><strong>\u00c2ge conseill\u00e9 :<\/strong> Tous publics, \u00e0 partir de 6 ans<\/p>\n<p><strong>Genre :<\/strong> Animation<\/p>\n<p><\/p>\n<p><strong>Genre :<\/strong> Aventure, Animation<\/p>\n<p>Le Roi Charles V et Trois font Huit et Huit font Seize r\u00e8gne en tyran sur le royaume de Takicardie. Seul un Oiseau, enjou\u00e9 et bavard, qui a construit son nid en haut du gigantesque palais, tout pr\u00e8s des appartements secrets de Sa Majest\u00e9, ose le narguer. Le Roi aime les arts. Ainsi qu\u2019une jolie Berg\u00e8re qui figure aupr\u00e8s d\u2019un jeune Ramoneur sur un tableau qui orne sa chambre royale. Ils sont \u00e9pris l\u2019un de l\u2019autre et ils doivent s\u2019enfuir pour \u00e9chapper au Roi, qui les poursuit accompagn\u00e9 de ses sbires moustachus. Apr\u00e8s une folle poursuite, avec l\u2019aide de l\u2019Oiseau, la Berg\u00e8re et le Ramoneur se r\u00e9fugient dans la ville basse o\u00f9 ils sont finalement captur\u00e9s.<\/p>\n<p><strong>Horaires des s\u00e9ances :<\/strong><\/p>\n<ul>\n<li>jeudi 6 novembre 14h15<\/li>\n<li>mardi 02 d\u00e9cembre 10h<\/li>\n<\/ul>\n<h4>Inscription<\/h4>\n<p>Pour vous inscrire merci d\u2019adresser un mail \u00e0 : <strong>lelalano@yahoo.fr<\/strong> contenant les informations suivantes : nombres d\u2019\u00e9l\u00e8ves,\u00a0 nom de l\u2019\u00e9cole, de l\u2019enseignant, adresse de l\u2019\u00e9tablissement et \/ou du rpi. Num\u00e9ro de t\u00e9l\u00e9phone. Le prix de la place est fix\u00e9 cette ann\u00e9e \u00e0 3.5 \u20ac. <em>Le Conseil D\u00e9partemental des Hautes-Pyr\u00e9n\u00e9es prend en charge 1.5\u20ac par \u00e9l\u00e8ve. Le co\u00fbt pour votre \u00e9tablissement est au final de <strong>2 \u20ac par \u00e9l\u00e8ve<\/strong>.<\/em><\/p>\n<p>\t\t\t<a href=\"#synthese\"><br \/>\n\t\t\t<\/a><\/p>\n<h4>Ma vie de courgette<br \/>\n<\/h4>\n<p>\t\t\t\t\t\t\t\t\t\t<img width=\"400\" height=\"550\" src=\"http:\/\/lelalano.fr\/wp-content\/uploads\/2025\/07\/affiche-Ma-vie-de-courgette.jpg\" alt=\"\" decoding=\"async\" loading=\"lazy\" srcset=\"http:\/\/lelalano.fr\/wp-content\/uploads\/2025\/07\/affiche-Ma-vie-de-courgette.jpg 400w, http:\/\/lelalano.fr\/wp-content\/uploads\/2025\/07\/affiche-Ma-vie-de-courgette-218x300.jpg 218w\" sizes=\"(max-width: 400px) 100vw, 400px\" \/>\t\t\t\t\t\t\t\t\t\t\t<\/p>\n<figure class='gallery-item'>\n\t\t\t\t<a data-elementor-open-lightbox=\"default\" data-elementor-lightbox-slideshow=\"ac8598d\" href='http:\/\/lelalano.fr\/wp-content\/uploads\/2025\/07\/photo-film-Ma-vie-de-courgette.jpg'><img width=\"150\" height=\"150\" src=\"http:\/\/lelalano.fr\/wp-content\/uploads\/2025\/07\/photo-film-Ma-vie-de-courgette-150x150.jpg\" alt=\"\" decoding=\"async\" loading=\"lazy\" \/><\/a><br \/>\n\t\t\t<\/figure>\n<figure class='gallery-item'>\n\t\t\t\t<a data-elementor-open-lightbox=\"default\" data-elementor-lightbox-slideshow=\"ac8598d\" href='http:\/\/lelalano.fr\/wp-content\/uploads\/2025\/07\/photo-film-Ma-vie-de-courgette-2.jpg'><img width=\"150\" height=\"150\" src=\"http:\/\/lelalano.fr\/wp-content\/uploads\/2025\/07\/photo-film-Ma-vie-de-courgette-2-150x150.jpg\" alt=\"\" decoding=\"async\" loading=\"lazy\" \/><\/a><br \/>\n\t\t\t<\/figure>\n<figure class='gallery-item'>\n\t\t\t\t<a data-elementor-open-lightbox=\"default\" data-elementor-lightbox-slideshow=\"ac8598d\" href='http:\/\/lelalano.fr\/wp-content\/uploads\/2025\/07\/photo-film-Ma-vie-de-courgette-3.jpg'><img width=\"150\" height=\"150\" src=\"http:\/\/lelalano.fr\/wp-content\/uploads\/2025\/07\/photo-film-Ma-vie-de-courgette-3-150x150.jpg\" alt=\"\" decoding=\"async\" loading=\"lazy\" \/><\/a><br \/>\n\t\t\t<\/figure>\n<figure class='gallery-item'>\n\t\t\t\t<a data-elementor-open-lightbox=\"default\" data-elementor-lightbox-slideshow=\"ac8598d\" href='http:\/\/lelalano.fr\/wp-content\/uploads\/2025\/07\/photo-film-Ma-vie-de-courgette-4.jpg'><img width=\"150\" height=\"150\" src=\"http:\/\/lelalano.fr\/wp-content\/uploads\/2025\/07\/photo-film-Ma-vie-de-courgette-4-150x150.jpg\" alt=\"\" decoding=\"async\" loading=\"lazy\" \/><\/a><br \/>\n\t\t\t<\/figure>\n<figure class='gallery-item'>\n\t\t\t\t<a data-elementor-open-lightbox=\"default\" data-elementor-lightbox-slideshow=\"ac8598d\" href='http:\/\/lelalano.fr\/wp-content\/uploads\/2025\/07\/photo-film-Ma-vie-de-courgette-7.jpg'><img width=\"150\" height=\"150\" src=\"http:\/\/lelalano.fr\/wp-content\/uploads\/2025\/07\/photo-film-Ma-vie-de-courgette-7-150x150.jpg\" alt=\"\" decoding=\"async\" loading=\"lazy\" \/><\/a><br \/>\n\t\t\t<\/figure>\n<figure class='gallery-item'>\n\t\t\t\t<a data-elementor-open-lightbox=\"default\" data-elementor-lightbox-slideshow=\"ac8598d\" href='http:\/\/lelalano.fr\/wp-content\/uploads\/2025\/07\/photo-film-Ma-vie-de-courgette-8.jpg'><img width=\"150\" height=\"150\" src=\"http:\/\/lelalano.fr\/wp-content\/uploads\/2025\/07\/photo-film-Ma-vie-de-courgette-8-150x150.jpg\" alt=\"\" decoding=\"async\" loading=\"lazy\" \/><\/a><br \/>\n\t\t\t<\/figure>\n<figure class='gallery-item'>\n\t\t\t\t<a data-elementor-open-lightbox=\"default\" data-elementor-lightbox-slideshow=\"ac8598d\" href='http:\/\/lelalano.fr\/wp-content\/uploads\/2025\/07\/photo-film-Ma-vie-de-courgette-9.jpg'><img width=\"150\" height=\"150\" src=\"http:\/\/lelalano.fr\/wp-content\/uploads\/2025\/07\/photo-film-Ma-vie-de-courgette-9-150x150.jpg\" alt=\"\" decoding=\"async\" loading=\"lazy\" \/><\/a><br \/>\n\t\t\t<\/figure>\n<figure class='gallery-item'>\n\t\t\t\t<a data-elementor-open-lightbox=\"default\" data-elementor-lightbox-slideshow=\"ac8598d\" href='http:\/\/lelalano.fr\/wp-content\/uploads\/2025\/07\/photo-film-Ma-vie-de-courgette-10.jpg'><img width=\"150\" height=\"150\" src=\"http:\/\/lelalano.fr\/wp-content\/uploads\/2025\/07\/photo-film-Ma-vie-de-courgette-10-150x150.jpg\" alt=\"\" decoding=\"async\" loading=\"lazy\" \/><\/a><br \/>\n\t\t\t<\/figure>\n<figure class='gallery-item'>\n\t\t\t\t<a data-elementor-open-lightbox=\"default\" data-elementor-lightbox-slideshow=\"ac8598d\" href='http:\/\/lelalano.fr\/wp-content\/uploads\/2025\/07\/photo-film-Ma-vie-de-courgette-14.jpg'><img width=\"150\" height=\"150\" src=\"http:\/\/lelalano.fr\/wp-content\/uploads\/2025\/07\/photo-film-Ma-vie-de-courgette-14-150x150.jpg\" alt=\"\" decoding=\"async\" loading=\"lazy\" \/><\/a><br \/>\n\t\t\t<\/figure>\n<figure class='gallery-item'>\n\t\t\t\t<a data-elementor-open-lightbox=\"default\" data-elementor-lightbox-slideshow=\"ac8598d\" href='http:\/\/lelalano.fr\/wp-content\/uploads\/2025\/07\/photo-film-Ma-vie-de-courgette-15.jpg'><img width=\"150\" height=\"150\" src=\"http:\/\/lelalano.fr\/wp-content\/uploads\/2025\/07\/photo-film-Ma-vie-de-courgette-15-150x150.jpg\" alt=\"\" decoding=\"async\" loading=\"lazy\" \/><\/a><br \/>\n\t\t\t<\/figure>\n<h2>Ressources :<\/h2>\n<ul>\n<li><a href=\"http:\/\/lelalano.fr\/wp-content\/uploads\/2025\/07\/maviedecourgette.pdf\">Dossier P\u00e9dagogique<\/a><\/li>\n<\/ul>\n<p><strong>R\u00e9alis\u00e9 par :<\/strong> Claude Barras<\/p>\n<p><strong>Pays :<\/strong> France<\/p>\n<p><strong>Date de sortie :<\/strong> 2016<\/p>\n<p><strong>Dur\u00e9e :<\/strong> 1h06<\/p>\n<p><strong>\u00c2ge conseill\u00e9 :<\/strong> Tous publics, \u00e0 partir de 8 ans<\/p>\n<p><strong>Genre :<\/strong> Animation<\/p>\n<p><strong>Synopsis :<\/strong>\u00a0<\/p>\n<p>Courgette n\u2019a rien d\u2019un l\u00e9gume, c\u2019est un vaillant petit gar\u00e7on. Il croit qu\u2019il est seul au monde quand il perd sa m\u00e8re. Mais c\u2019est sans compter sur les rencontres qu\u2019il va faire dans sa nouvelle vie au foyer pour enfants. Simon, Ahmed, Jujube, Alice et B\u00e9atrice : ils ont tous leurs histoires et elles sont aussi dures qu\u2019ils sont tendres. Et puis il y a cette fille, Camille. Quand on a 10 ans, avoir une bande de copains, tomber amoureux, il y en a des choses \u00e0 d\u00e9couvrir et \u00e0 apprendre. Et pourquoi pas m\u00eame, \u00eatre heureux.<\/p>\n<p><strong>Horaires des s\u00e9ances :<\/strong><\/p>\n<ul>\n<li>jeudi 29 janvier 14h15<\/li>\n<li>mardi 10 mars 10h<\/li>\n<\/ul>\n<h4>Inscription<\/h4>\n<p>Pour vous inscrire merci d\u2019adresser un mail \u00e0 : <strong>lelalano@yahoo.fr<\/strong> contenant les informations suivantes : nombres d\u2019\u00e9l\u00e8ves,\u00a0 nom de l\u2019\u00e9cole, de l\u2019enseignant, adresse de l\u2019\u00e9tablissement et \/ou du rpi. Num\u00e9ro de t\u00e9l\u00e9phone. Le prix de la place est fix\u00e9 cette ann\u00e9e \u00e0 3.5 \u20ac. <em>Le Conseil D\u00e9partemental des Hautes-Pyr\u00e9n\u00e9es prend en charge 1.5\u20ac par \u00e9l\u00e8ve. Le co\u00fbt pour votre \u00e9tablissement est au final de <strong>2 \u20ac par \u00e9l\u00e8ve<\/strong>.<\/em><\/p>\n<p>\t\t\t<a href=\"#synthese\"><br \/>\n\t\t\t<\/a><\/p>\n<h4>Edmond<\/h4>\n<p>\t\t\t\t\t\t\t\t\t\t<img width=\"400\" height=\"550\" src=\"http:\/\/lelalano.fr\/wp-content\/uploads\/2025\/07\/affiche-film-Edmond.jpg\" alt=\"\" decoding=\"async\" loading=\"lazy\" srcset=\"http:\/\/lelalano.fr\/wp-content\/uploads\/2025\/07\/affiche-film-Edmond.jpg 400w, http:\/\/lelalano.fr\/wp-content\/uploads\/2025\/07\/affiche-film-Edmond-218x300.jpg 218w\" sizes=\"(max-width: 400px) 100vw, 400px\" \/>\t\t\t\t\t\t\t\t\t\t\t<\/p>\n<figure class='gallery-item'>\n\t\t\t\t<a data-elementor-open-lightbox=\"default\" data-elementor-lightbox-slideshow=\"18ead9c\" href='http:\/\/lelalano.fr\/wp-content\/uploads\/2025\/07\/photo-film-Edmond.jpg'><img width=\"150\" height=\"150\" src=\"http:\/\/lelalano.fr\/wp-content\/uploads\/2025\/07\/photo-film-Edmond-150x150.jpg\" alt=\"\" decoding=\"async\" loading=\"lazy\" \/><\/a><br \/>\n\t\t\t<\/figure>\n<figure class='gallery-item'>\n\t\t\t\t<a data-elementor-open-lightbox=\"default\" data-elementor-lightbox-slideshow=\"18ead9c\" href='http:\/\/lelalano.fr\/wp-content\/uploads\/2025\/07\/photo-film-Edmond-1.jpg'><img width=\"150\" height=\"150\" src=\"http:\/\/lelalano.fr\/wp-content\/uploads\/2025\/07\/photo-film-Edmond-1-150x150.jpg\" alt=\"\" decoding=\"async\" loading=\"lazy\" \/><\/a><br \/>\n\t\t\t<\/figure>\n<figure class='gallery-item'>\n\t\t\t\t<a data-elementor-open-lightbox=\"default\" data-elementor-lightbox-slideshow=\"18ead9c\" href='http:\/\/lelalano.fr\/wp-content\/uploads\/2025\/07\/photo-film-Edmond-2.jpg'><img width=\"150\" height=\"150\" src=\"http:\/\/lelalano.fr\/wp-content\/uploads\/2025\/07\/photo-film-Edmond-2-150x150.jpg\" alt=\"\" decoding=\"async\" loading=\"lazy\" \/><\/a><br \/>\n\t\t\t<\/figure>\n<figure class='gallery-item'>\n\t\t\t\t<a data-elementor-open-lightbox=\"default\" data-elementor-lightbox-slideshow=\"18ead9c\" href='http:\/\/lelalano.fr\/wp-content\/uploads\/2025\/07\/photo-film-Edmond-3.jpg'><img width=\"150\" height=\"150\" src=\"http:\/\/lelalano.fr\/wp-content\/uploads\/2025\/07\/photo-film-Edmond-3-150x150.jpg\" alt=\"\" decoding=\"async\" loading=\"lazy\" \/><\/a><br \/>\n\t\t\t<\/figure>\n<figure class='gallery-item'>\n\t\t\t\t<a data-elementor-open-lightbox=\"default\" data-elementor-lightbox-slideshow=\"18ead9c\" href='http:\/\/lelalano.fr\/wp-content\/uploads\/2025\/07\/photo-film-Edmond-4.jpg'><img width=\"150\" height=\"150\" src=\"http:\/\/lelalano.fr\/wp-content\/uploads\/2025\/07\/photo-film-Edmond-4-150x150.jpg\" alt=\"\" decoding=\"async\" loading=\"lazy\" \/><\/a><br \/>\n\t\t\t<\/figure>\n<figure class='gallery-item'>\n\t\t\t\t<a data-elementor-open-lightbox=\"default\" data-elementor-lightbox-slideshow=\"18ead9c\" href='http:\/\/lelalano.fr\/wp-content\/uploads\/2025\/07\/photo-film-Edmond-5.jpg'><img width=\"150\" height=\"150\" src=\"http:\/\/lelalano.fr\/wp-content\/uploads\/2025\/07\/photo-film-Edmond-5-150x150.jpg\" alt=\"\" decoding=\"async\" loading=\"lazy\" \/><\/a><br \/>\n\t\t\t<\/figure>\n<figure class='gallery-item'>\n\t\t\t\t<a data-elementor-open-lightbox=\"default\" data-elementor-lightbox-slideshow=\"18ead9c\" href='http:\/\/lelalano.fr\/wp-content\/uploads\/2025\/07\/photo-film-Edmond-6.jpg'><img width=\"150\" height=\"150\" src=\"http:\/\/lelalano.fr\/wp-content\/uploads\/2025\/07\/photo-film-Edmond-6-150x150.jpg\" alt=\"\" decoding=\"async\" loading=\"lazy\" \/><\/a><br \/>\n\t\t\t<\/figure>\n<h2>Ressources :<\/h2>\n<ul>\n<li><a href=\"http:\/\/lelalano.fr\/wp-content\/uploads\/2025\/07\/EDMOND_DOSSIER_PEDAGOGIQUE.pdf\">Dossier p\u00e9dagogique<\/a><\/li>\n<\/ul>\n<p><strong>R\u00e9alis\u00e9 par :<\/strong> Alexis Michalik<\/p>\n<p><strong>Pays :<\/strong> France<\/p>\n<p><strong>Date de sortie :<\/strong> 2019<\/p>\n<p><strong>Dur\u00e9e :<\/strong> 1h53<\/p>\n<p><strong>Avec :<\/strong> Thomas Soliv\u00e9r\u00e8s, Olivier Gourmet, Mathilde Seigner, Tom Leeb\u2026<\/p>\n<p><strong>\u00c2ge conseill\u00e9 :<\/strong> Tous publics, \u00e0 partir du cycle 3<\/p>\n<p><strong>Genre :<\/strong> Com\u00e9die historique<\/p>\n<p><strong>Synopsis :<\/strong>\u00a0<\/p>\n<p>D\u00e9cembre 1897, Paris. Edmond Rostand n\u2019a pas encore trente ans mais d\u00e9j\u00e0 deux enfants et beaucoup d\u2019angoisses. Il n\u2019a rien \u00e9crit depuis deux ans. En d\u00e9sespoir de cause, il propose au grand Constant Coquelin une pi\u00e8ce nouvelle, une com\u00e9die h\u00e9ro\u00efque, en vers, pour les f\u00eates. Seul souci : elle n\u2019est pas encore \u00e9crite. Faisant fi des caprices des actrices, des exigences de ses producteurs corses, de la jalousie de sa femme, des histoires de coeur de son meilleur ami et du manque d\u2019enthousiasme de l\u2019ensemble de son entourage, Edmond se met \u00e0 \u00e9crire cette pi\u00e8ce \u00e0 laquelle personne ne croit. Pour l\u2019instant, il n\u2019a que le titre : \u00ab Cyrano de Bergerac \u00bb.<\/p>\n<p><em>Le film est l\u2019adaptation de la pi\u00e8ce de th\u00e9\u00e2tre du m\u00eame nom laur\u00e9ate de cinq Moli\u00e8re en 2017.<\/em><\/p>\n<p><strong>Horaires des s\u00e9ances :<\/strong><\/p>\n<ul>\n<li>mardi 12 mai 9h30<\/li>\n<li>jeudi 04 juin 14h15<\/li>\n<\/ul>\n<h4>Inscription<\/h4>\n<p>Pour vous inscrire merci d\u2019adresser un mail \u00e0 : <strong>lelalano@yahoo.fr<\/strong> contenant les informations suivantes : nombres d\u2019\u00e9l\u00e8ves,\u00a0 nom de l\u2019\u00e9cole, de l\u2019enseignant, adresse de l\u2019\u00e9tablissement et \/ou du rpi. Num\u00e9ro de t\u00e9l\u00e9phone. Le prix de la place est fix\u00e9 cette ann\u00e9e \u00e0 3.5 \u20ac. <em>Le Conseil D\u00e9partemental des Hautes-Pyr\u00e9n\u00e9es prend en charge 1.5\u20ac par \u00e9l\u00e8ve. Le co\u00fbt pour votre \u00e9tablissement est au final de <strong>2 \u20ac par \u00e9l\u00e8ve<\/strong>.<\/em><\/p>\n<p>\t\t\t<a href=\"#synthese\"><br \/>\n\t\t\t<\/a><\/p>\n","protected":false},"excerpt":{"rendered":"<p>Synth\u00e8se Premier Trimestre Le Roi et l&#8217;oiseau jeudi 06 novembre 14h15 mardi 02 d\u00e9cembre 10h \u00a0 \u00a0 Second Trimestre Ma vie de courgette jeudi 29 janvier 14h15 mardi 10\u00a0 mars 10h \u00a0 Troisi\u00e8me Trimestre Edmond mardi 12 mai 9h30 jeudi 04 juin 14h15 \u00a0 Le Roi et l&#8217;oiseau Ressources : Dossier p\u00e9dagogique R\u00e9alis\u00e9 par :<span class=\"read-more-wrap\"><a class=\"moretag\" href=\"https:\/\/lelalano.fr\/index.php\/cycle-3-2025-2026\/\">Lire la suite<span class=\"screen-reader-text\">Cycle 3 2025-2026<\/span><\/a><\/span><\/p>\n","protected":false},"author":1,"featured_media":0,"parent":0,"menu_order":0,"comment_status":"closed","ping_status":"closed","template":"","meta":{"footnotes":""},"_links":{"self":[{"href":"https:\/\/lelalano.fr\/index.php\/wp-json\/wp\/v2\/pages\/13388"}],"collection":[{"href":"https:\/\/lelalano.fr\/index.php\/wp-json\/wp\/v2\/pages"}],"about":[{"href":"https:\/\/lelalano.fr\/index.php\/wp-json\/wp\/v2\/types\/page"}],"author":[{"embeddable":true,"href":"https:\/\/lelalano.fr\/index.php\/wp-json\/wp\/v2\/users\/1"}],"replies":[{"embeddable":true,"href":"https:\/\/lelalano.fr\/index.php\/wp-json\/wp\/v2\/comments?post=13388"}],"version-history":[{"count":22,"href":"https:\/\/lelalano.fr\/index.php\/wp-json\/wp\/v2\/pages\/13388\/revisions"}],"predecessor-version":[{"id":13462,"href":"https:\/\/lelalano.fr\/index.php\/wp-json\/wp\/v2\/pages\/13388\/revisions\/13462"}],"wp:attachment":[{"href":"https:\/\/lelalano.fr\/index.php\/wp-json\/wp\/v2\/media?parent=13388"}],"curies":[{"name":"wp","href":"https:\/\/api.w.org\/{rel}","templated":true}]}}