{"id":15262,"date":"2026-08-29T19:49:59","date_gmt":"2026-08-29T17:49:59","guid":{"rendered":"https:\/\/lelalano.fr\/?page_id=15262"},"modified":"2026-08-30T20:03:29","modified_gmt":"2026-08-30T18:03:29","slug":"semaine-du-mer-09-septembre-au-mar-15-septembre-2026","status":"publish","type":"page","link":"https:\/\/lelalano.fr\/index.php\/semaine-du-mer-09-septembre-au-mar-15-septembre-2026\/","title":{"rendered":"Semaine du Mer. 09 septembre au Mar. 15 septembre 2026"},"content":{"rendered":"<h4>Petit R\u00e9cap&#8217; de la semaine<\/h4>\n<p>\t\t\t\t\t\t\t\t\t\t\t\tmercredi 09 septembre\t\t\t\t\t<\/p>\n<ul>\n<li><a href=\"#toy\">Toy Story 5<\/a> \u00e0 17h15<\/li>\n<li><a href=\"#ung\">Un grand raccourci<\/a> \u00e0 20h45<\/li>\n<\/ul>\n<p>\t\t\t\t\t\t\t\t\t\t\t\tjeudi 10 septemlbre\t\t\t\t\t<\/p>\n<ul>\n<li><a href=\"#okl\">Oklahoma Honey<\/a> \u00e0 17h15 (vo)<\/li>\n<\/ul>\n<p>\t\t\t\t\t\t\t\t\t\t\t\tsamedi 12 septembre\t\t\t\t\t<\/p>\n<ul>\n<li><a href=\"#tom\">Tomb\u00e9 du ciel<\/a> \u00e0 20H45<\/li>\n<\/ul>\n<p>\t\t\t\t\t\t\t\t\t\t\t\tdimanche 13 septembre\t\t\t\t\t<\/p>\n<ul>\n<li><a href=\"#une\">Une affaire turque<\/a> \u00e0 20h45<\/li>\n<\/ul>\n<p>\t\t\t\t\t\t\t\t\t\t\t\tmardi 15 septembre\t\t\t\t\t<\/p>\n<ul>\n<li><a href=\"#fjo\">Fjord<\/a> \u00e0 20h15 (vo)<\/li>\n<\/ul>\n<h4>Toy Story 5<\/h4>\n<p>\t\t\t\t\t\t\t\t\t\t<img width=\"730\" height=\"973\" src=\"http:\/\/lelalano.fr\/wp-content\/uploads\/2026\/06\/Toy-Story-5-768x1024.jpg\" alt=\"\" decoding=\"async\" loading=\"lazy\" srcset=\"https:\/\/lelalano.fr\/wp-content\/uploads\/2026\/06\/Toy-Story-5-768x1024.jpg 768w, https:\/\/lelalano.fr\/wp-content\/uploads\/2026\/06\/Toy-Story-5-225x300.jpg 225w, https:\/\/lelalano.fr\/wp-content\/uploads\/2026\/06\/Toy-Story-5.jpg 810w\" sizes=\"(max-width: 730px) 100vw, 730px\" \/>\t\t\t\t\t\t\t\t\t\t\t<\/p>\n<h2>Synopsis<\/h2>\n<p>Tout public<\/p>\n<p>\u00a0<\/p>\n<p>Buzz, Woody, Jessie et le reste de la bande verront leur travail remis en question lorsqu&#8217;ils d\u00e9couvriront que ce qui obs\u00e8de les enfants d&#8217;aujourd&#8217;hui s\u2019appelle&#8230; l&#8217;\u00e9lectronique !<\/p>\n<h4>S\u00c9ANCES<\/h4>\n<ul>\n<li >\n\t\t\t\t\t\t\t\t\t\tmercredi 09 septembre 17h15\n\t\t\t\t\t\t\t\t\t<\/li>\n<\/ul>\n<h4>INFOS SUR LE FILM<\/h4>\n<p>\t\t<a href=\"https:\/\/www.allocine.fr\/film\/agenda\/sem-2026-06-17\/\">17 juin 2026<\/a><a href=\"https:\/\/www.allocine.fr\/film\/agenda\/sem-2026-02-18\/\">\u00a0<\/a>en salle  | 1h 42min | <a href=\"https:\/\/www.allocine.fr\/films\/genre-13026\/\">Animation<\/a><a href=\"https:\/\/www.allocine.fr\/films\/genre-13008\/\">, <\/a><a href=\"https:\/\/www.allocine.fr\/films\/genre-13001\/\">Aventure<\/a><a href=\"https:\/\/www.allocine.fr\/films\/genre-13008\/\">, <\/a><a href=\"https:\/\/www.allocine.fr\/films\/genre-13005\/\">Com\u00e9die<\/a><a href=\"https:\/\/www.allocine.fr\/films\/genre-13008\/\">, <\/a><a href=\"https:\/\/www.allocine.fr\/films\/genre-13036\/\">Famille<\/a>De <a href=\"https:\/\/www.allocine.fr\/personne\/fichepersonne_gen_cpersonne=22896.html\">Andrew Stanton<\/a>, <a href=\"https:\/\/www.allocine.fr\/personne\/fichepersonne_gen_cpersonne=947919.html\">McKenna Harris<\/a>Avec <a href=\"https:\/\/www.allocine.fr\/personne\/fichepersonne_gen_cpersonne=100192.html\">Jean-Philippe Puymartin<\/a><a href=\"https:\/\/www.allocine.fr\/personne\/fichepersonne_gen_cpersonne=810910.html\">, <\/a><a href=\"https:\/\/www.allocine.fr\/personne\/fichepersonne_gen_cpersonne=14100.html\">Tom Hanks<\/a><a href=\"https:\/\/www.allocine.fr\/personne\/fichepersonne_gen_cpersonne=810910.html\">, <\/a><a href=\"https:\/\/www.allocine.fr\/personne\/fichepersonne_gen_cpersonne=23672.html\">Richard Darbois<\/a><br \/>\n\t\t\t<a href=\"https:\/\/www.youtube.com\/watch?v=R7xZRSgmqw4&amp;t=6s\" target=\"_blank\" role=\"button\" rel=\"noopener\"><br \/>\n\t\t\t\t\t\tVOIR LA BANDE ANNONCE<br \/>\n\t\t\t\t\t<\/a><br \/>\n\t\t\t<a href=\"#top\" role=\"button\"><br \/>\n\t\t\t\t\t\thaut de la page<br \/>\n\t\t\t\t\t<\/a><\/p>\n<h4>Un grand raccourci<\/h4>\n<p>\t\t\t\t\t\t\t\t\t\t<img width=\"730\" height=\"967\" src=\"http:\/\/lelalano.fr\/wp-content\/uploads\/2026\/08\/Un-grand-raccourci-773x1024.jpg\" alt=\"\" decoding=\"async\" loading=\"lazy\" srcset=\"https:\/\/lelalano.fr\/wp-content\/uploads\/2026\/08\/Un-grand-raccourci-773x1024.jpg 773w, https:\/\/lelalano.fr\/wp-content\/uploads\/2026\/08\/Un-grand-raccourci-226x300.jpg 226w, https:\/\/lelalano.fr\/wp-content\/uploads\/2026\/08\/Un-grand-raccourci-768x1018.jpg 768w, https:\/\/lelalano.fr\/wp-content\/uploads\/2026\/08\/Un-grand-raccourci.jpg 815w\" sizes=\"(max-width: 730px) 100vw, 730px\" \/>\t\t\t\t\t\t\t\t\t\t\t<\/p>\n<h2>Synopsis<\/h2>\n<p>Tout public\u00a0<\/p>\n<p>Quand le restaurant familial menace de fermer, deux cousins bretons rel\u00e2chent des rats pour s\u2019improviser d\u00e9ratiseurs. Le m\u00eame \u00e9t\u00e9, deux jeunes femmes trafiquent le concours de beaut\u00e9 local pour promouvoir leurs bijoux. Embarqu\u00e9s dans leurs stratag\u00e8mes chaotiques, ces quatre d\u00e9brouillards en qu\u00eate d\u2019avenir finissent par se percuter.<\/p>\n<h4>S\u00c9ANCES<\/h4>\n<ul>\n<li >\n\t\t\t\t\t\t\t\t\t\tmercredi 09 septembre 20h45\n\t\t\t\t\t\t\t\t\t<\/li>\n<\/ul>\n<h4>INFOS SUR LE FILM<\/h4>\n<p>\t\t<a href=\"https:\/\/www.allocine.fr\/film\/agenda\/sem-2026-08-12\/\">12 ao\u00fbt 2026<\/a><a href=\"https:\/\/www.allocine.fr\/film\/agenda\/sem-2026-02-25\/\">\u00a0<\/a> en salle  | 1h 21min | <a href=\"https:\/\/www.allocine.fr\/films\/genre-13002\/\">Com\u00e9die dramatique<\/a>De <a href=\"https:\/\/www.allocine.fr\/personne\/fichepersonne_gen_cpersonne=1000036254.html\">Armand Fo\u00ebx<\/a>, <a href=\"https:\/\/www.allocine.fr\/personne\/fichepersonne_gen_cpersonne=1000036255.html\">Cl\u00e9ment Devilliers<\/a>Par <a href=\"https:\/\/www.allocine.fr\/personne\/fichepersonne_gen_cpersonne=1000036255.html\">Cl\u00e9ment Devilliers<\/a>Avec <a href=\"https:\/\/www.allocine.fr\/personne\/fichepersonne_gen_cpersonne=941129.html\">Sara Montpetit<\/a>, <a href=\"https:\/\/www.allocine.fr\/personne\/fichepersonne_gen_cpersonne=844514.html\">Louise Labeque<\/a>, <a href=\"https:\/\/www.allocine.fr\/personne\/fichepersonne_gen_cpersonne=1000036256.html\">Fran\u00e7ois Le Bris<\/a><br \/>\n\t\t\t<a href=\"https:\/\/www.youtube.com\/watch?v=1KyvBAoMgYM\" target=\"_blank\" role=\"button\" rel=\"noopener\"><br \/>\n\t\t\t\t\t\tbande annonce<br \/>\n\t\t\t\t\t<\/a><br \/>\n\t\t\t<a href=\"#top\" role=\"button\"><br \/>\n\t\t\t\t\t\thaut de la page<br \/>\n\t\t\t\t\t<\/a><\/p>\n<h4>Oklahoma Honey (vo)<\/h4>\n<p>\t\t\t\t\t\t\t\t\t\t<img width=\"730\" height=\"973\" src=\"http:\/\/lelalano.fr\/wp-content\/uploads\/2026\/08\/Oklahoma-Honey-768x1024.jpg\" alt=\"\" decoding=\"async\" loading=\"lazy\" srcset=\"https:\/\/lelalano.fr\/wp-content\/uploads\/2026\/08\/Oklahoma-Honey-768x1024.jpg 768w, https:\/\/lelalano.fr\/wp-content\/uploads\/2026\/08\/Oklahoma-Honey-225x300.jpg 225w, https:\/\/lelalano.fr\/wp-content\/uploads\/2026\/08\/Oklahoma-Honey.jpg 810w\" sizes=\"(max-width: 730px) 100vw, 730px\" \/>\t\t\t\t\t\t\t\t\t\t\t<\/p>\n<h2>Synopsis<\/h2>\n<p>Tout public\u00a0<\/p>\n<p>Au c\u0153ur des terres recul\u00e9es de l\u2019Oklahoma rural, Amziah King, personnage charismatique au talent musical hors du commun, veille sur une bande de marginaux passionn\u00e9s de bluegrass tout en supervisant la plus importante exploitation apicole de la r\u00e9gion. Lorsque sa fille adoptive, dont il \u00e9tait \u00e9loign\u00e9 depuis des ann\u00e9es, r\u00e9appara\u00eet soudainement, Amziah y voit l\u2019occasion de renouer les liens et de b\u00e2tir avec elle une entreprise familiale. Mais le monde du miel est sans piti\u00e9, et les rivaux d\u2019Amziah menacent de d\u00e9truire tout ce qu\u2019il a construit.<\/p>\n<h4>S\u00c9ANCES<\/h4>\n<ul>\n<li >\n\t\t\t\t\t\t\t\t\t\tjeudi 10 septembre 17h15 (vo)\n\t\t\t\t\t\t\t\t\t<\/li>\n<\/ul>\n<h4>INFOS SUR LE FILM<\/h4>\n<p>\t\t<a href=\"https:\/\/www.allocine.fr\/film\/agenda\/sem-2026-08-19\/\">19 ao\u00fbt 2026<\/a><a href=\"https:\/\/www.allocine.fr\/film\/agenda\/sem-2022-04-27\/\">\u00a0<\/a> en salle  | 2h 10min| <a href=\"https:\/\/www.allocine.fr\/films\/genre-13008\/\">Drame<\/a>, <a href=\"https:\/\/www.allocine.fr\/films\/genre-13023\/\">Thriller<\/a>De  <a href=\"https:\/\/www.allocine.fr\/personne\/fichepersonne_gen_cpersonne=859166.html\">Andrew Patterson<\/a>Par  <a href=\"https:\/\/www.allocine.fr\/personne\/fichepersonne_gen_cpersonne=859166.html\">Andrew Patterson<\/a>Avec <a href=\"https:\/\/www.allocine.fr\/personne\/fichepersonne_gen_cpersonne=19334.html\">Matthew McConaughey<\/a>, <a href=\"https:\/\/www.allocine.fr\/personne\/fichepersonne_gen_cpersonne=1000009980.html\">Angelina LookingGlass<\/a>, <a href=\"https:\/\/www.allocine.fr\/personne\/fichepersonne_gen_cpersonne=903.html\">Kurt Russell<\/a>Titre original  The Rivals of Amziah King\u00a0<br \/>\n\t\t\t<a href=\"https:\/\/www.youtube.com\/watch?v=d7OtPJery8I\" target=\"_blank\" role=\"button\" rel=\"noopener\"><br \/>\n\t\t\t\t\t\tVoir la bande annonce<br \/>\n\t\t\t\t\t<\/a><br \/>\n\t\t\t<a href=\"#top\" role=\"button\"><br \/>\n\t\t\t\t\t\thaut de la page<br \/>\n\t\t\t\t\t<\/a><\/p>\n<h4>Tomb\u00e9 du ciel<\/h4>\n<p>\t\t\t\t\t\t\t\t\t\t<img width=\"730\" height=\"973\" src=\"http:\/\/lelalano.fr\/wp-content\/uploads\/2026\/08\/Tombe-du-ciel-768x1024.jpg\" alt=\"\" decoding=\"async\" loading=\"lazy\" srcset=\"https:\/\/lelalano.fr\/wp-content\/uploads\/2026\/08\/Tombe-du-ciel-768x1024.jpg 768w, https:\/\/lelalano.fr\/wp-content\/uploads\/2026\/08\/Tombe-du-ciel-225x300.jpg 225w, https:\/\/lelalano.fr\/wp-content\/uploads\/2026\/08\/Tombe-du-ciel.jpg 810w\" sizes=\"(max-width: 730px) 100vw, 730px\" \/>\t\t\t\t\t\t\t\t\t\t\t<\/p>\n<h2>Synopsis<\/h2>\n<p>Tout public\u00a0<\/p>\n<p>Ilyes m\u00e8ne une vie joyeuse dans la banlieue de Roubaix. Seul probl\u00e8me : le bac. Apr\u00e8s avoir \u00e9chou\u00e9 deux fois, c\u2019est sa derni\u00e8re chance de l\u2019avoir et de rendre enfin fier ses parents. Mais un incendie survient pendant le bac blanc, et on l\u2019accuse d\u2019en \u00eatre \u00e0 l\u2019origine\u2026 Exclu de son lyc\u00e9e, il doit quitter son quartier et aller dans le seul \u00e9tablissement qui l\u2019accepte : le pensionnat catholique de Saint-Albert-le-Grand, en Bourgogne. Entre choc des cultures et qu\u00eate de r\u00e9demption, Ilyes va devoir surmonter ses pr\u00e9jug\u00e9s\u2026 Et ceux des autres.<\/p>\n<h4>S\u00c9ANCES<\/h4>\n<ul>\n<li >\n\t\t\t\t\t\t\t\t\t\tsamedi 12 septembre 20h45\n\t\t\t\t\t\t\t\t\t<\/li>\n<\/ul>\n<h4>INFOS SUR LE FILM<\/h4>\n<p>\t\t<a href=\"https:\/\/www.allocine.fr\/film\/agenda\/sem-2026-08-12\/\">12 ao\u00fbt 2026<\/a><a href=\"https:\/\/www.allocine.fr\/film\/agenda\/sem-2026-02-18\/\">\u00a0<\/a>en salle  | 1h 32min | <a href=\"https:\/\/www.allocine.fr\/films\/genre-13005\/\">Com\u00e9die<\/a>, <a href=\"https:\/\/www.allocine.fr\/films\/genre-13036\/\">Famille<\/a>De <a href=\"https:\/\/www.allocine.fr\/personne\/fichepersonne_gen_cpersonne=480873.html\">Mohamed Hamidi<\/a>Par <a href=\"https:\/\/www.allocine.fr\/personne\/fichepersonne_gen_cpersonne=997796.html\">Ilyes Djadel<\/a><a href=\"https:\/\/www.allocine.fr\/personne\/fichepersonne_gen_cpersonne=566009.html\">, <\/a><a href=\"https:\/\/www.allocine.fr\/personne\/fichepersonne_gen_cpersonne=534485.html\">Mathieu Oullion<\/a>Avec <a href=\"https:\/\/www.allocine.fr\/personne\/fichepersonne_gen_cpersonne=997796.html\">Ilyes Djadel<\/a><a href=\"https:\/\/www.allocine.fr\/personne\/fichepersonne_gen_cpersonne=828227.html\">, <\/a><a href=\"https:\/\/www.allocine.fr\/personne\/fichepersonne_gen_cpersonne=8124.html\">Josiane Balasko<\/a><a href=\"https:\/\/www.allocine.fr\/personne\/fichepersonne_gen_cpersonne=828227.html\">, <\/a><a href=\"https:\/\/www.allocine.fr\/personne\/fichepersonne_gen_cpersonne=74197.html\">Fred Testot<\/a>\u00a0<br \/>\n\t\t\t<a href=\"https:\/\/www.youtube.com\/watch?v=JKep1lJQr_0\" target=\"_blank\" role=\"button\" rel=\"noopener\"><br \/>\n\t\t\t\t\t\tVOIR LA BANDE ANNONCE<br \/>\n\t\t\t\t\t<\/a><br \/>\n\t\t\t<a href=\"#top\" role=\"button\"><br \/>\n\t\t\t\t\t\thaut de la page<br \/>\n\t\t\t\t\t<\/a><\/p>\n<h4>Une affaire turque<\/h4>\n<p>\t\t\t\t\t\t\t\t\t\t<img width=\"658\" height=\"896\" src=\"http:\/\/lelalano.fr\/wp-content\/uploads\/2026\/08\/Une-affaire-turque.jpg\" alt=\"\" decoding=\"async\" loading=\"lazy\" srcset=\"https:\/\/lelalano.fr\/wp-content\/uploads\/2026\/08\/Une-affaire-turque.jpg 658w, https:\/\/lelalano.fr\/wp-content\/uploads\/2026\/08\/Une-affaire-turque-220x300.jpg 220w\" sizes=\"(max-width: 658px) 100vw, 658px\" \/>\t\t\t\t\t\t\t\t\t\t\t<\/p>\n<h2>Synopsis<\/h2>\n<p>Tout public\u00a0<\/p>\n<p>Mathieu s\u2019est \u00e9loign\u00e9 de sa communaut\u00e9 turque pour grimper l\u2019\u00e9chelle sociale. Avocat d\u00e9termin\u00e9, il travaille dur pour devenir associ\u00e9 dans un influent cabinet d\u2019affaires parisien. L\u2019irruption dans sa vie d\u2019un jeune turc en situation pr\u00e9caire ayant besoin d\u2019aide va le pr\u00e9cipiter dans une affaire de corruption mettant en p\u00e9ril tout ce qu\u2019il a b\u00e2ti.<\/p>\n<h4>S\u00c9ANCES<\/h4>\n<ul>\n<li >\n\t\t\t\t\t\t\t\t\t\tdimanche 13 septembre 20h45\n\t\t\t\t\t\t\t\t\t<\/li>\n<\/ul>\n<h4>INFOS SUR LE FILM<\/h4>\n<p>\t\t<a href=\"https:\/\/www.allocine.fr\/film\/agenda\/sem-2026-08-12\/\">12 ao\u00fbt 2026<\/a><a href=\"https:\/\/www.allocine.fr\/film\/agenda\/sem-2026-02-18\/\">\u00a0<\/a>en salle  | 1h 32min | <a href=\"https:\/\/www.allocine.fr\/films\/genre-13023\/\">Thriller<\/a>De <a href=\"https:\/\/www.allocine.fr\/personne\/fichepersonne_gen_cpersonne=554125.html\">H\u00fcseyin Aydin G\u00fcrsoy<\/a>Par <a href=\"https:\/\/www.allocine.fr\/personne\/fichepersonne_gen_cpersonne=804479.html\">Ludovic du Clary<\/a><a href=\"https:\/\/www.allocine.fr\/personne\/fichepersonne_gen_cpersonne=10030.html\">, <\/a><a href=\"https:\/\/www.allocine.fr\/personne\/fichepersonne_gen_cpersonne=554125.html\">H\u00fcseyin Aydin G\u00fcrsoy<\/a>Avec <a href=\"https:\/\/www.allocine.fr\/personne\/fichepersonne_gen_cpersonne=561427.html\">Lionel Erdogan<\/a>, <a href=\"https:\/\/www.allocine.fr\/personne\/fichepersonne_gen_cpersonne=14585.html\">Charles Berling<\/a>, <a href=\"https:\/\/www.allocine.fr\/personne\/fichepersonne_gen_cpersonne=1000071293.html\">Metehan Ayg\u00fcn<\/a><br \/>\n\t\t\t<a href=\"https:\/\/www.youtube.com\/watch?v=KVqZYeWNpkQ\" target=\"_blank\" role=\"button\" rel=\"noopener\"><br \/>\n\t\t\t\t\t\tVoir la bande annonce<br \/>\n\t\t\t\t\t<\/a><br \/>\n\t\t\t<a href=\"#top\" role=\"button\"><br \/>\n\t\t\t\t\t\thaut de la page<br \/>\n\t\t\t\t\t<\/a><\/p>\n<h4>Fjord (vo)<\/h4>\n<p>\t\t\t\t\t\t\t\t\t\t<img width=\"730\" height=\"991\" src=\"http:\/\/lelalano.fr\/wp-content\/uploads\/2026\/08\/Fjord-754x1024.jpg\" alt=\"\" decoding=\"async\" loading=\"lazy\" srcset=\"https:\/\/lelalano.fr\/wp-content\/uploads\/2026\/08\/Fjord-754x1024.jpg 754w, https:\/\/lelalano.fr\/wp-content\/uploads\/2026\/08\/Fjord-221x300.jpg 221w, https:\/\/lelalano.fr\/wp-content\/uploads\/2026\/08\/Fjord-768x1043.jpg 768w, https:\/\/lelalano.fr\/wp-content\/uploads\/2026\/08\/Fjord.jpg 795w\" sizes=\"(max-width: 730px) 100vw, 730px\" \/>\t\t\t\t\t\t\t\t\t\t\t<\/p>\n<h2>Synopsis<\/h2>\n<p>Tout public\u00a0<\/p>\n<p>Les Gheorghiu, un couple roumano-norv\u00e9gien tr\u00e8s pieux, s\u2019installent dans un village au bout d\u2019un fjord o\u00f9 ils se lient rapidement d\u2019amiti\u00e9 avec leurs voisins, les Halberg. Les enfants des deux familles deviennent tr\u00e8s proches, malgr\u00e9 des \u00e9ducations diff\u00e9rentes. Lorsque le corps enseignant d\u00e9couvre des ecchymoses sur le corps d\u2019Elia, l\u2019a\u00een\u00e9e des enfants Gheorghiu, la communaut\u00e9 se demande si l\u2019\u00e9ducation traditionnelle que les enfants Gheorghiu re\u00e7oivent de leurs parents pourrait en \u00eatre la cause.<\/p>\n<h4>S\u00c9ANCES<\/h4>\n<ul>\n<li >\n\t\t\t\t\t\t\t\t\t\tmardi 15 septembre 20h15 (vo)\n\t\t\t\t\t\t\t\t\t<\/li>\n<\/ul>\n<h4>INFOS SUR LE FILM<\/h4>\n<p>\t\t<a href=\"https:\/\/www.allocine.fr\/film\/agenda\/sem-2026-08-19\/\">19 ao\u00fbt 2026<\/a><a href=\"https:\/\/www.allocine.fr\/film\/agenda\/sem-2026-02-11\/\">\u00a0<\/a>en salle  | 2h 26min | <a href=\"https:\/\/www.allocine.fr\/films\/genre-13008\/\">Drame<\/a>De <a href=\"https:\/\/www.allocine.fr\/personne\/fichepersonne_gen_cpersonne=75342.html\">Cristian Mungiu<\/a>Par <a href=\"https:\/\/www.allocine.fr\/personne\/fichepersonne_gen_cpersonne=75342.html\">Cristian Mungiu<\/a>Avec <a href=\"https:\/\/www.allocine.fr\/personne\/fichepersonne_gen_cpersonne=115090.html\">Sebastian Stan<\/a>, <a href=\"https:\/\/www.allocine.fr\/personne\/fichepersonne_gen_cpersonne=554496.html\">Renate Reinsve<\/a>, <a href=\"https:\/\/www.allocine.fr\/personne\/fichepersonne_gen_cpersonne=731687.html\">Lisa Carlehed<\/a><br \/>\n\t\t\t<a href=\"https:\/\/www.youtube.com\/watch?v=R7d9fl035hE\" target=\"_blank\" role=\"button\" rel=\"noopener\"><br \/>\n\t\t\t\t\t\tVoir la bande annonce<br \/>\n\t\t\t\t\t<\/a><br \/>\n\t\t\t<a href=\"#top\" role=\"button\"><br \/>\n\t\t\t\t\t\thaut de la page<br \/>\n\t\t\t\t\t<\/a><\/p>\n","protected":false},"excerpt":{"rendered":"<p>Petit R\u00e9cap&#8217; de la semaine mercredi 09 septembre Toy Story 5 \u00e0 17h15 Un grand raccourci \u00e0 20h45 jeudi 10 septemlbre Oklahoma Honey \u00e0 17h15 (vo) samedi 12 septembre Tomb\u00e9 du ciel \u00e0 20H45 dimanche 13 septembre Une affaire turque \u00e0 20h45 mardi 15 septembre Fjord \u00e0 20h15 (vo) Toy Story 5 Synopsis Tout public<span class=\"read-more-wrap\"><a class=\"moretag\" href=\"https:\/\/lelalano.fr\/index.php\/semaine-du-mer-09-septembre-au-mar-15-septembre-2026\/\">Lire la suite<span class=\"screen-reader-text\">Semaine du Mer. 09 septembre au Mar. 15 septembre 2026<\/span><\/a><\/span><\/p>\n","protected":false},"author":1,"featured_media":0,"parent":0,"menu_order":0,"comment_status":"closed","ping_status":"closed","template":"","meta":{"footnotes":""},"_links":{"self":[{"href":"https:\/\/lelalano.fr\/index.php\/wp-json\/wp\/v2\/pages\/15262"}],"collection":[{"href":"https:\/\/lelalano.fr\/index.php\/wp-json\/wp\/v2\/pages"}],"about":[{"href":"https:\/\/lelalano.fr\/index.php\/wp-json\/wp\/v2\/types\/page"}],"author":[{"embeddable":true,"href":"https:\/\/lelalano.fr\/index.php\/wp-json\/wp\/v2\/users\/1"}],"replies":[{"embeddable":true,"href":"https:\/\/lelalano.fr\/index.php\/wp-json\/wp\/v2\/comments?post=15262"}],"version-history":[{"count":48,"href":"https:\/\/lelalano.fr\/index.php\/wp-json\/wp\/v2\/pages\/15262\/revisions"}],"predecessor-version":[{"id":15317,"href":"https:\/\/lelalano.fr\/index.php\/wp-json\/wp\/v2\/pages\/15262\/revisions\/15317"}],"wp:attachment":[{"href":"https:\/\/lelalano.fr\/index.php\/wp-json\/wp\/v2\/media?parent=15262"}],"curies":[{"name":"wp","href":"https:\/\/api.w.org\/{rel}","templated":true}]}}