{"id":15320,"date":"2026-08-30T20:17:50","date_gmt":"2026-08-30T18:17:50","guid":{"rendered":"https:\/\/lelalano.fr\/?page_id=15320"},"modified":"2026-09-01T12:12:51","modified_gmt":"2026-09-01T10:12:51","slug":"semaine-du-mer-16-septembre-au-mar-22-septembre-2026","status":"publish","type":"page","link":"https:\/\/lelalano.fr\/index.php\/semaine-du-mer-16-septembre-au-mar-22-septembre-2026\/","title":{"rendered":"Semaine du Mer. 16 septembre au Mar. 22 septembre 2026"},"content":{"rendered":"<h4>Petit R\u00e9cap&#8217; de la semaine<\/h4>\n<p>\t\t\t\t\t\t\t\t\t\t\t\tmercredi 16 septembre\t\t\t\t\t<\/p>\n<ul>\n<li><a href=\"#tad\">Tad l&#8217;explorateur et la lampe magique<\/a> \u00e0 17h15<\/li>\n<li><a href=\"#mem\">Memory Of Princess Mumbi<\/a> \u00e0 20h45 (vo)<\/li>\n<\/ul>\n<p>\t\t\t\t\t\t\t\t\t\t\t\tjeudi 17 septembre\t\t\t\t\t<\/p>\n<ul>\n<li><a href=\"#fac\">Face \u00e0 la mer<\/a> \u00e0 17h15 (vo)<\/li>\n<\/ul>\n<p>\t\t\t\t\t\t\t\t\t\t\t\tsamedi 19 septembre\t\t\t\t\t<\/p>\n<ul>\n<li><a href=\"#bom\">Bombonera<\/a> \u00e0 20H45<\/li>\n<\/ul>\n<p>\t\t\t\t\t\t\t\t\t\t\t\tdimanche 20 septembre\t\t\t\t\t<\/p>\n<ul>\n<li><a href=\"#fjo\">Fjord<\/a> \u00e0 20h15 (vo)<\/li>\n<\/ul>\n<p>\t\t\t\t\t\t\t\t\t\t\t\tmardi 22 septembre\t\t\t\t\t<\/p>\n<ul>\n<li><a href=\"#lin\">L&#8217;Inconnue<\/a> \u00e0 20h15<\/li>\n<\/ul>\n<h4>Tad l&#8217;explorateur et la lampe magique<\/h4>\n<p>\t\t\t\t\t\t\t\t\t\t<img width=\"730\" height=\"913\" src=\"http:\/\/lelalano.fr\/wp-content\/uploads\/2026\/08\/Tad-lexplorateur-et-la-lampe-magique-819x1024.jpg\" alt=\"\" decoding=\"async\" loading=\"lazy\" srcset=\"https:\/\/lelalano.fr\/wp-content\/uploads\/2026\/08\/Tad-lexplorateur-et-la-lampe-magique-819x1024.jpg 819w, https:\/\/lelalano.fr\/wp-content\/uploads\/2026\/08\/Tad-lexplorateur-et-la-lampe-magique-240x300.jpg 240w, https:\/\/lelalano.fr\/wp-content\/uploads\/2026\/08\/Tad-lexplorateur-et-la-lampe-magique-768x960.jpg 768w, https:\/\/lelalano.fr\/wp-content\/uploads\/2026\/08\/Tad-lexplorateur-et-la-lampe-magique.jpg 864w\" sizes=\"(max-width: 730px) 100vw, 730px\" \/>\t\t\t\t\t\t\t\t\t\t\t<\/p>\n<h2>Synopsis<\/h2>\n<p>Tout public\u00a0<\/p>\n<p>Tad et Sara sont d\u00e9sormais les heureux parents d\u2019Oli, une adorable et intr\u00e9pide petite fille de deux ans. Le bonheur de la petite famille fait un peu de l\u2019ombre \u00e0 Momie, qui a l\u2019impression de passer au second plan. Alors qu\u2019en vacances \u00e0 Londres la bande met la main sur la Lampe Merveilleuse des Mille et Une Nuits, Momie formule un v\u0153u inattendu : voyager dans le temps pour retourner \u00e0 l\u2019\u00e9poque de sa jeunesse o\u00f9 tout le monde l\u2019adorait. Tad, Sara et toute l\u2019\u00e9quipe n\u2019ont alors d\u2019autre choix que de partir \u00e0 la poursuite de Momie \u00e0 travers le pass\u00e9, avant que tout le cours de l\u2019Histoire ne soit modifi\u00e9\u2026 Cette nouvelle aventure les entra\u00eenera \u00e0 travers l\u2019oc\u00e9an Atlantique, de la mythique cit\u00e9 perdue de Pa\u00eftiti \u00e0 la Gr\u00e8ce Antique, avant de les conduire au c\u0153ur du Moyen-Orient, jusqu\u2019\u00e0 la l\u00e9gendaire grotte d\u2019Ali Baba et les Quarante Voleurs. Un voyage spectaculaire \u00e0 travers le temps, les civilisations et les l\u00e9gendes, dans la plus grande aventure de Tad \u00e0 ce jour.<\/p>\n<h4>S\u00c9ANCES<\/h4>\n<ul>\n<li >\n\t\t\t\t\t\t\t\t\t\tmercredi 16 septembre 17h15\n\t\t\t\t\t\t\t\t\t<\/li>\n<\/ul>\n<h4>INFOS SUR LE FILM<\/h4>\n<p>\t\t<a href=\"https:\/\/www.allocine.fr\/film\/agenda\/sem-2026-08-26\/\">26 ao\u00fbt 2026<\/a><a href=\"https:\/\/www.allocine.fr\/film\/agenda\/sem-2026-02-18\/\">\u00a0<\/a>en salle  | 1h 35min | <a href=\"https:\/\/www.allocine.fr\/films\/genre-13026\/\">Animation<\/a><a href=\"https:\/\/www.allocine.fr\/films\/genre-13008\/\">, <\/a><a href=\"https:\/\/www.allocine.fr\/films\/genre-13001\/\">Aventure<\/a><a href=\"https:\/\/www.allocine.fr\/films\/genre-13008\/\">, <\/a><a href=\"https:\/\/www.allocine.fr\/films\/genre-13005\/\">Com\u00e9die<\/a><a href=\"https:\/\/www.allocine.fr\/films\/genre-13008\/\">, <\/a><a href=\"https:\/\/www.allocine.fr\/films\/genre-13036\/\">Famille<\/a>De <a href=\"https:\/\/www.allocine.fr\/personne\/fichepersonne_gen_cpersonne=141850.html\">Enrique Gato<\/a>Par <a href=\"https:\/\/www.allocine.fr\/personne\/fichepersonne_gen_cpersonne=610118.html\">Manuel Burque<\/a><a href=\"https:\/\/www.allocine.fr\/personne\/fichepersonne_gen_cpersonne=229036.html\">, <\/a><a href=\"https:\/\/www.allocine.fr\/personne\/fichepersonne_gen_cpersonne=776090.html\">Josep Gatell<\/a>Avec  <a href=\"https:\/\/www.allocine.fr\/personne\/fichepersonne_gen_cpersonne=574208.html\">Oscar Barber\u00e1n<\/a><a href=\"https:\/\/www.allocine.fr\/personne\/fichepersonne_gen_cpersonne=810910.html\">, <\/a><a href=\"https:\/\/www.allocine.fr\/personne\/fichepersonne_gen_cpersonne=265156.html\">Michelle Jenner<\/a><a href=\"https:\/\/www.allocine.fr\/personne\/fichepersonne_gen_cpersonne=810910.html\">, <\/a><a href=\"https:\/\/www.allocine.fr\/personne\/fichepersonne_gen_cpersonne=531345.html\">Luis Posada<\/a>Titre original  Tadeo Jones y la l\u00e1mpara maravillosa<br \/>\n\t\t\t<a href=\"https:\/\/www.youtube.com\/watch?v=kmc10oIGZd0\" target=\"_blank\" role=\"button\" rel=\"noopener\"><br \/>\n\t\t\t\t\t\tVOIR LA BANDE ANNONCE<br \/>\n\t\t\t\t\t<\/a><br \/>\n\t\t\t<a href=\"#top\" role=\"button\"><br \/>\n\t\t\t\t\t\thaut de la page<br \/>\n\t\t\t\t\t<\/a><\/p>\n<h4>Memory of Princess Mumbi (vo)<\/h4>\n<p>\t\t\t\t\t\t\t\t\t\t<img width=\"730\" height=\"972\" src=\"http:\/\/lelalano.fr\/wp-content\/uploads\/2026\/08\/Memory-Of-Princess-Mumbi-769x1024.jpg\" alt=\"\" decoding=\"async\" loading=\"lazy\" srcset=\"https:\/\/lelalano.fr\/wp-content\/uploads\/2026\/08\/Memory-Of-Princess-Mumbi-769x1024.jpg 769w, https:\/\/lelalano.fr\/wp-content\/uploads\/2026\/08\/Memory-Of-Princess-Mumbi-225x300.jpg 225w, https:\/\/lelalano.fr\/wp-content\/uploads\/2026\/08\/Memory-Of-Princess-Mumbi-768x1023.jpg 768w, https:\/\/lelalano.fr\/wp-content\/uploads\/2026\/08\/Memory-Of-Princess-Mumbi.jpg 811w\" sizes=\"(max-width: 730px) 100vw, 730px\" \/>\t\t\t\t\t\t\t\t\t\t\t<\/p>\n<h2>Synopsis<\/h2>\n<p>Tout public\u00a0<\/p>\n<p>En 2093, le cin\u00e9aste Kuve se rend \u00e0 Umata pour filmer un documentaire sur la Grande Guerre des ann\u00e9es 2070, qui a effac\u00e9 les technologies modernes et fait rena\u00eetre d&#8217;anciens royaumes. Il y rencontre Mumbi, qui le met au d\u00e9fi de r\u00e9aliser son film sans intelligence artificielle. Il commence alors \u00e0 comprendre que m\u00eame les plus petits moments peuvent \u00eatre d&#8217;une profonde beaut\u00e9.<\/p>\n<h4>S\u00c9ANCES<\/h4>\n<ul>\n<li >\n\t\t\t\t\t\t\t\t\t\tmercredi 16 septembre 20h45 (vo)\n\t\t\t\t\t\t\t\t\t<\/li>\n<\/ul>\n<h4>INFOS SUR LE FILM<\/h4>\n<p>\t\t<a href=\"https:\/\/www.allocine.fr\/film\/agenda\/sem-2026-08-26\/\">26 ao\u00fbt 2026<\/a><a href=\"https:\/\/www.allocine.fr\/film\/agenda\/sem-2026-02-25\/\">\u00a0<\/a>en salle  | 1h 19min | <a href=\"https:\/\/www.allocine.fr\/films\/genre-13008\/\">Drame<\/a><a href=\"https:\/\/www.allocine.fr\/films\/genre-13008\/\">, <\/a><a href=\"https:\/\/www.allocine.fr\/films\/genre-13021\/\">Science Fiction<\/a>De  <a href=\"https:\/\/www.allocine.fr\/personne\/fichepersonne_gen_cpersonne=1024227.html\">Damien Hauser<\/a>Par  <a href=\"https:\/\/www.allocine.fr\/personne\/fichepersonne_gen_cpersonne=1024227.html\">Damien Hauser<\/a>Avec <a href=\"https:\/\/www.allocine.fr\/personne\/fichepersonne_gen_cpersonne=1000050528.html\">Shandra Apondi<\/a>, <a href=\"https:\/\/www.allocine.fr\/personne\/fichepersonne_gen_cpersonne=1000050529.html\">Ibrahim Joseph<\/a>, <a href=\"https:\/\/www.allocine.fr\/personne\/fichepersonne_gen_cpersonne=1000067006.html\">Samson Waithaka<\/a><br \/>\n\t\t\t<a href=\"https:\/\/www.youtube.com\/watch?v=WEIjkU2i0lw\" target=\"_blank\" role=\"button\" rel=\"noopener\"><br \/>\n\t\t\t\t\t\tbande annonce<br \/>\n\t\t\t\t\t<\/a><br \/>\n\t\t\t<a href=\"#top\" role=\"button\"><br \/>\n\t\t\t\t\t\thaut de la page<br \/>\n\t\t\t\t\t<\/a><\/p>\n<h4>Face \u00e0 la mer (vo)<\/h4>\n<p>\t\t\t\t\t\t\t\t\t\t<img width=\"683\" height=\"1024\" src=\"http:\/\/lelalano.fr\/wp-content\/uploads\/2026\/08\/Face-a-la-mer-683x1024.jpg\" alt=\"\" decoding=\"async\" loading=\"lazy\" srcset=\"https:\/\/lelalano.fr\/wp-content\/uploads\/2026\/08\/Face-a-la-mer-683x1024.jpg 683w, https:\/\/lelalano.fr\/wp-content\/uploads\/2026\/08\/Face-a-la-mer-200x300.jpg 200w, https:\/\/lelalano.fr\/wp-content\/uploads\/2026\/08\/Face-a-la-mer.jpg 720w\" sizes=\"(max-width: 683px) 100vw, 683px\" \/>\t\t\t\t\t\t\t\t\t\t\t<\/p>\n<h2>Synopsis<\/h2>\n<p>Tout public avec avertissement\u00a0<\/p>\n<p>Jack est mari\u00e9 \u00e0 Maggie depuis plus de la moiti\u00e9 de sa vie. Il travaille comme ramasseur de moules dans les bancs du nord du Pays de Galles avec son jeune fr\u00e8re, Dyfan, et ses trois fils. Jack a toujours pens\u00e9 que son fils, Tom, rejoindrait l\u2019entreprise familiale \u00e0 la fin de ses \u00e9tudes, mais la r\u00e9ticence de Tom \u00e0 suivre ses traces provoque des tensions familiales. Celles-ci sont encore exacerb\u00e9es par l\u2019arriv\u00e9e d\u2019un matelot itin\u00e9rant, Daniel, qui avoue ses sentiments \u00e0 Jack. Dans cette communaut\u00e9 rurale isol\u00e9e o\u00f9 la vie tourne autour de l\u2019\u00c9glise et de la p\u00eache, Jack est confront\u00e9 \u00e0 un dilemme insurmontable.<\/p>\n<h4>S\u00c9ANCES<\/h4>\n<ul>\n<li >\n\t\t\t\t\t\t\t\t\t\tjeudi 17 septembre 17h15 (vo)\n\t\t\t\t\t\t\t\t\t<\/li>\n<\/ul>\n<h4>INFOS SUR LE FILM<\/h4>\n<p>\t\t<a href=\"https:\/\/www.allocine.fr\/film\/agenda\/sem-2026-08-26\/\">26 ao\u00fbt 2026<\/a><a href=\"https:\/\/www.allocine.fr\/film\/agenda\/sem-2022-04-27\/\">\u00a0<\/a>en salle  | 1h 56min | <a href=\"https:\/\/www.allocine.fr\/films\/genre-13008\/\">Drame<\/a><a href=\"https:\/\/www.allocine.fr\/films\/documentaires\/\">, <\/a><a href=\"https:\/\/www.allocine.fr\/films\/genre-13024\/\">Romance<\/a>De <a href=\"https:\/\/www.allocine.fr\/personne\/fichepersonne_gen_cpersonne=743784.html\">Helen Walsh<\/a>Par <a href=\"https:\/\/www.allocine.fr\/personne\/fichepersonne_gen_cpersonne=743784.html\">Helen Walsh<\/a>Avec <a href=\"https:\/\/www.allocine.fr\/personne\/fichepersonne_gen_cpersonne=62555.html\">Barry Ward<\/a>, <a href=\"https:\/\/www.allocine.fr\/personne\/fichepersonne_gen_cpersonne=575426.html\">Lorne MacFadyen<\/a>, <a href=\"https:\/\/www.allocine.fr\/personne\/fichepersonne_gen_cpersonne=147647.html\">Liz White<\/a>Titre original  On The Sea\u00a0<br \/>\n\t\t\t<a href=\"https:\/\/www.youtube.com\/watch?v=n15ZF1uQkOQ\" target=\"_blank\" role=\"button\" rel=\"noopener\"><br \/>\n\t\t\t\t\t\tVoir la bande annonce<br \/>\n\t\t\t\t\t<\/a><br \/>\n\t\t\t<a href=\"#top\" role=\"button\"><br \/>\n\t\t\t\t\t\thaut de la page<br \/>\n\t\t\t\t\t<\/a><\/p>\n<h4>Bombonera<\/h4>\n<p>\t\t\t\t\t\t\t\t\t\t<img width=\"730\" height=\"973\" src=\"http:\/\/lelalano.fr\/wp-content\/uploads\/2026\/08\/Bombonera-768x1024.jpg\" alt=\"\" decoding=\"async\" loading=\"lazy\" srcset=\"https:\/\/lelalano.fr\/wp-content\/uploads\/2026\/08\/Bombonera-768x1024.jpg 768w, https:\/\/lelalano.fr\/wp-content\/uploads\/2026\/08\/Bombonera-225x300.jpg 225w, https:\/\/lelalano.fr\/wp-content\/uploads\/2026\/08\/Bombonera.jpg 810w\" sizes=\"(max-width: 730px) 100vw, 730px\" \/>\t\t\t\t\t\t\t\t\t\t\t<\/p>\n<h2>Synopsis<\/h2>\n<p>Tout public\u00a0<\/p>\n<p>Enzo, sans domicile, encha\u00eene les arnaques sur le dos de jeunes prodiges du ballon. Lors de la s\u00e9lection des joueurs en vue d\u2019un important tournoi de streetfoot dans son stade, il entrevoit un tr\u00e8s grand potentiel en la personne de Lisa, 14 ans, jeune fille d\u00e9termin\u00e9e \u00e0 devenir la premi\u00e8re femme \u00e0 jouer parmi des gar\u00e7ons\u2026<\/p>\n<h4>S\u00c9ANCES<\/h4>\n<ul>\n<li >\n\t\t\t\t\t\t\t\t\t\tsamedi 19 septembre 20h45\n\t\t\t\t\t\t\t\t\t<\/li>\n<\/ul>\n<h4>INFOS SUR LE FILM<\/h4>\n<p>\t\t<a href=\"https:\/\/www.allocine.fr\/film\/agenda\/sem-2026-08-26\/\">26 ao\u00fbt 2026<\/a> en salle  | 1h 27min | <a href=\"https:\/\/www.allocine.fr\/films\/genre-13025\/\">Action<\/a>De <a href=\"https:\/\/www.allocine.fr\/personne\/fichepersonne_gen_cpersonne=892117.html\">Syrine Boulanouar<\/a>Par <a href=\"https:\/\/www.allocine.fr\/personne\/fichepersonne_gen_cpersonne=892117.html\">Syrine Boulanouar<\/a><a href=\"https:\/\/www.allocine.fr\/personne\/fichepersonne_gen_cpersonne=566009.html\">, <\/a><a href=\"https:\/\/www.allocine.fr\/personne\/fichepersonne_gen_cpersonne=256032.html\">Karim Boukercha<\/a>Avec <a href=\"https:\/\/www.allocine.fr\/personne\/fichepersonne_gen_cpersonne=210888.html\">Soufiane Guerrab<\/a>, <a href=\"https:\/\/www.allocine.fr\/personne\/fichepersonne_gen_cpersonne=167021.html\">Vimala Pons<\/a>, <a href=\"https:\/\/www.allocine.fr\/personne\/fichepersonne_gen_cpersonne=1022701.html\">Emma Boumali<\/a>\u00a0<br \/>\n\t\t\t<a href=\"https:\/\/www.youtube.com\/watch?v=imZmRIiPg_o\" target=\"_blank\" role=\"button\" rel=\"noopener\"><br \/>\n\t\t\t\t\t\tVOIR LA BANDE ANNONCE<br \/>\n\t\t\t\t\t<\/a><br \/>\n\t\t\t<a href=\"#top\" role=\"button\"><br \/>\n\t\t\t\t\t\thaut de la page<br \/>\n\t\t\t\t\t<\/a><\/p>\n<h4>Fjord (vo)<\/h4>\n<p>\t\t\t\t\t\t\t\t\t\t<img width=\"730\" height=\"991\" src=\"http:\/\/lelalano.fr\/wp-content\/uploads\/2026\/08\/Fjord-754x1024.jpg\" alt=\"\" decoding=\"async\" loading=\"lazy\" srcset=\"https:\/\/lelalano.fr\/wp-content\/uploads\/2026\/08\/Fjord-754x1024.jpg 754w, https:\/\/lelalano.fr\/wp-content\/uploads\/2026\/08\/Fjord-221x300.jpg 221w, https:\/\/lelalano.fr\/wp-content\/uploads\/2026\/08\/Fjord-768x1043.jpg 768w, https:\/\/lelalano.fr\/wp-content\/uploads\/2026\/08\/Fjord.jpg 795w\" sizes=\"(max-width: 730px) 100vw, 730px\" \/>\t\t\t\t\t\t\t\t\t\t\t<\/p>\n<h2>Synopsis<\/h2>\n<p>Tout public\u00a0<\/p>\n<p>Les Gheorghiu, un couple roumano-norv\u00e9gien tr\u00e8s pieux, s\u2019installent dans un village au bout d\u2019un fjord o\u00f9 ils se lient rapidement d\u2019amiti\u00e9 avec leurs voisins, les Halberg. Les enfants des deux familles deviennent tr\u00e8s proches, malgr\u00e9 des \u00e9ducations diff\u00e9rentes. Lorsque le corps enseignant d\u00e9couvre des ecchymoses sur le corps d\u2019Elia, l\u2019a\u00een\u00e9e des enfants Gheorghiu, la communaut\u00e9 se demande si l\u2019\u00e9ducation traditionnelle que les enfants Gheorghiu re\u00e7oivent de leurs parents pourrait en \u00eatre la cause.<\/p>\n<h4>S\u00c9ANCES<\/h4>\n<ul>\n<li >\n\t\t\t\t\t\t\t\t\t\tdimanche 20 septembre 20h15 (vo)\n\t\t\t\t\t\t\t\t\t<\/li>\n<\/ul>\n<h4>INFOS SUR LE FILM<\/h4>\n<p>\t\t<a href=\"https:\/\/www.allocine.fr\/film\/agenda\/sem-2026-08-19\/\">19 ao\u00fbt 2026<\/a><a href=\"https:\/\/www.allocine.fr\/film\/agenda\/sem-2026-02-18\/\">\u00a0<\/a>en salle  | 2h 26min | <a href=\"https:\/\/www.allocine.fr\/films\/genre-13008\/\">Drame<\/a>De <a href=\"https:\/\/www.allocine.fr\/personne\/fichepersonne_gen_cpersonne=75342.html\">Cristian Mungiu<\/a>Par <a href=\"https:\/\/www.allocine.fr\/personne\/fichepersonne_gen_cpersonne=75342.html\">Cristian Mungiu<\/a>Avec <a href=\"https:\/\/www.allocine.fr\/personne\/fichepersonne_gen_cpersonne=115090.html\">Sebastian Stan<\/a>, <a href=\"https:\/\/www.allocine.fr\/personne\/fichepersonne_gen_cpersonne=554496.html\">Renate Reinsve<\/a>, <a href=\"https:\/\/www.allocine.fr\/personne\/fichepersonne_gen_cpersonne=731687.html\">Lisa Carlehed<\/a><br \/>\n\t\t\t<a href=\"https:\/\/www.youtube.com\/watch?v=R7d9fl035hE\" target=\"_blank\" role=\"button\" rel=\"noopener\"><br \/>\n\t\t\t\t\t\tVoir la bande annonce<br \/>\n\t\t\t\t\t<\/a><br \/>\n\t\t\t<a href=\"#top\" role=\"button\"><br \/>\n\t\t\t\t\t\thaut de la page<br \/>\n\t\t\t\t\t<\/a><\/p>\n<h4>L&#8217;Inconnue<\/h4>\n<p>\t\t\t\t\t\t\t\t\t\t<img width=\"730\" height=\"973\" src=\"http:\/\/lelalano.fr\/wp-content\/uploads\/2026\/08\/LInconnue-768x1024.jpg\" alt=\"\" decoding=\"async\" loading=\"lazy\" srcset=\"https:\/\/lelalano.fr\/wp-content\/uploads\/2026\/08\/LInconnue-768x1024.jpg 768w, https:\/\/lelalano.fr\/wp-content\/uploads\/2026\/08\/LInconnue-225x300.jpg 225w, https:\/\/lelalano.fr\/wp-content\/uploads\/2026\/08\/LInconnue.jpg 810w\" sizes=\"(max-width: 730px) 100vw, 730px\" \/>\t\t\t\t\t\t\t\t\t\t\t<\/p>\n<h2>Synopsis<\/h2>\n<p>Interdit &#8211; 12 ans\u00a0<\/p>\n<p>A\u0300 bient\u00f4t 40 ans, David Zimmerman est photographe mais personne ne le sait. Alors qu&#8217;il ne sort presque jamais de chez lui, des amis le tra\u00eenent dans une f\u00eate insens\u00e9e. Il y rep\u00e8re une femme dans la foule, ne peut en d\u00e9tacher le regard, la suit&#8230; Quelques heures plus tard, David se r\u00e9veille : il est dans le corps de l\u2019inconnue.<\/p>\n<h4>S\u00c9ANCES<\/h4>\n<ul>\n<li >\n\t\t\t\t\t\t\t\t\t\tmardi 22 septembre 20h15\n\t\t\t\t\t\t\t\t\t<\/li>\n<\/ul>\n<h4>INFOS SUR LE FILM<\/h4>\n<p>\t\t<a href=\"https:\/\/www.allocine.fr\/film\/agenda\/sem-2026-08-26\/\">26 ao\u00fbt 2026<\/a> en salle  | 2h 20min | <a href=\"https:\/\/www.allocine.fr\/films\/genre-13008\/\">Drame<\/a><a href=\"https:\/\/www.allocine.fr\/films\/documentaires\/\">, <\/a><a href=\"https:\/\/www.allocine.fr\/films\/genre-13023\/\">Thriller<\/a>De  <a href=\"https:\/\/www.allocine.fr\/personne\/fichepersonne_gen_cpersonne=195145.html\">Arthur Harari<\/a>Par <a href=\"https:\/\/www.allocine.fr\/personne\/fichepersonne_gen_cpersonne=195145.html\">Arthur Harari<\/a>, <a href=\"https:\/\/www.allocine.fr\/personne\/fichepersonne_gen_cpersonne=670176.html\">Lucas Harari<\/a>Avec <a href=\"https:\/\/www.allocine.fr\/personne\/fichepersonne_gen_cpersonne=149205.html\">L\u00e9a Seydoux<\/a>, <a href=\"https:\/\/www.allocine.fr\/personne\/fichepersonne_gen_cpersonne=230890.html\">Niels Schneider<\/a>, <a href=\"https:\/\/www.allocine.fr\/personne\/fichepersonne_gen_cpersonne=15341.html\">Val\u00e9rie Dr\u00e9ville<\/a><br \/>\n\t\t\t<a href=\"https:\/\/www.youtube.com\/watch?v=tWLwgjuXejM\" target=\"_blank\" role=\"button\" rel=\"noopener\"><br \/>\n\t\t\t\t\t\tVoir la bande annonce<br \/>\n\t\t\t\t\t<\/a><br \/>\n\t\t\t<a href=\"#top\" role=\"button\"><br \/>\n\t\t\t\t\t\thaut de la page<br \/>\n\t\t\t\t\t<\/a><\/p>\n","protected":false},"excerpt":{"rendered":"<p>Petit R\u00e9cap&#8217; de la semaine mercredi 16 septembre Tad l&#8217;explorateur et la lampe magique \u00e0 17h15 Memory Of Princess Mumbi \u00e0 20h45 (vo) jeudi 17 septembre Face \u00e0 la mer \u00e0 17h15 (vo) samedi 19 septembre Bombonera \u00e0 20H45 dimanche 20 septembre Fjord \u00e0 20h15 (vo) mardi 22 septembre L&#8217;Inconnue \u00e0 20h15 Tad l&#8217;explorateur et<span class=\"read-more-wrap\"><a class=\"moretag\" href=\"https:\/\/lelalano.fr\/index.php\/semaine-du-mer-16-septembre-au-mar-22-septembre-2026\/\">Lire la suite<span class=\"screen-reader-text\">Semaine du Mer. 16 septembre au Mar. 22 septembre 2026<\/span><\/a><\/span><\/p>\n","protected":false},"author":1,"featured_media":0,"parent":0,"menu_order":0,"comment_status":"closed","ping_status":"closed","template":"","meta":{"footnotes":""},"_links":{"self":[{"href":"https:\/\/lelalano.fr\/index.php\/wp-json\/wp\/v2\/pages\/15320"}],"collection":[{"href":"https:\/\/lelalano.fr\/index.php\/wp-json\/wp\/v2\/pages"}],"about":[{"href":"https:\/\/lelalano.fr\/index.php\/wp-json\/wp\/v2\/types\/page"}],"author":[{"embeddable":true,"href":"https:\/\/lelalano.fr\/index.php\/wp-json\/wp\/v2\/users\/1"}],"replies":[{"embeddable":true,"href":"https:\/\/lelalano.fr\/index.php\/wp-json\/wp\/v2\/comments?post=15320"}],"version-history":[{"count":49,"href":"https:\/\/lelalano.fr\/index.php\/wp-json\/wp\/v2\/pages\/15320\/revisions"}],"predecessor-version":[{"id":15375,"href":"https:\/\/lelalano.fr\/index.php\/wp-json\/wp\/v2\/pages\/15320\/revisions\/15375"}],"wp:attachment":[{"href":"https:\/\/lelalano.fr\/index.php\/wp-json\/wp\/v2\/media?parent=15320"}],"curies":[{"name":"wp","href":"https:\/\/api.w.org\/{rel}","templated":true}]}}