{"id":15376,"date":"2026-09-01T12:19:33","date_gmt":"2026-09-01T10:19:33","guid":{"rendered":"https:\/\/lelalano.fr\/?page_id=15376"},"modified":"2026-09-01T12:43:24","modified_gmt":"2026-09-01T10:43:24","slug":"semaine-du-mer-23-septembre-au-mar-29-septembre-2026","status":"publish","type":"page","link":"https:\/\/lelalano.fr\/index.php\/semaine-du-mer-23-septembre-au-mar-29-septembre-2026\/","title":{"rendered":"Semaine du Mer. 23 septembre au Mar. 29 septembre 2026"},"content":{"rendered":"<h4>Petit R\u00e9cap&#8217; de la semaine<\/h4>\n<p>\t\t\t\t\t\t\t\t\t\t\t\tmercredi 23 septembre\t\t\t\t\t<\/p>\n<ul>\n<li><a href=\"#lad\">La Derni\u00e8re patiente<\/a> \u00e0 20h45<\/li>\n<\/ul>\n<p>\t\t\t\t\t\t\t\t\t\t\t\tsamedi 26 septembre\t\t\t\t\t<\/p>\n<ul>\n<li><a href=\"#laf\">La Frappe<\/a> \u00e0 20H45<\/li>\n<\/ul>\n<p>\t\t\t\t\t\t\t\t\t\t\t\tdimanche 27 septembre\t\t\t\t\t<\/p>\n<ul>\n<li><a href=\"#the\">The Dog Stars<\/a> \u00e0 20h45 (vo)<\/li>\n<\/ul>\n<p>\t\t\t\t\t\t\t\t\t\t\t\tmardi 29 septembre\t\t\t\t\t<\/p>\n<ul>\n<li><a href=\"#par\">Paradise<\/a> \u00e0 20h45 (vo)<\/li>\n<\/ul>\n<h4>La Derni\u00e8re patiente<\/h4>\n<p>\t\t\t\t\t\t\t\t\t\t<img width=\"730\" height=\"994\" src=\"http:\/\/lelalano.fr\/wp-content\/uploads\/2026\/09\/La-Derniere-patiente-752x1024.jpg\" alt=\"\" decoding=\"async\" loading=\"lazy\" srcset=\"https:\/\/lelalano.fr\/wp-content\/uploads\/2026\/09\/La-Derniere-patiente-752x1024.jpg 752w, https:\/\/lelalano.fr\/wp-content\/uploads\/2026\/09\/La-Derniere-patiente-220x300.jpg 220w, https:\/\/lelalano.fr\/wp-content\/uploads\/2026\/09\/La-Derniere-patiente-768x1046.jpg 768w, https:\/\/lelalano.fr\/wp-content\/uploads\/2026\/09\/La-Derniere-patiente.jpg 793w\" sizes=\"(max-width: 730px) 100vw, 730px\" \/>\t\t\t\t\t\t\t\t\t\t\t<\/p>\n<h2>Synopsis<\/h2>\n<p>Tout public\u00a0<\/p>\n<p>La veille de son d\u00e9part \u00e0 la retraite, Judith, m\u00e9decin de banlieue, ouvre la porte de son cabinet \u00e0 A\u00efda, enceinte de huit mois et en rupture de soin. Confront\u00e9e \u00e0 un syst\u00e8me de sant\u00e9 \u00e0 bout de souffle, Judith accepte d&#8217;h\u00e9berger la jeune femme et s&#8217;engage alors dans une nuit o\u00f9 toutes ses convictions de soignante seront mises \u00e0 l\u2019\u00e9preuve.<\/p>\n<p>\u00a0<\/p>\n<h4>S\u00c9ANCES<\/h4>\n<ul>\n<li >\n\t\t\t\t\t\t\t\t\t\tmercredi 23 septembre 20h45\n\t\t\t\t\t\t\t\t\t<\/li>\n<\/ul>\n<h4>INFOS SUR LE FILM<\/h4>\n<p>\t\t<a href=\"https:\/\/www.allocine.fr\/film\/agenda\/sem-2026-09-02\/\"> 2 septembre 2026 <\/a>  en salle  | 1h 20min | <a href=\"https:\/\/www.allocine.fr\/films\/genre-13008\/\">Drame<\/a>De <a href=\"https:\/\/www.allocine.fr\/personne\/fichepersonne_gen_cpersonne=852273.html\">R\u00e9mi Bassaler<\/a>Par <a href=\"https:\/\/www.allocine.fr\/personne\/fichepersonne_gen_cpersonne=852273.html\">R\u00e9mi Bassaler<\/a>, <a href=\"https:\/\/www.allocine.fr\/personne\/fichepersonne_gen_cpersonne=766502.html\">Marion Defer<\/a>Avec <a href=\"https:\/\/www.allocine.fr\/personne\/fichepersonne_gen_cpersonne=5052.html\">Anouk Grinberg<\/a>, <a href=\"https:\/\/www.allocine.fr\/personne\/fichepersonne_gen_cpersonne=517641.html\">Lu\u00e0na Bajrami<\/a>, <a href=\"https:\/\/www.allocine.fr\/personne\/fichepersonne_gen_cpersonne=836753.html\">F\u00e9lix Lefebvre<\/a><br \/>\n\t\t\t<a href=\"https:\/\/www.youtube.com\/watch?v=r0kAEBCCg9E\" target=\"_blank\" role=\"button\" rel=\"noopener\"><br \/>\n\t\t\t\t\t\tVOIR LA BANDE ANNONCE<br \/>\n\t\t\t\t\t<\/a><br \/>\n\t\t\t<a href=\"#top\" role=\"button\"><br \/>\n\t\t\t\t\t\thaut de la page<br \/>\n\t\t\t\t\t<\/a><\/p>\n<h4>La Frappe<\/h4>\n<p>\t\t\t\t\t\t\t\t\t\t<img width=\"730\" height=\"973\" src=\"http:\/\/lelalano.fr\/wp-content\/uploads\/2026\/09\/La-Frappe-768x1024.jpg\" alt=\"\" decoding=\"async\" loading=\"lazy\" srcset=\"https:\/\/lelalano.fr\/wp-content\/uploads\/2026\/09\/La-Frappe-768x1024.jpg 768w, https:\/\/lelalano.fr\/wp-content\/uploads\/2026\/09\/La-Frappe-225x300.jpg 225w, https:\/\/lelalano.fr\/wp-content\/uploads\/2026\/09\/La-Frappe.jpg 810w\" sizes=\"(max-width: 730px) 100vw, 730px\" \/>\t\t\t\t\t\t\t\t\t\t\t<\/p>\n<h2>Synopsis<\/h2>\n<p>Tout public avec avertissement\u00a0<\/p>\n<p>Enzo, 19 ans et sa soeur Carla, 20 ans, sont livr\u00e9s \u00e0 eux-m\u00eames depuis plusieurs ann\u00e9es. Quand leur p\u00e8re, Anthony est lib\u00e9r\u00e9 de prison, Enzo voit la promesse fragile d\u2019une famille \u00e0 reconstruire contrairement \u00e0 Carla pour qui l\u2019id\u00e9e reste inconcevable. Rattrap\u00e9 par son pass\u00e9, Enzo doit se confronter \u00e0 une v\u00e9rit\u00e9 qu\u2019il a trop longtemps gard\u00e9e pour lui.<\/p>\n<p>\u00a0<\/p>\n<h4>S\u00c9ANCES<\/h4>\n<ul>\n<li >\n\t\t\t\t\t\t\t\t\t\tmercredi 26 septembre 20h45\n\t\t\t\t\t\t\t\t\t<\/li>\n<\/ul>\n<h4>INFOS SUR LE FILM<\/h4>\n<p>\t\t<a href=\"https:\/\/www.allocine.fr\/film\/agenda\/sem-2026-09-02\/\"> 2 septembre 2026 <\/a>  en salle  | 1h 46min | <a href=\"https:\/\/www.allocine.fr\/films\/genre-13008\/\">Drame<\/a>De <a href=\"https:\/\/www.allocine.fr\/personne\/fichepersonne_gen_cpersonne=213062.html\">Julien Gaspar-Oliveri<\/a>Par <a href=\"https:\/\/www.allocine.fr\/personne\/fichepersonne_gen_cpersonne=213062.html\">Julien Gaspar-Oliveri<\/a>, <a href=\"https:\/\/www.allocine.fr\/personne\/fichepersonne_gen_cpersonne=897805.html\">Claudia Bottino<\/a>Avec <a href=\"https:\/\/www.allocine.fr\/personne\/fichepersonne_gen_cpersonne=966266.html\">Diego Murgia<\/a>, <a href=\"https:\/\/www.allocine.fr\/personne\/fichepersonne_gen_cpersonne=252531.html\">Bastien Bouillon<\/a>, <a href=\"https:\/\/www.allocine.fr\/personne\/fichepersonne_gen_cpersonne=1000083971.html\">Romane Fringeli<\/a><br \/>\n\t\t\t<a href=\"https:\/\/www.youtube.com\/watch?v=OH7ajEvH09g\" target=\"_blank\" role=\"button\" rel=\"noopener\"><br \/>\n\t\t\t\t\t\tbande annonce<br \/>\n\t\t\t\t\t<\/a><br \/>\n\t\t\t<a href=\"#top\" role=\"button\"><br \/>\n\t\t\t\t\t\thaut de la page<br \/>\n\t\t\t\t\t<\/a><\/p>\n<h4>The Dog Stars (vo)<\/h4>\n<p>\t\t\t\t\t\t\t\t\t\t<img width=\"730\" height=\"973\" src=\"http:\/\/lelalano.fr\/wp-content\/uploads\/2026\/09\/The-Dog-Stars-768x1024.jpg\" alt=\"\" decoding=\"async\" loading=\"lazy\" srcset=\"https:\/\/lelalano.fr\/wp-content\/uploads\/2026\/09\/The-Dog-Stars-768x1024.jpg 768w, https:\/\/lelalano.fr\/wp-content\/uploads\/2026\/09\/The-Dog-Stars-225x300.jpg 225w, https:\/\/lelalano.fr\/wp-content\/uploads\/2026\/09\/The-Dog-Stars.jpg 810w\" sizes=\"(max-width: 730px) 100vw, 730px\" \/>\t\t\t\t\t\t\t\t\t\t\t<\/p>\n<h2>Synopsis<\/h2>\n<p>Tout public avec avertissement\u00a0<\/p>\n<p>Dans un futur proche o\u00f9 une pand\u00e9mie sans nom a d\u00e9cim\u00e9 la soci\u00e9t\u00e9 am\u00e9ricaine, Hig, un pilote vit sur une base a\u00e9rienne abandonn\u00e9e du Colorado avec son chien et un ex-marine. Lorsqu&#8217;une transmission al\u00e9atoire passe par la radio de son Cessna 1956, la voix fait na\u00eetre au plus profond du pilote l&#8217;espoir qu&#8217;une vie meilleure existe en dehors de leur p\u00e9rim\u00e8tre \u00e9troitement contr\u00f4l\u00e9&#8230;<\/p>\n<p>\u00a0<\/p>\n<h4>S\u00c9ANCES<\/h4>\n<ul>\n<li >\n\t\t\t\t\t\t\t\t\t\tdimanche 27 septembre 20h45 (vostfr)\n\t\t\t\t\t\t\t\t\t<\/li>\n<\/ul>\n<h4>INFOS SUR LE FILM<\/h4>\n<p>\t\t<a href=\"https:\/\/www.allocine.fr\/film\/agenda\/sem-2026-08-26\/\"> 26 ao\u00fbt 2026 <\/a>  en salle  | 1h 59min | <a href=\"https:\/\/www.allocine.fr\/films\/genre-13001\/\">Aventure<\/a>, <a href=\"https:\/\/www.allocine.fr\/films\/genre-13008\/\">Drame<\/a>, <a href=\"https:\/\/www.allocine.fr\/films\/genre-13023\/\">Thriller<\/a>De <a href=\"https:\/\/www.allocine.fr\/personne\/fichepersonne_gen_cpersonne=258.html\">Ridley Scott<\/a>Par <a href=\"https:\/\/www.allocine.fr\/personne\/fichepersonne_gen_cpersonne=151396.html\">Mark L. Smith<\/a>, <a href=\"https:\/\/www.allocine.fr\/personne\/fichepersonne_gen_cpersonne=43891.html\">Christopher Wilkinson<\/a>Avec <a href=\"https:\/\/www.allocine.fr\/personne\/fichepersonne_gen_cpersonne=838641.html\">Jacob Elordi<\/a>, <a href=\"https:\/\/www.allocine.fr\/personne\/fichepersonne_gen_cpersonne=646619.html\">Margaret Qualley<\/a>, <a href=\"https:\/\/www.allocine.fr\/personne\/fichepersonne_gen_cpersonne=3146.html\">Josh Brolin<\/a><br \/>\n\t\t\t<a href=\"https:\/\/www.youtube.com\/watch?v=uSxVTK3C9Hk\" target=\"_blank\" role=\"button\" rel=\"noopener\"><br \/>\n\t\t\t\t\t\tVoir la bande annonce<br \/>\n\t\t\t\t\t<\/a><br \/>\n\t\t\t<a href=\"#top\" role=\"button\"><br \/>\n\t\t\t\t\t\thaut de la page<br \/>\n\t\t\t\t\t<\/a><\/p>\n<h4>Paradise<\/h4>\n<p>\t\t\t\t\t\t\t\t\t\t<img width=\"730\" height=\"973\" src=\"http:\/\/lelalano.fr\/wp-content\/uploads\/2026\/09\/Paradise-768x1024.jpg\" alt=\"\" decoding=\"async\" loading=\"lazy\" srcset=\"https:\/\/lelalano.fr\/wp-content\/uploads\/2026\/09\/Paradise-768x1024.jpg 768w, https:\/\/lelalano.fr\/wp-content\/uploads\/2026\/09\/Paradise-225x300.jpg 225w, https:\/\/lelalano.fr\/wp-content\/uploads\/2026\/09\/Paradise.jpg 810w\" sizes=\"(max-width: 730px) 100vw, 730px\" \/>\t\t\t\t\t\t\t\t\t\t\t<\/p>\n<h2>Synopsis<\/h2>\n<p>Tout public\u00a0<\/p>\n<p>Au Ghana, Kojo, adolescent marqu\u00e9 par la disparition de son p\u00e8re en mer, se rapproche des gangs de rue sans parvenir \u00e0 combler le vide qu\u2019il ressent. Pendant ce temps, au Qu\u00e9bec, Tony, en qu\u00eate de rep\u00e8res, s\u2019interroge sur l\u2019homme dont sa m\u00e8re est amoureuse et qui pourrait \u00eatre le p\u00e8re qu\u2019il n\u2019a jamais connu&#8230; Entre la lente d\u00e9ch\u00e9ance de l&#8217;un et la recherche d&#8217;identit\u00e9 de l&#8217;autre, un lien insoup\u00e7onn\u00e9 se tisse, unissant les destins crois\u00e9s de ces deux jeunes hommes que tout semble s\u00e9parer.<\/p>\n<p>\u00a0<\/p>\n<h4>S\u00c9ANCES<\/h4>\n<ul>\n<li >\n\t\t\t\t\t\t\t\t\t\tsamedi 29 septembre 20h45 (vostfr)\n\t\t\t\t\t\t\t\t\t<\/li>\n<\/ul>\n<h4>INFOS SUR LE FILM<\/h4>\n<p>\t\t<a href=\"https:\/\/www.allocine.fr\/film\/agenda\/sem-2026-08-19\/\"> 19 ao\u00fbt 2026 <\/a>  en salle  | 1h 33min | <a href=\"https:\/\/www.allocine.fr\/films\/genre-13008\/\">Drame<\/a>De <a href=\"https:\/\/www.allocine.fr\/personne\/fichepersonne_gen_cpersonne=863032.html\">J\u00e9r\u00e9my Comte<\/a>Par <a href=\"https:\/\/www.allocine.fr\/personne\/fichepersonne_gen_cpersonne=863032.html\">J\u00e9r\u00e9my Comte<\/a>, <a href=\"https:\/\/www.allocine.fr\/personne\/fichepersonne_gen_cpersonne=975194.html\">Will Niava<\/a>Avec <a href=\"https:\/\/www.allocine.fr\/personne\/fichepersonne_gen_cpersonne=1000039149.html\">Daniel Atsu Hukporti<\/a>, <a href=\"https:\/\/www.allocine.fr\/personne\/fichepersonne_gen_cpersonne=1000039148.html\">Joey Boivin-Desmeules<\/a>, <a href=\"https:\/\/www.allocine.fr\/personne\/fichepersonne_gen_cpersonne=1000097956.html\">Benjamin Kwao Delali<\/a>\u00a0\u00a0<br \/>\n\t\t\t<a href=\"https:\/\/www.youtube.com\/watch?v=p2oUGrXBoxI\" target=\"_blank\" role=\"button\" rel=\"noopener\"><br \/>\n\t\t\t\t\t\tVOIR LA BANDE ANNONCE<br \/>\n\t\t\t\t\t<\/a><br \/>\n\t\t\t<a href=\"#top\" role=\"button\"><br \/>\n\t\t\t\t\t\thaut de la page<br \/>\n\t\t\t\t\t<\/a><\/p>\n","protected":false},"excerpt":{"rendered":"<p>Petit R\u00e9cap&#8217; de la semaine mercredi 23 septembre La Derni\u00e8re patiente \u00e0 20h45 samedi 26 septembre La Frappe \u00e0 20H45 dimanche 27 septembre The Dog Stars \u00e0 20h45 (vo) mardi 29 septembre Paradise \u00e0 20h45 (vo) La Derni\u00e8re patiente Synopsis Tout public\u00a0 La veille de son d\u00e9part \u00e0 la retraite, Judith, m\u00e9decin de banlieue, ouvre<span class=\"read-more-wrap\"><a class=\"moretag\" href=\"https:\/\/lelalano.fr\/index.php\/semaine-du-mer-23-septembre-au-mar-29-septembre-2026\/\">Lire la suite<span class=\"screen-reader-text\">Semaine du Mer. 23 septembre au Mar. 29 septembre 2026<\/span><\/a><\/span><\/p>\n","protected":false},"author":1,"featured_media":0,"parent":0,"menu_order":0,"comment_status":"closed","ping_status":"closed","template":"","meta":{"footnotes":""},"_links":{"self":[{"href":"https:\/\/lelalano.fr\/index.php\/wp-json\/wp\/v2\/pages\/15376"}],"collection":[{"href":"https:\/\/lelalano.fr\/index.php\/wp-json\/wp\/v2\/pages"}],"about":[{"href":"https:\/\/lelalano.fr\/index.php\/wp-json\/wp\/v2\/types\/page"}],"author":[{"embeddable":true,"href":"https:\/\/lelalano.fr\/index.php\/wp-json\/wp\/v2\/users\/1"}],"replies":[{"embeddable":true,"href":"https:\/\/lelalano.fr\/index.php\/wp-json\/wp\/v2\/comments?post=15376"}],"version-history":[{"count":23,"href":"https:\/\/lelalano.fr\/index.php\/wp-json\/wp\/v2\/pages\/15376\/revisions"}],"predecessor-version":[{"id":15403,"href":"https:\/\/lelalano.fr\/index.php\/wp-json\/wp\/v2\/pages\/15376\/revisions\/15403"}],"wp:attachment":[{"href":"https:\/\/lelalano.fr\/index.php\/wp-json\/wp\/v2\/media?parent=15376"}],"curies":[{"name":"wp","href":"https:\/\/api.w.org\/{rel}","templated":true}]}}