{"id":15407,"date":"2026-09-01T19:44:48","date_gmt":"2026-09-01T17:44:48","guid":{"rendered":"https:\/\/lelalano.fr\/?page_id=15407"},"modified":"2026-09-02T19:59:41","modified_gmt":"2026-09-02T17:59:41","slug":"semaine-du-mer-30-septembre-au-mar-06-octobre-2026","status":"publish","type":"page","link":"https:\/\/lelalano.fr\/index.php\/semaine-du-mer-30-septembre-au-mar-06-octobre-2026\/","title":{"rendered":"Semaine du Mer. 30 septembre au Mar. 06 octobre 2026"},"content":{"rendered":"<h4>Petit R\u00e9cap&#8217; de la semaine<\/h4>\n<p>\t\t\t\t\t\t\t\t\t\t\t\tmercredi 30 septembre\t\t\t\t\t<\/p>\n<ul>\n<li><a href=\"#mar\">Marius et le royaume des mers<\/a> \u00e0 17h15<\/li>\n<li><a href=\"#ros\">Rose<\/a> \u00e0 20h45 (vo)<\/li>\n<\/ul>\n<p>\t\t\t\t\t\t\t\t\t\t\t\tjeudi 01 octobre\t\t\t\t\t<\/p>\n<ul>\n<li><a href=\"#pre\">Pressure<\/a> \u00e0 17h15 (vo)<\/li>\n<\/ul>\n<p>\t\t\t\t\t\t\t\t\t\t\t\tsamedi 03 octobre\t\t\t\t\t<\/p>\n<ul>\n<li><a href=\"#les\">Les H\u00e9ros du Louvre<\/a> \u00e0 20H45<\/li>\n<\/ul>\n<p>\t\t\t\t\t\t\t\t\t\t\t\tdimanche 04 octobre\t\t\t\t\t<\/p>\n<ul>\n<li><a href=\"#adi\">Adieu Monde Cruel<\/a> \u00e0 20h45<\/li>\n<\/ul>\n<p>\t\t\t\t\t\t\t\t\t\t\t\tmardi 06 octobre\t\t\t\t\t<\/p>\n<ul>\n<li><a href=\"#lav\">La Vie d&#8217;une Femme<\/a> \u00e0 20h45<\/li>\n<\/ul>\n<h4>Marius et le Royaume des mers<\/h4>\n<p>\t\t\t\t\t\t\t\t\t\t<img width=\"730\" height=\"994\" src=\"http:\/\/lelalano.fr\/wp-content\/uploads\/2026\/09\/Marius-et-le-Royaume-des-mers-752x1024.jpg\" alt=\"\" decoding=\"async\" loading=\"lazy\" srcset=\"https:\/\/lelalano.fr\/wp-content\/uploads\/2026\/09\/Marius-et-le-Royaume-des-mers-752x1024.jpg 752w, https:\/\/lelalano.fr\/wp-content\/uploads\/2026\/09\/Marius-et-le-Royaume-des-mers-220x300.jpg 220w, https:\/\/lelalano.fr\/wp-content\/uploads\/2026\/09\/Marius-et-le-Royaume-des-mers-768x1046.jpg 768w, https:\/\/lelalano.fr\/wp-content\/uploads\/2026\/09\/Marius-et-le-Royaume-des-mers.jpg 793w\" sizes=\"(max-width: 730px) 100vw, 730px\" \/>\t\t\t\t\t\t\t\t\t\t\t<\/p>\n<h2>Synopsis<\/h2>\n<p>Tout public\u00a0<\/p>\n<p>Au beau milieu de l\u2019oc\u00e9an se cache une \u00eele merveilleuse peupl\u00e9e de serpents de mer. Parmi eux vit Marius, qui n\u2019est pas tout \u00e0 fait comme les autres : il ne sait pas nager ! Mais lorsqu\u2019un danger menace leur \u00eele, il n\u2019a plus le choix : arm\u00e9 de tout son courage, il se lance dans une aventure extraordinaire. Pour sauver les siens, Marius va devoir se jeter \u00e0 l\u2019eau et prouver qu\u2019il peut devenir un h\u00e9ros.<\/p>\n<p>\u00a0<\/p>\n<h4>S\u00c9ANCES<\/h4>\n<ul>\n<li >\n\t\t\t\t\t\t\t\t\t\tmercredi 30 septembre 17h15\n\t\t\t\t\t\t\t\t\t<\/li>\n<\/ul>\n<h4>INFOS SUR LE FILM<\/h4>\n<p>\t\t<a href=\"https:\/\/www.allocine.fr\/film\/agenda\/sem-2026-08-19\/\"> 19 ao\u00fbt 2026 <\/a>  en salle  | 1h 20min | <a href=\"https:\/\/www.allocine.fr\/films\/genre-13026\/\">Animation<\/a>, <a href=\"https:\/\/www.allocine.fr\/films\/genre-13036\/\">Famille<\/a>De <a href=\"https:\/\/www.allocine.fr\/personne\/fichepersonne_gen_cpersonne=668391.html\">Endre Skandfer<\/a>Par <a href=\"https:\/\/www.allocine.fr\/personne\/fichepersonne_gen_cpersonne=705867.html\">Karsten Fullu<\/a>Titre original  Ruffen &#8211; Sj\u00f8ormen som ikke kunne sv\u00f8mme\u00e0 partir de 3 ans<br \/>\n\t\t\t<a href=\"https:\/\/www.youtube.com\/watch?v=5gMerOJFdAY\" target=\"_blank\" role=\"button\" rel=\"noopener\"><br \/>\n\t\t\t\t\t\tVOIR LA BANDE ANNONCE<br \/>\n\t\t\t\t\t<\/a><br \/>\n\t\t\t<a href=\"#top\" role=\"button\"><br \/>\n\t\t\t\t\t\thaut de la page<br \/>\n\t\t\t\t\t<\/a><\/p>\n<h4>Rose (vo)<\/h4>\n<p>\t\t\t\t\t\t\t\t\t\t<img width=\"730\" height=\"973\" src=\"http:\/\/lelalano.fr\/wp-content\/uploads\/2026\/09\/Rose-768x1024.jpg\" alt=\"\" decoding=\"async\" loading=\"lazy\" srcset=\"https:\/\/lelalano.fr\/wp-content\/uploads\/2026\/09\/Rose-768x1024.jpg 768w, https:\/\/lelalano.fr\/wp-content\/uploads\/2026\/09\/Rose-225x300.jpg 225w, https:\/\/lelalano.fr\/wp-content\/uploads\/2026\/09\/Rose.jpg 810w\" sizes=\"(max-width: 730px) 100vw, 730px\" \/>\t\t\t\t\t\t\t\t\t\t\t<\/p>\n<h2>Synopsis<\/h2>\n<p>Au lendemain de la guerre de Trente Ans, un myst\u00e9rieux soldat balafr\u00e9 s\u2019installe dans un village isol\u00e9 d\u2019Allemagne. \u00c0 force de labeur et de services rendus, il gagne la confiance des habitants et croit enterrer son secret. Alors que les villageois commencent \u00e0 le consid\u00e9rer comme l\u2019un des leurs, tout bascule lorsqu\u2019ils se mettent \u00e0 douter de sa v\u00e9ritable identit\u00e9.<\/p>\n<p>\u00a0<\/p>\n<h4>S\u00c9ANCES<\/h4>\n<ul>\n<li >\n\t\t\t\t\t\t\t\t\t\tmercredi 30 septembre 20h45 (vostfr)\n\t\t\t\t\t\t\t\t\t<\/li>\n<\/ul>\n<h4>INFOS SUR LE FILM<\/h4>\n<p>\t\t<a href=\"https:\/\/www.allocine.fr\/film\/agenda\/sem-2026-09-09\/\"> 9 septembre 2026 <\/a>  en salle  | 1h 34min | <a href=\"https:\/\/www.allocine.fr\/films\/genre-13008\/\">Drame<\/a>, <a href=\"https:\/\/www.allocine.fr\/films\/genre-13015\/\">Historique<\/a>De <a href=\"https:\/\/www.allocine.fr\/personne\/fichepersonne_gen_cpersonne=81184.html\">Markus Schleinzer<\/a>Par <a href=\"https:\/\/www.allocine.fr\/personne\/fichepersonne_gen_cpersonne=81184.html\">Markus Schleinzer<\/a>, <a href=\"https:\/\/www.allocine.fr\/personne\/fichepersonne_gen_cpersonne=838241.html\">Alexander Brom<\/a>Avec <a href=\"https:\/\/www.allocine.fr\/personne\/fichepersonne_gen_cpersonne=140889.html\">Sandra H\u00fcller<\/a>, <a href=\"https:\/\/www.allocine.fr\/personne\/fichepersonne_gen_cpersonne=1000035046.html\">Caro Braun<\/a>, <a href=\"https:\/\/www.allocine.fr\/personne\/fichepersonne_gen_cpersonne=261171.html\">Marisa Growaldt<\/a><br \/>\n\t\t\t<a href=\"https:\/\/www.youtube.com\/watch?v=1rgaBWjLYPc\" target=\"_blank\" role=\"button\" rel=\"noopener\"><br \/>\n\t\t\t\t\t\tbande annonce<br \/>\n\t\t\t\t\t<\/a><br \/>\n\t\t\t<a href=\"#top\" role=\"button\"><br \/>\n\t\t\t\t\t\thaut de la page<br \/>\n\t\t\t\t\t<\/a><\/p>\n<h4>Pressure (vo)<\/h4>\n<p>\t\t\t\t\t\t\t\t\t\t<img width=\"730\" height=\"973\" src=\"http:\/\/lelalano.fr\/wp-content\/uploads\/2026\/09\/Pressure-768x1024.jpg\" alt=\"\" decoding=\"async\" loading=\"lazy\" srcset=\"https:\/\/lelalano.fr\/wp-content\/uploads\/2026\/09\/Pressure-768x1024.jpg 768w, https:\/\/lelalano.fr\/wp-content\/uploads\/2026\/09\/Pressure-225x300.jpg 225w, https:\/\/lelalano.fr\/wp-content\/uploads\/2026\/09\/Pressure.jpg 810w\" sizes=\"(max-width: 730px) 100vw, 730px\" \/>\t\t\t\t\t\t\t\t\t\t\t<\/p>\n<h2>Synopsis<\/h2>\n<p>Trois jours avant le Jour J, une seule d\u00e9cision peut changer le cours de l\u2019Histoire. Alors que les Alli\u00e9s s\u2019appr\u00eatent \u00e0 lancer le plus grand d\u00e9barquement jamais organis\u00e9, une violente temp\u00eate menace de faire \u00e9chouer l\u2019op\u00e9ration. Le g\u00e9n\u00e9ral Eisenhower et le capitaine James Stagg, m\u00e9t\u00e9orologue, font alors face \u00e0 un choix impossible : attaquer malgr\u00e9 l\u2019incertitude\u2026 ou risquer de perdre la guerre.<\/p>\n<p>PRESSURE, l\u2019histoire vraie d\u2019un compte \u00e0 rebours sous haute tension.<\/p>\n<p>\u00a0<\/p>\n<h4>S\u00c9ANCES<\/h4>\n<ul>\n<li >\n\t\t\t\t\t\t\t\t\t\tjeudi 01 octobre 17h15 (vostfr)\n\t\t\t\t\t\t\t\t\t<\/li>\n<\/ul>\n<h4>INFOS SUR LE FILM<\/h4>\n<p>\t\t<a href=\"https:\/\/www.allocine.fr\/film\/agenda\/sem-2026-09-09\/\"> 9 septembre 2026 <\/a>  en salle  | 1h 40min | <a href=\"https:\/\/www.allocine.fr\/films\/genre-13014\/\">Guerre<\/a>, <a href=\"https:\/\/www.allocine.fr\/films\/genre-13015\/\">Historique<\/a>, <a href=\"https:\/\/www.allocine.fr\/films\/genre-13023\/\">Thriller<\/a>De <a href=\"https:\/\/www.allocine.fr\/personne\/fichepersonne_gen_cpersonne=766308.html\">Anthony Maras<\/a>Par <a href=\"https:\/\/www.allocine.fr\/personne\/fichepersonne_gen_cpersonne=766308.html\">Anthony Maras<\/a>, <a href=\"https:\/\/www.allocine.fr\/personne\/fichepersonne_gen_cpersonne=76460.html\">David Haig<\/a>Avec <a href=\"https:\/\/www.allocine.fr\/personne\/fichepersonne_gen_cpersonne=73747.html\">Andrew Scott<\/a>, <a href=\"https:\/\/www.allocine.fr\/personne\/fichepersonne_gen_cpersonne=18216.html\">Brendan Fraser<\/a>, <a href=\"https:\/\/www.allocine.fr\/personne\/fichepersonne_gen_cpersonne=101150.html\">Kerry Condon<\/a>\u00a0<br \/>\n\t\t\t<a href=\"https:\/\/www.youtube.com\/watch?v=Ha9l_gJ2CWA\" target=\"_blank\" role=\"button\" rel=\"noopener\"><br \/>\n\t\t\t\t\t\tVoir la bande annonce<br \/>\n\t\t\t\t\t<\/a><br \/>\n\t\t\t<a href=\"#top\" role=\"button\"><br \/>\n\t\t\t\t\t\thaut de la page<br \/>\n\t\t\t\t\t<\/a><\/p>\n<h4>Les H\u00e9ros du Louvre<br \/>\n<\/h4>\n<p>\t\t\t\t\t\t\t\t\t\t<img width=\"730\" height=\"991\" src=\"http:\/\/lelalano.fr\/wp-content\/uploads\/2026\/09\/Les-Heros-du-Louvre-754x1024.jpg\" alt=\"\" decoding=\"async\" loading=\"lazy\" srcset=\"https:\/\/lelalano.fr\/wp-content\/uploads\/2026\/09\/Les-Heros-du-Louvre-754x1024.jpg 754w, https:\/\/lelalano.fr\/wp-content\/uploads\/2026\/09\/Les-Heros-du-Louvre-221x300.jpg 221w, https:\/\/lelalano.fr\/wp-content\/uploads\/2026\/09\/Les-Heros-du-Louvre-768x1043.jpg 768w, https:\/\/lelalano.fr\/wp-content\/uploads\/2026\/09\/Les-Heros-du-Louvre.jpg 795w\" sizes=\"(max-width: 730px) 100vw, 730px\" \/>\t\t\t\t\t\t\t\t\t\t\t<\/p>\n<h2>Synopsis<\/h2>\n<p>Tout public\u00a0<\/p>\n<p>Alors que la Seconde Guerre mondiale \u00e9clate et que l&#8217;invasion allemande est imminente, Babi Maklouf, gardien de nuit au Mus\u00e9e du Louvre, se voit confier la t\u00e2che de transporter certains de ses tr\u00e9sors hors de Paris. C&#8217;est le d\u00e9but d&#8217;une aventure familiale \u00e9pique et dangereuse \u00e0 travers la France occup\u00e9e, liant \u00e0 jamais le destin de ces \u0153uvres \u00e0 la famille Maklouf.<\/p>\n<p>\u00a0<\/p>\n<p>\u00a0<\/p>\n<h4>S\u00c9ANCES<\/h4>\n<ul>\n<li >\n\t\t\t\t\t\t\t\t\t\tsamedi 03 octobre 20h45\n\t\t\t\t\t\t\t\t\t<\/li>\n<\/ul>\n<h4>INFOS SUR LE FILM<\/h4>\n<p>\t\t<a href=\"https:\/\/www.allocine.fr\/film\/agenda\/sem-2026-09-09\/\"> 9 septembre 2026 <\/a>  en salle  | 1h 45min | <a href=\"https:\/\/www.allocine.fr\/films\/genre-13008\/\">Drame<\/a>, <a href=\"https:\/\/www.allocine.fr\/films\/genre-13015\/\">Historique<\/a>De <a href=\"https:\/\/www.allocine.fr\/personne\/fichepersonne_gen_cpersonne=30724.html\">\u00c9lie Chouraqui<\/a>Par <a href=\"https:\/\/www.allocine.fr\/personne\/fichepersonne_gen_cpersonne=30724.html\">\u00c9lie Chouraqui<\/a>Avec <a href=\"https:\/\/www.allocine.fr\/personne\/fichepersonne_gen_cpersonne=38439.html\">Kad Merad<\/a>, <a href=\"https:\/\/www.allocine.fr\/personne\/fichepersonne_gen_cpersonne=16749.html\">Marie Gillain<\/a>, <a href=\"https:\/\/www.allocine.fr\/personne\/fichepersonne_gen_cpersonne=1005506.html\">Fantine Guyot<\/a><br \/>\n\t\t\t<a href=\"https:\/\/www.youtube.com\/watch?v=8Fh8mhsRyS4\" target=\"_blank\" role=\"button\" rel=\"noopener\"><br \/>\n\t\t\t\t\t\tVOIR LA BANDE ANNONCE<br \/>\n\t\t\t\t\t<\/a><br \/>\n\t\t\t<a href=\"#top\" role=\"button\"><br \/>\n\t\t\t\t\t\thaut de la page<br \/>\n\t\t\t\t\t<\/a><\/p>\n<h4>Adieu monde cruel<\/h4>\n<p>\t\t\t\t\t\t\t\t\t\t<img width=\"730\" height=\"973\" src=\"http:\/\/lelalano.fr\/wp-content\/uploads\/2026\/09\/Adieu-monde-cruel-768x1024.jpg\" alt=\"\" decoding=\"async\" loading=\"lazy\" srcset=\"https:\/\/lelalano.fr\/wp-content\/uploads\/2026\/09\/Adieu-monde-cruel-768x1024.jpg 768w, https:\/\/lelalano.fr\/wp-content\/uploads\/2026\/09\/Adieu-monde-cruel-225x300.jpg 225w, https:\/\/lelalano.fr\/wp-content\/uploads\/2026\/09\/Adieu-monde-cruel.jpg 810w\" sizes=\"(max-width: 730px) 100vw, 730px\" \/>\t\t\t\t\t\t\t\t\t\t\t<\/p>\n<h2>Synopsis<\/h2>\n<p>Tout public\u00a0<\/p>\n<p>Otto Vidal, 14 ans, a disparu apr\u00e8s avoir adress\u00e9 une lettre d\u2019adieu aux \u00e9l\u00e8ves de sa classe. Alors que tout le monde le croit mort, L\u00e9na, une fille de son lyc\u00e9e, le reconna\u00eet une nuit en train d\u2019errer dans les rues de la ville.<\/p>\n<p>\u00a0<\/p>\n<h4>S\u00c9ANCES<\/h4>\n<ul>\n<li >\n\t\t\t\t\t\t\t\t\t\tdimanche 04 octobre 20h45\n\t\t\t\t\t\t\t\t\t<\/li>\n<\/ul>\n<h4>INFOS SUR LE FILM<\/h4>\n<p>\t\t<a href=\"https:\/\/www.allocine.fr\/film\/agenda\/sem-2026-09-09\/\"> 9 septembre 2026 <\/a>  en salle  | 1h 33min | <a href=\"https:\/\/www.allocine.fr\/films\/genre-13008\/\">Drame<\/a>De <a href=\"https:\/\/www.allocine.fr\/personne\/fichepersonne_gen_cpersonne=606793.html\">F\u00e9lix de Givry<\/a>Par <a href=\"https:\/\/www.allocine.fr\/personne\/fichepersonne_gen_cpersonne=606793.html\">F\u00e9lix de Givry<\/a>, <a href=\"https:\/\/www.allocine.fr\/personne\/fichepersonne_gen_cpersonne=702315.html\">Marie-St\u00e9phane Imbert<\/a>Avec <a href=\"https:\/\/www.allocine.fr\/personne\/fichepersonne_gen_cpersonne=947251.html\">Milo Machado-Graner<\/a>, <a href=\"https:\/\/www.allocine.fr\/personne\/fichepersonne_gen_cpersonne=1000018191.html\">Jane Beever<\/a>, <a href=\"https:\/\/www.allocine.fr\/personne\/fichepersonne_gen_cpersonne=216683.html\">Emmanuelle Destremau<\/a><br \/>\n\t\t\t<a href=\"https:\/\/www.youtube.com\/watch?v=z7QEGX9dJz4\" target=\"_blank\" role=\"button\" rel=\"noopener\"><br \/>\n\t\t\t\t\t\tVoir la bande annonce<br \/>\n\t\t\t\t\t<\/a><br \/>\n\t\t\t<a href=\"#top\" role=\"button\"><br \/>\n\t\t\t\t\t\thaut de la page<br \/>\n\t\t\t\t\t<\/a><\/p>\n<h4>La Vie d&#8217;une femme<\/h4>\n<p>\t\t\t\t\t\t\t\t\t\t<img width=\"730\" height=\"973\" src=\"http:\/\/lelalano.fr\/wp-content\/uploads\/2026\/09\/La-Vie-dune-femme-768x1024.jpg\" alt=\"\" decoding=\"async\" loading=\"lazy\" srcset=\"https:\/\/lelalano.fr\/wp-content\/uploads\/2026\/09\/La-Vie-dune-femme-768x1024.jpg 768w, https:\/\/lelalano.fr\/wp-content\/uploads\/2026\/09\/La-Vie-dune-femme-225x300.jpg 225w, https:\/\/lelalano.fr\/wp-content\/uploads\/2026\/09\/La-Vie-dune-femme.jpg 810w\" sizes=\"(max-width: 730px) 100vw, 730px\" \/>\t\t\t\t\t\t\t\t\t\t\t<\/p>\n<h2>Synopsis<\/h2>\n<p>Tout public\u00a0<\/p>\n<p>Gabrielle se consacre corps et \u00e2me \u00e0 son m\u00e9tier. Chirurgienne et cheffe de service dans un h\u00f4pital public, elle court et se d\u00e9multiplie, assaillie de responsabilit\u00e9s. Il lui reste peu de temps pour sa vie priv\u00e9e \u2014 un mari qui l\u2019aime et une m\u00e8re dont elle doit s\u2019occuper. Lorsqu&#8217;une romanci\u00e8re vient passer quelques semaines dans son service pour les besoins d\u2019un livre, son \u00e9quilibre vacille. Dans le quotidien que Gabrielle s\u2019est construit, y a-t-il de la place pour l\u2019inattendu ?<\/p>\n<p>\u00a0<\/p>\n<h4>S\u00c9ANCES<\/h4>\n<ul>\n<li >\n\t\t\t\t\t\t\t\t\t\tmardi 06 octobre 20h45\n\t\t\t\t\t\t\t\t\t<\/li>\n<\/ul>\n<h4>INFOS SUR LE FILM<\/h4>\n<p>\t\t<a href=\"https:\/\/www.allocine.fr\/film\/agenda\/sem-2026-09-09\/\"> 9 septembre 2026 <\/a>  en salle  | 1h 38min | <a href=\"https:\/\/www.allocine.fr\/films\/genre-13002\/\">Com\u00e9die dramatique<\/a>De <a href=\"https:\/\/www.allocine.fr\/personne\/fichepersonne_gen_cpersonne=738544.html\">Charline Bourgeois-Tacquet<\/a>Par <a href=\"https:\/\/www.allocine.fr\/personne\/fichepersonne_gen_cpersonne=738544.html\">Charline Bourgeois-Tacquet<\/a>Avec <a href=\"https:\/\/www.allocine.fr\/personne\/fichepersonne_gen_cpersonne=5084.html\">L\u00e9a Drucker<\/a>, <a href=\"https:\/\/www.allocine.fr\/personne\/fichepersonne_gen_cpersonne=21714.html\">M\u00e9lanie Thierry<\/a>, <a href=\"https:\/\/www.allocine.fr\/personne\/fichepersonne_gen_cpersonne=14585.html\">Charles Berling<\/a><br \/>\n\t\t\t<a href=\"https:\/\/www.youtube.com\/watch?v=AO0t9ti0aw0\" target=\"_blank\" role=\"button\" rel=\"noopener\"><br \/>\n\t\t\t\t\t\tVoir la bande annonce<br \/>\n\t\t\t\t\t<\/a><br \/>\n\t\t\t<a href=\"#top\" role=\"button\"><br \/>\n\t\t\t\t\t\thaut de la page<br \/>\n\t\t\t\t\t<\/a><\/p>\n","protected":false},"excerpt":{"rendered":"<p>Petit R\u00e9cap&#8217; de la semaine mercredi 30 septembre Marius et le royaume des mers \u00e0 17h15 Rose \u00e0 20h45 (vo) jeudi 01 octobre Pressure \u00e0 17h15 (vo) samedi 03 octobre Les H\u00e9ros du Louvre \u00e0 20H45 dimanche 04 octobre Adieu Monde Cruel \u00e0 20h45 mardi 06 octobre La Vie d&#8217;une Femme \u00e0 20h45 Marius et<span class=\"read-more-wrap\"><a class=\"moretag\" href=\"https:\/\/lelalano.fr\/index.php\/semaine-du-mer-30-septembre-au-mar-06-octobre-2026\/\">Lire la suite<span class=\"screen-reader-text\">Semaine du Mer. 30 septembre au Mar. 06 octobre 2026<\/span><\/a><\/span><\/p>\n","protected":false},"author":1,"featured_media":0,"parent":0,"menu_order":0,"comment_status":"closed","ping_status":"closed","template":"","meta":{"footnotes":""},"_links":{"self":[{"href":"https:\/\/lelalano.fr\/index.php\/wp-json\/wp\/v2\/pages\/15407"}],"collection":[{"href":"https:\/\/lelalano.fr\/index.php\/wp-json\/wp\/v2\/pages"}],"about":[{"href":"https:\/\/lelalano.fr\/index.php\/wp-json\/wp\/v2\/types\/page"}],"author":[{"embeddable":true,"href":"https:\/\/lelalano.fr\/index.php\/wp-json\/wp\/v2\/users\/1"}],"replies":[{"embeddable":true,"href":"https:\/\/lelalano.fr\/index.php\/wp-json\/wp\/v2\/comments?post=15407"}],"version-history":[{"count":22,"href":"https:\/\/lelalano.fr\/index.php\/wp-json\/wp\/v2\/pages\/15407\/revisions"}],"predecessor-version":[{"id":15440,"href":"https:\/\/lelalano.fr\/index.php\/wp-json\/wp\/v2\/pages\/15407\/revisions\/15440"}],"wp:attachment":[{"href":"https:\/\/lelalano.fr\/index.php\/wp-json\/wp\/v2\/media?parent=15407"}],"curies":[{"name":"wp","href":"https:\/\/api.w.org\/{rel}","templated":true}]}}