{"id":9955,"date":"2023-07-20T11:22:47","date_gmt":"2023-07-20T09:22:47","guid":{"rendered":"http:\/\/lelalano.fr\/?page_id=9955"},"modified":"2023-07-20T17:40:54","modified_gmt":"2023-07-20T15:40:54","slug":"cycle-3-2023-2024","status":"publish","type":"page","link":"https:\/\/lelalano.fr\/index.php\/cycle-3-2023-2024\/","title":{"rendered":"Cycle 3 2023-2024"},"content":{"rendered":"<h4>Synth\u00e8se<\/h4>\n<p>\t\t\t\t\t\t\t\t\t\t\t\tPremier Trimestre\t\t\t\t\t<\/p>\n<p><a href=\"#lec\">Le chant de la mer<\/a><\/p>\n<p>\u00a0<\/p>\n<p><em>\u00a0<\/em><\/p>\n<p>\t\t\t\t\t\t\t\t\t\t\t\tSecond Trimestre\t\t\t\t\t<\/p>\n<p><a href=\"#let\">Le Tableau<\/a><\/p>\n<p>\u00a0<\/p>\n<p>\t\t\t\t\t\t\t\t\t\t\t\tTroisi\u00e8me Trimestre\t\t\t\t\t<\/p>\n<p><a href=\"#bal\">Baleines, les gardiennes de la plan\u00e8te<\/a><\/p>\n<p>\u00a0<\/p>\n<p><em>\u00a0<\/em><\/p>\n<h4>Le chant de la mer<\/h4>\n<p>\t\t\t\t\t\t\t\t\t\t<img loading=\"lazy\" decoding=\"async\" width=\"400\" height=\"550\" src=\"http:\/\/lelalano.fr\/wp-content\/uploads\/2023\/07\/affiche-Le-chant-de-la-mer.jpg\" alt=\"\" srcset=\"http:\/\/lelalano.fr\/wp-content\/uploads\/2023\/07\/affiche-Le-chant-de-la-mer.jpg 400w, http:\/\/lelalano.fr\/wp-content\/uploads\/2023\/07\/affiche-Le-chant-de-la-mer-218x300.jpg 218w\" sizes=\"(max-width: 400px) 100vw, 400px\" \/>\t\t\t\t\t\t\t\t\t\t\t<\/p>\n<div class=\"llorix-one-lite-video-container\"><iframe loading=\"lazy\" width=\"730\" height=\"411\" src=\"https:\/\/www.youtube.com\/embed\/EjbEgXaEG8U?feature=oembed\" frameborder=\"0\" allow=\"accelerometer; autoplay; clipboard-write; encrypted-media; gyroscope; picture-in-picture; web-share\" allowfullscreen title=\"Le chant de la mer - Bande-annonce\"><\/iframe><\/div>\n<figure class='gallery-item'>\n\t\t\t\t<a data-elementor-open-lightbox=\"default\" data-elementor-lightbox-slideshow=\"e061c3a\" href='http:\/\/lelalano.fr\/wp-content\/uploads\/2023\/07\/photo-film-Le-chant-de-la-mer-2-web.jpg'><img loading=\"lazy\" decoding=\"async\" width=\"150\" height=\"150\" src=\"http:\/\/lelalano.fr\/wp-content\/uploads\/2023\/07\/photo-film-Le-chant-de-la-mer-2-web-150x150.jpg\" alt=\"\" \/><\/a><br \/>\n\t\t\t<\/figure>\n<figure class='gallery-item'>\n\t\t\t\t<a data-elementor-open-lightbox=\"default\" data-elementor-lightbox-slideshow=\"e061c3a\" href='http:\/\/lelalano.fr\/wp-content\/uploads\/2023\/07\/photo-film-Le-chant-de-la-mer-5-web.jpg'><img loading=\"lazy\" decoding=\"async\" width=\"150\" height=\"150\" src=\"http:\/\/lelalano.fr\/wp-content\/uploads\/2023\/07\/photo-film-Le-chant-de-la-mer-5-web-150x150.jpg\" alt=\"\" \/><\/a><br \/>\n\t\t\t<\/figure>\n<figure class='gallery-item'>\n\t\t\t\t<a data-elementor-open-lightbox=\"default\" data-elementor-lightbox-slideshow=\"e061c3a\" href='http:\/\/lelalano.fr\/wp-content\/uploads\/2023\/07\/photo-film-Le-chant-de-la-mer-6-web.jpg'><img loading=\"lazy\" decoding=\"async\" width=\"150\" height=\"150\" src=\"http:\/\/lelalano.fr\/wp-content\/uploads\/2023\/07\/photo-film-Le-chant-de-la-mer-6-web-150x150.jpg\" alt=\"\" \/><\/a><br \/>\n\t\t\t<\/figure>\n<figure class='gallery-item'>\n\t\t\t\t<a data-elementor-open-lightbox=\"default\" data-elementor-lightbox-slideshow=\"e061c3a\" href='http:\/\/lelalano.fr\/wp-content\/uploads\/2023\/07\/photo-film-Le-chant-de-la-mer-8-web.jpg'><img loading=\"lazy\" decoding=\"async\" width=\"150\" height=\"150\" src=\"http:\/\/lelalano.fr\/wp-content\/uploads\/2023\/07\/photo-film-Le-chant-de-la-mer-8-web-150x150.jpg\" alt=\"\" \/><\/a><br \/>\n\t\t\t<\/figure>\n<p><strong>R\u00e9alis\u00e9 par :<\/strong> Tomm Moore<\/p>\n<p><strong>Pays :<\/strong> Irlande<\/p>\n<p><strong>Date de sortie :<\/strong> 2014<\/p>\n<p><strong>Dur\u00e9e :<\/strong> 1h33<\/p>\n<p><strong>Genre :<\/strong> Animation<\/p>\n<p style=\"margin-bottom: 0cm;\"><strong>Synopsis :<\/strong><\/p>\n<p>Ben et Ma\u00efna vivent avec leur p\u00e8re tout en haut d\u2019un phare sur une petite \u00eele. Pour les prot\u00e9ger des dangers de la mer, leur grand-m\u00e8re les emm\u00e8ne vivre \u00e0 la ville. Ben d\u00e9couvre alors que sa petite soeur est une selkie, une f\u00e9e de la mer dont le chant peut d\u00e9livrer les \u00eatres magiques du sort que leur a jet\u00e9 la Sorci\u00e8re aux hiboux. Au cours d\u2019un fantastique voyage, Ben et Ma\u00efna vont devoir affronter peurs et dangers, et combattre la sorci\u00e8re pour aider les \u00eatres magiques \u00e0 retrouver leur pouvoir.<\/p>\n<p><strong>Horaires des s\u00e9ances :<\/strong><\/p>\n<ul>\n<li>mardi 10 octobre 10h<\/li>\n<li>jeudi 16 novembre 14h<\/li>\n<li>jeudi 23 novembre 14h<\/li>\n<\/ul>\n<p>\t\t\t<a href=\"http:\/\/lelalano.fr\/index.php\/inscription-cine-classe-2023-2024\/\" target=\"_blank\" role=\"button\"><br \/>\n\t\t\t\t\t\ts&#8217;inscrire pour le film<br \/>\n\t\t\t\t\t<\/a><\/p>\n<p>Pour planifier les interventions vous devez contacter directement Mojdeh Famili (mojdeh.famili@gmail.com).<\/p>\n<p>\t\t\t<a href=\"#synthese\"><br \/>\n\t\t\t<\/a><\/p>\n<h4>Le Tableau<\/h4>\n<p>\t\t\t\t\t\t\t\t\t\t<img loading=\"lazy\" decoding=\"async\" width=\"400\" height=\"550\" src=\"http:\/\/lelalano.fr\/wp-content\/uploads\/2023\/07\/affiche-Le-Tableau-.jpg\" alt=\"\" srcset=\"http:\/\/lelalano.fr\/wp-content\/uploads\/2023\/07\/affiche-Le-Tableau-.jpg 400w, http:\/\/lelalano.fr\/wp-content\/uploads\/2023\/07\/affiche-Le-Tableau--218x300.jpg 218w\" sizes=\"(max-width: 400px) 100vw, 400px\" \/>\t\t\t\t\t\t\t\t\t\t\t<\/p>\n<div class=\"llorix-one-lite-video-container\"><iframe loading=\"lazy\" width=\"730\" height=\"411\" src=\"https:\/\/www.youtube.com\/embed\/5QBYzSGBesc?feature=oembed\" frameborder=\"0\" allow=\"accelerometer; autoplay; clipboard-write; encrypted-media; gyroscope; picture-in-picture; web-share\" allowfullscreen title=\"Bande Annonce Le Tableau (2011)\"><\/iframe><\/div>\n<figure class='gallery-item'>\n\t\t\t\t<a data-elementor-open-lightbox=\"default\" data-elementor-lightbox-slideshow=\"ac8598d\" href='http:\/\/lelalano.fr\/wp-content\/uploads\/2023\/07\/photo-film-Le-Tableau.jpg'><img loading=\"lazy\" decoding=\"async\" width=\"150\" height=\"150\" src=\"http:\/\/lelalano.fr\/wp-content\/uploads\/2023\/07\/photo-film-Le-Tableau-150x150.jpg\" alt=\"\" \/><\/a><br \/>\n\t\t\t<\/figure>\n<figure class='gallery-item'>\n\t\t\t\t<a data-elementor-open-lightbox=\"default\" data-elementor-lightbox-slideshow=\"ac8598d\" href='http:\/\/lelalano.fr\/wp-content\/uploads\/2023\/07\/photo-film-Le-Tableau-1.jpg'><img loading=\"lazy\" decoding=\"async\" width=\"150\" height=\"150\" src=\"http:\/\/lelalano.fr\/wp-content\/uploads\/2023\/07\/photo-film-Le-Tableau-1-150x150.jpg\" alt=\"\" \/><\/a><br \/>\n\t\t\t<\/figure>\n<figure class='gallery-item'>\n\t\t\t\t<a data-elementor-open-lightbox=\"default\" data-elementor-lightbox-slideshow=\"ac8598d\" href='http:\/\/lelalano.fr\/wp-content\/uploads\/2023\/07\/photo-film-Le-Tableau-2.jpg'><img loading=\"lazy\" decoding=\"async\" width=\"150\" height=\"150\" src=\"http:\/\/lelalano.fr\/wp-content\/uploads\/2023\/07\/photo-film-Le-Tableau-2-150x150.jpg\" alt=\"\" \/><\/a><br \/>\n\t\t\t<\/figure>\n<figure class='gallery-item'>\n\t\t\t\t<a data-elementor-open-lightbox=\"default\" data-elementor-lightbox-slideshow=\"ac8598d\" href='http:\/\/lelalano.fr\/wp-content\/uploads\/2023\/07\/photo-film-Le-Tableau-3.jpg'><img loading=\"lazy\" decoding=\"async\" width=\"150\" height=\"150\" src=\"http:\/\/lelalano.fr\/wp-content\/uploads\/2023\/07\/photo-film-Le-Tableau-3-150x150.jpg\" alt=\"\" \/><\/a><br \/>\n\t\t\t<\/figure>\n<figure class='gallery-item'>\n\t\t\t\t<a data-elementor-open-lightbox=\"default\" data-elementor-lightbox-slideshow=\"ac8598d\" href='http:\/\/lelalano.fr\/wp-content\/uploads\/2023\/07\/photo-film-Le-Tableau-4.jpg'><img loading=\"lazy\" decoding=\"async\" width=\"150\" height=\"150\" src=\"http:\/\/lelalano.fr\/wp-content\/uploads\/2023\/07\/photo-film-Le-Tableau-4-150x150.jpg\" alt=\"\" \/><\/a><br \/>\n\t\t\t<\/figure>\n<figure class='gallery-item'>\n\t\t\t\t<a data-elementor-open-lightbox=\"default\" data-elementor-lightbox-slideshow=\"ac8598d\" href='http:\/\/lelalano.fr\/wp-content\/uploads\/2023\/07\/photo-film-Le-Tableau-5.jpg'><img loading=\"lazy\" decoding=\"async\" width=\"150\" height=\"150\" src=\"http:\/\/lelalano.fr\/wp-content\/uploads\/2023\/07\/photo-film-Le-Tableau-5-150x150.jpg\" alt=\"\" \/><\/a><br \/>\n\t\t\t<\/figure>\n<figure class='gallery-item'>\n\t\t\t\t<a data-elementor-open-lightbox=\"default\" data-elementor-lightbox-slideshow=\"ac8598d\" href='http:\/\/lelalano.fr\/wp-content\/uploads\/2023\/07\/photo-film-Le-Tableau-6.jpg'><img loading=\"lazy\" decoding=\"async\" width=\"150\" height=\"150\" src=\"http:\/\/lelalano.fr\/wp-content\/uploads\/2023\/07\/photo-film-Le-Tableau-6-150x150.jpg\" alt=\"\" \/><\/a><br \/>\n\t\t\t<\/figure>\n<p><strong>R\u00e9alis\u00e9 par :<\/strong> Jean-Fran\u00e7ois Laguionie<\/p>\n<p><strong>Pays :<\/strong> France, Belgique<\/p>\n<p><strong>Date de sortie :<\/strong> 2011<\/p>\n<p><strong>Dur\u00e9e :<\/strong> 1h16<\/p>\n<p><strong>Genre :<\/strong> Animation<\/p>\n<p><strong>Synopsis :<\/strong>\u00a0<\/p>\n<p>Un ch\u00e2teau, des jardins fleuris, une for\u00eat mena\u00e7ante, voil\u00e0 ce qu\u2019un Peintre, pour des raisons myst\u00e9rieuses, a laiss\u00e9 inachev\u00e9. Dans ce tableau vivent trois sortes de personnages : les Toupins qui sont enti\u00e8rement peints, les Pafinis auxquels il manque quelques couleurs et les Reufs qui ne sont que des esquisses. S\u2019estimant sup\u00e9rieurs, les Toupins prennent le pouvoir, chassent les Pafinis du ch\u00e2teau et asservissent les Reufs. Persuad\u00e9s que seul le Peintre peut ramener l\u2019harmonie en finissant le tableau, Ramo, Lola et Plume d\u00e9cident de partir \u00e0 sa recherche. Au fil de l\u2019aventure, les questions vont se succ\u00e9der : qu\u2019est devenu le Peintre ? Pourquoi les a t-il abandonn\u00e9s ? Pourquoi a-t-il commenc\u00e9 \u00e0 d\u00e9truire certaines de ses toiles ! Conna\u00eetront-ils un jour le secret du Peintre ?<\/p>\n<p><strong>Horaires des s\u00e9ances :<\/strong><\/p>\n<ul>\n<li>jeudi 25 janvier 14h<\/li>\n<li>mardi 30 janvier 10h<\/li>\n<li>jeudi 14 mars 14h<\/li>\n<li>mardi 19 mars 10h<\/li>\n<\/ul>\n<p>\t\t\t<a href=\"http:\/\/lelalano.fr\/index.php\/inscription-cine-classe-2023-2024\/\" target=\"_blank\" role=\"button\"><br \/>\n\t\t\t\t\t\ts&#8217;inscrire pour le film<br \/>\n\t\t\t\t\t<\/a><\/p>\n<p>Pour planifier les interventions vous devez contacter directement Mojdeh Famili (mojdeh.famili@gmail.com).<\/p>\n<p>\t\t\t<a href=\"#synthese\"><br \/>\n\t\t\t<\/a><\/p>\n<h4>Baleines, les gardiennes de la plan\u00e8te<\/h4>\n<p>\t\t\t\t\t\t\t\t\t\t<img loading=\"lazy\" decoding=\"async\" width=\"400\" height=\"550\" src=\"http:\/\/lelalano.fr\/wp-content\/uploads\/2023\/07\/affiche-film-Baleines-Les-gardiennes-de-la-planete-1-1.jpg\" alt=\"\" srcset=\"http:\/\/lelalano.fr\/wp-content\/uploads\/2023\/07\/affiche-film-Baleines-Les-gardiennes-de-la-planete-1-1.jpg 400w, http:\/\/lelalano.fr\/wp-content\/uploads\/2023\/07\/affiche-film-Baleines-Les-gardiennes-de-la-planete-1-1-218x300.jpg 218w\" sizes=\"(max-width: 400px) 100vw, 400px\" \/>\t\t\t\t\t\t\t\t\t\t\t<\/p>\n<div class=\"llorix-one-lite-video-container\"><iframe loading=\"lazy\" width=\"730\" height=\"411\" src=\"https:\/\/www.youtube.com\/embed\/IvscSZp3NMo?feature=oembed\" frameborder=\"0\" allow=\"accelerometer; autoplay; clipboard-write; encrypted-media; gyroscope; picture-in-picture; web-share\" allowfullscreen title=\"LES GARDIENNES DE LA PLAN\u00c8TE Bande Annonce VF (2023, Documentaire) Jean-Albert Li\u00e8vre\"><\/iframe><\/div>\n<figure class='gallery-item'>\n\t\t\t\t<a data-elementor-open-lightbox=\"default\" data-elementor-lightbox-slideshow=\"18ead9c\" href='http:\/\/lelalano.fr\/wp-content\/uploads\/2023\/07\/photo-film-LES-GARDIENNES-DE-LA-PLANETE-60.jpg'><img loading=\"lazy\" decoding=\"async\" width=\"150\" height=\"150\" src=\"http:\/\/lelalano.fr\/wp-content\/uploads\/2023\/07\/photo-film-LES-GARDIENNES-DE-LA-PLANETE-60-150x150.jpg\" alt=\"\" \/><\/a><br \/>\n\t\t\t<\/figure>\n<figure class='gallery-item'>\n\t\t\t\t<a data-elementor-open-lightbox=\"default\" data-elementor-lightbox-slideshow=\"18ead9c\" href='http:\/\/lelalano.fr\/wp-content\/uploads\/2023\/07\/photo-film-LES-GARDIENNES-DE-LA-PLANETE-Bulles.jpg'><img loading=\"lazy\" decoding=\"async\" width=\"150\" height=\"150\" src=\"http:\/\/lelalano.fr\/wp-content\/uploads\/2023\/07\/photo-film-LES-GARDIENNES-DE-LA-PLANETE-Bulles-150x150.jpg\" alt=\"\" \/><\/a><br \/>\n\t\t\t<\/figure>\n<figure class='gallery-item'>\n\t\t\t\t<a data-elementor-open-lightbox=\"default\" data-elementor-lightbox-slideshow=\"18ead9c\" href='http:\/\/lelalano.fr\/wp-content\/uploads\/2023\/07\/photo-film-LES-GARDIENNES-DE-LA-PLANETE-27.jpg'><img loading=\"lazy\" decoding=\"async\" width=\"150\" height=\"150\" src=\"http:\/\/lelalano.fr\/wp-content\/uploads\/2023\/07\/photo-film-LES-GARDIENNES-DE-LA-PLANETE-27-150x150.jpg\" alt=\"\" \/><\/a><br \/>\n\t\t\t<\/figure>\n<figure class='gallery-item'>\n\t\t\t\t<a data-elementor-open-lightbox=\"default\" data-elementor-lightbox-slideshow=\"18ead9c\" href='http:\/\/lelalano.fr\/wp-content\/uploads\/2023\/07\/photo-film-LES-GARDIENNES-DE-LA-PLANETE-11.jpg'><img loading=\"lazy\" decoding=\"async\" width=\"150\" height=\"150\" src=\"http:\/\/lelalano.fr\/wp-content\/uploads\/2023\/07\/photo-film-LES-GARDIENNES-DE-LA-PLANETE-11-150x150.jpg\" alt=\"\" \/><\/a><br \/>\n\t\t\t<\/figure>\n<p><strong>R\u00e9alis\u00e9 par :<\/strong> Jean-Albert Li\u00e8vre<\/p>\n<p><strong>Pays :<\/strong> France<\/p>\n<p><strong>Date de sortie :<\/strong> 2023<\/p>\n<p><strong>Dur\u00e9e :<\/strong> 1h22<\/p>\n<p><strong>Genre :<\/strong> Documentaire<\/p>\n<p><strong>Synopsis :<\/strong>\u00a0Une baleine \u00e0 bosse s\u2019est \u00e9chou\u00e9e sur un rivage isol\u00e9. Alors qu\u2019un groupe d\u2019hommes et de femmes organise son sauvetage, nous d\u00e9couvrons l\u2019histoire extraordinaire des c\u00e9tac\u00e9s, citoyens des oc\u00e9ans du monde, essentiels \u00e0 l\u2019\u00e9cosyst\u00e8me de notre plan\u00e8te depuis plus de 50 millions d\u2019ann\u00e9es.<\/p>\n<p><strong>Horaires des s\u00e9ances :<\/strong><\/p>\n<ul>\n<li>jeudi 25 avril 14h<\/li>\n<li>mardi 14 mai 10h<\/li>\n<\/ul>\n<p>\t\t\t<a href=\"http:\/\/lelalano.fr\/index.php\/inscription-cine-classe-2023-2024\/\" target=\"_blank\" role=\"button\"><br \/>\n\t\t\t\t\t\ts&#8217;inscrire pour le film<br \/>\n\t\t\t\t\t<\/a><\/p>\n<p>Pour planifier les interventions vous devez contacter directement Mojdeh Famili (mojdeh.famili@gmail.com).<\/p>\n<p>\t\t\t<a href=\"#synthese\"><br \/>\n\t\t\t<\/a><\/p>\n","protected":false},"excerpt":{"rendered":"<p>Synth\u00e8se Premier Trimestre Le chant de la mer \u00a0 \u00a0 Second Trimestre Le Tableau \u00a0 Troisi\u00e8me Trimestre Baleines, les gardiennes de la plan\u00e8te \u00a0 \u00a0 Le chant de la mer R\u00e9alis\u00e9 par : Tomm Moore Pays : Irlande Date de sortie : 2014 Dur\u00e9e : 1h33 Genre : Animation Synopsis : Ben et Ma\u00efna vivent<span class=\"read-more-wrap\"><a class=\"moretag\" href=\"https:\/\/lelalano.fr\/index.php\/cycle-3-2023-2024\/\">Lire la suite<span class=\"screen-reader-text\">Cycle 3 2023-2024<\/span><\/a><\/span><\/p>\n","protected":false},"author":1,"featured_media":0,"parent":0,"menu_order":0,"comment_status":"closed","ping_status":"closed","template":"","meta":{"footnotes":""},"_links":{"self":[{"href":"https:\/\/lelalano.fr\/index.php\/wp-json\/wp\/v2\/pages\/9955"}],"collection":[{"href":"https:\/\/lelalano.fr\/index.php\/wp-json\/wp\/v2\/pages"}],"about":[{"href":"https:\/\/lelalano.fr\/index.php\/wp-json\/wp\/v2\/types\/page"}],"author":[{"embeddable":true,"href":"https:\/\/lelalano.fr\/index.php\/wp-json\/wp\/v2\/users\/1"}],"replies":[{"embeddable":true,"href":"https:\/\/lelalano.fr\/index.php\/wp-json\/wp\/v2\/comments?post=9955"}],"version-history":[{"count":15,"href":"https:\/\/lelalano.fr\/index.php\/wp-json\/wp\/v2\/pages\/9955\/revisions"}],"predecessor-version":[{"id":10063,"href":"https:\/\/lelalano.fr\/index.php\/wp-json\/wp\/v2\/pages\/9955\/revisions\/10063"}],"wp:attachment":[{"href":"https:\/\/lelalano.fr\/index.php\/wp-json\/wp\/v2\/media?parent=9955"}],"curies":[{"name":"wp","href":"https:\/\/api.w.org\/{rel}","templated":true}]}}